{"id":1150,"date":"2025-01-22T11:53:10","date_gmt":"2025-01-22T11:53:10","guid":{"rendered":"https:\/\/signeringen.se\/?page_id=1150"},"modified":"2025-01-22T11:53:10","modified_gmt":"2025-01-22T11:53:10","slug":"malin-och-masse","status":"publish","type":"page","link":"https:\/\/signeringen.se\/index.php\/malin-och-masse\/","title":{"rendered":"Malin och Masse"},"content":{"rendered":"\n<div class=\"wp-block-group alignwide is-layout-flow wp-block-group-is-layout-flow\">\n<h2 class=\"wp-block-heading alignwide\" id=\"we-re-a-studio-in-berlin-with-an-international-practice-in-architecture-urban-planning-and-interior-design-we-believe-in-sharing-knowledge-and-promoting-dialogue-to-increase-the-creative-potential-of-collaboration\" style=\"font-size:clamp(27.894px, 1.743rem + ((1vw - 3.2px) * 2.094), 48px);line-height:1.1\">Att ta emot omplaceringskatt<\/h2>\n\n\n\n<h4 class=\"wp-block-heading\"><em>Malin &amp; Masse <\/em><\/h4>\n\n\n\n<p>Min f\u00f6rsta katt, eller mina f\u00f6rsta katter, var Maserati (Masse) och hans kompis Livija. Jag som var hundm\u00e4nniska ins\u00e5g att det som ensamst\u00e5ende var sv\u00e5rt att ha hund, och katt, ja det var v\u00e4l \u00e4nd\u00e5 inte m\u00f6jligt med min stora allergi mot katter?&nbsp;<\/p>\n\n\n\n<p>Jag hade h\u00f6rt talas om den sibiriska katten och att den kunde fungera f\u00f6r oss som \u00e4r allergiska. Jag hade som jag n\u00e4mnt tidigare haft hund, och \u00e4ven d\u00e4r \u00e4r det enbart vissa raser som fungerar s\u00e5 det k\u00e4ndes \u00e4nd\u00e5 som att ja det kanske skulle kunna funka.&nbsp;<\/p>\n\n\n\n<p>S\u00e5 jag b\u00f6rjade med att bes\u00f6ka Nerikes Kattklubbs stora utst\u00e4llning och fick kontakt med n\u00e5gra trevliga uppf\u00f6dare. M\u00e5nga var dock tveksamma att s\u00e4lja en kattunge till mig som allergiker, men de tipsade om att bes\u00f6ka testhem.&nbsp;<br>Jag kom i kontakt med tv\u00e5 testhem som jag bes\u00f6kte och det gick bra!&nbsp;<br>Jag n\u00f6s inte ens, kli i \u00f6gonen var det inte tal om och inte heller min astma reagerade. Som vuxen som i hela sitt liv varit s\u00e5 allergisk mot katter var detta en v\u00e4ldigt m\u00e4rklig k\u00e4nsla, kunde det verkligen fungera?<br>Testhemmen jag bes\u00f6kta, hade ocks\u00e5 valt sibirisk katt utifr\u00e5n allergi, vilket k\u00e4ndes v\u00e4ldigt sk\u00f6nt, vi kunde diskutera allergi och de problem det medf\u00f6r.&nbsp;<br>Jag fick motsatta tips om k\u00f6n p\u00e5 katt, b\u00e5de han- och honkatt var b\u00e4st och minst allergiframkallande&nbsp;????. Men det viktiga som framkom som b\u00e5da testhemmen p\u00e5talade var, stamtavla (utan stamtavla s\u00e5 kan man inte veta s\u00e4kert om det verkligen \u00e4r sibirisk katt) att kastrater var mindre allergiframkallande och att kattungar \u2013 ja hur s\u00f6ta de \u00e4n \u00e4r s\u00e5 \u00e4r de, som jag numer kallar dom sm\u00e5 sjukt s\u00f6ta \u201dallergibomber\u201d och vissa i familjerna hade minsann k\u00e4nt av sin allergi n\u00e4r kattungen flyttat in, det hade f\u00f6rsvunnit med tiden och efter att katterna var kastrerade s\u00e5 k\u00e4nde de inte av n\u00e5gon allergi alls.<br>Denna information gjorde mig lite nerv\u00f6s, allts\u00e5 en kattunge \u00e4r v\u00e4l det s\u00f6taste som finns, men t\u00e4nk om jag inte skulle kunna beh\u00e5lla den?&nbsp;<\/p>\n\n\n\n<p>Denna erfarenhet fick f\u00f6lja med mig och jag funderade p\u00e5 hur jag skulle g\u00f6ra. N\u00e4r sedan det oundvikliga beslutet togs och mina hundar fick somna in s\u00e5 var jag redo att skaffa mig en katt. Jag fick kontakt med en tjej som hade tagit hand om tv\u00e5 sibiriska katter, de var omplacerade till henne f\u00f6r bara ca 3 m\u00e5nader sedan, men det funkade inte med hennes andra katter.<\/p>\n\n\n\n<p>Jag \u00e5kte och h\u00e4lsade p\u00e5 och d\u00e4r var han min prins Masse, han hade ocks\u00e5 sin kompis Livija, b\u00e5da var 3,5 \u00e5r, inte syskon men det skiljde bara en vecka p\u00e5 dessa tv\u00e5 och de hade bott tillsammans innan.<br>S\u00e5 det var s\u00e5klart k\u00e4rlek vid f\u00f6rsta \u00f6gonkastet fr\u00e5n min sida och eftersom jag inte heller d\u00e4r hade reagerat p\u00e5 dessa tv\u00e5 s\u00e5 fick de ett par dagar senare flytta hem till mig.<\/p>\n\n\n\n<div class=\"wp-block-columns is-layout-flex wp-container-core-columns-is-layout-28f84493 wp-block-columns-is-layout-flex\">\n<div class=\"wp-block-column is-layout-flow wp-block-column-is-layout-flow\">\n<figure class=\"wp-block-image size-large\"><img fetchpriority=\"high\" decoding=\"async\" width=\"3024\" height=\"4032\" src=\"https:\/\/signeringen.se\/wp-content\/uploads\/2025\/01\/image-26-edited.png\" alt=\"\" class=\"wp-image-1154\" srcset=\"https:\/\/signeringen.se\/wp-content\/uploads\/2025\/01\/image-26-edited.png 3024w, https:\/\/signeringen.se\/wp-content\/uploads\/2025\/01\/image-26-edited-225x300.png 225w, https:\/\/signeringen.se\/wp-content\/uploads\/2025\/01\/image-26-edited-768x1024.png 768w, https:\/\/signeringen.se\/wp-content\/uploads\/2025\/01\/image-26-edited-1152x1536.png 1152w, https:\/\/signeringen.se\/wp-content\/uploads\/2025\/01\/image-26-edited-1536x2048.png 1536w\" sizes=\"(max-width: 3024px) 100vw, 3024px\" \/><figcaption class=\"wp-element-caption\">Masse, \u00e4gare och fotograf: Malin Spiik<\/figcaption><\/figure>\n<\/div>\n\n\n\n<div class=\"wp-block-column is-layout-flow wp-block-column-is-layout-flow\">\n<figure class=\"wp-block-image size-large\"><img decoding=\"async\" width=\"768\" height=\"1024\" src=\"https:\/\/signeringen.se\/wp-content\/uploads\/2025\/01\/image-27-768x1024.png\" alt=\"\" class=\"wp-image-1153\" srcset=\"https:\/\/signeringen.se\/wp-content\/uploads\/2025\/01\/image-27-768x1024.png 768w, https:\/\/signeringen.se\/wp-content\/uploads\/2025\/01\/image-27-225x300.png 225w, https:\/\/signeringen.se\/wp-content\/uploads\/2025\/01\/image-27-1152x1536.png 1152w, https:\/\/signeringen.se\/wp-content\/uploads\/2025\/01\/image-27-1536x2048.png 1536w\" sizes=\"(max-width: 768px) 100vw, 768px\" \/><figcaption class=\"wp-element-caption\">Livija, \u00e4gare och fotograf: Malin Spiik<\/figcaption><\/figure>\n<\/div>\n<\/div>\n\n\n\n<p><br>Flytten f\u00f6r de b\u00e5da var v\u00e4ldigt olika, Masse ja han steg ur buren med svansen rakt upp gick igenom huset rum f\u00f6r rum och \u201d\u00e4gde\u201d direkt st\u00e4llet. Livija d\u00e4remot var en lite mer nerv\u00f6s liten tjej, hon tillbringade den f\u00f6rsta tiden i en garderob i sonens rum, och b\u00f6rjade s\u00e5 sm\u00e5tt komma fram till honom sena kv\u00e4llar n\u00e4r han satt och spelade. Men efter ett par veckor s\u00e5 var hon ocks\u00e5 acklimatiserad och trivdes bra.<\/p>\n\n\n\n<p>Tyv\u00e4rr blev Livija 3 m\u00e5nader senare hastigt sjuk i hj\u00e4rtsvikt och hon gick bort knappt 4 \u00e5r gammal.<br>Masse blev otroligt ledsen n\u00e4r hans kompis gick bort och han blev ensam. L\u00f6sningen p\u00e5 det blev en liten Neva Masquerade-tjej, d\u00e5 han inte tidigare kom \u00f6verens med vuxna katter, och jag d\u00e5 k\u00e4nde mig s\u00e4ker p\u00e5 att jag faktiskt kunde ha katt hemma, ja d\u00e5 v\u00e5gade jag mig p\u00e5 att k\u00f6pa en kattunge. S\u00e5 46 \u00e5r gammal h\u00f6ll jag f\u00f6r f\u00f6rsta g\u00e5ngen i mitt liv i en kattunge och kunde gosa med den, det \u00e4r en k\u00e4nsla jag aldrig n\u00e5gonsin kommer att gl\u00f6mma. Och ja, kattungar \u00e4r mer allergena, n\u00e4r jag har kattungekullar hemma (intresset blev ju s\u00e5 stort s\u00e5 att jag numer \u00e4ven \u00e4r uppf\u00f6dare) ja d\u00e5 \u00e4r det n\u00e5gra veckor som jag \u00e4ter allergitabletter, men jag tycker att den uppoffringen \u00e4r helt ok.<\/p>\n\n\n\n<p>Alla katter f\u00f6rtj\u00e4nar sina hem och sina \u201dslavar\u201d oavsett om de \u00e4r s\u00f6ta kattungar eller vackra vuxna. S\u00e5 med min erfarenhet s\u00e5 kan jag varmt rekommendera att ta \u00f6ver en vuxen katt.&nbsp;<\/p>\n\n\n\n<p>Har ni fr\u00e5gor s\u00e5 \u00e4r ni v\u00e4lkomna att h\u00f6ra av er till mig.&nbsp;<br>Enklast n\u00e5r ni mig via Instagram d\u00e4r mitt konto heter Clavus_Katteri.<\/p>\n\n\n\n<p><em>Malin Spiik<\/em><\/p>\n<\/div>\n\n\n\n<div class=\"wp-block-columns alignwide is-layout-flex wp-container-core-columns-is-layout-28f84493 wp-block-columns-is-layout-flex\">\n<div class=\"wp-block-column is-layout-flow wp-block-column-is-layout-flow\">\n<figure class=\"wp-block-image size-large\"><img decoding=\"async\" width=\"768\" height=\"1024\" src=\"https:\/\/signeringen.se\/wp-content\/uploads\/2025\/01\/image-29-768x1024.png\" alt=\"\" class=\"wp-image-1156\" srcset=\"https:\/\/signeringen.se\/wp-content\/uploads\/2025\/01\/image-29-768x1024.png 768w, https:\/\/signeringen.se\/wp-content\/uploads\/2025\/01\/image-29-225x300.png 225w, https:\/\/signeringen.se\/wp-content\/uploads\/2025\/01\/image-29-1152x1536.png 1152w, https:\/\/signeringen.se\/wp-content\/uploads\/2025\/01\/image-29-1536x2048.png 1536w\" sizes=\"(max-width: 768px) 100vw, 768px\" \/><\/figure>\n<\/div>\n\n\n\n<div class=\"wp-block-column is-layout-flow wp-block-column-is-layout-flow\">\n<figure class=\"wp-block-image size-large\"><img loading=\"lazy\" decoding=\"async\" width=\"498\" height=\"1024\" src=\"https:\/\/signeringen.se\/wp-content\/uploads\/2025\/01\/image-30-498x1024.png\" alt=\"\" class=\"wp-image-1157\" style=\"aspect-ratio:3\/4;object-fit:cover\" srcset=\"https:\/\/signeringen.se\/wp-content\/uploads\/2025\/01\/image-30-498x1024.png 498w, https:\/\/signeringen.se\/wp-content\/uploads\/2025\/01\/image-30-146x300.png 146w, https:\/\/signeringen.se\/wp-content\/uploads\/2025\/01\/image-30-768x1578.png 768w, https:\/\/signeringen.se\/wp-content\/uploads\/2025\/01\/image-30-748x1536.png 748w, https:\/\/signeringen.se\/wp-content\/uploads\/2025\/01\/image-30-997x2048.png 997w, https:\/\/signeringen.se\/wp-content\/uploads\/2025\/01\/image-30.png 1153w\" sizes=\"(max-width: 498px) 100vw, 498px\" \/><\/figure>\n<\/div>\n\n\n\n<div class=\"wp-block-column is-layout-flow wp-block-column-is-layout-flow\">\n<figure class=\"wp-block-image size-large\"><img loading=\"lazy\" decoding=\"async\" width=\"768\" height=\"1024\" src=\"https:\/\/signeringen.se\/wp-content\/uploads\/2025\/01\/image-31-768x1024.png\" alt=\"\" class=\"wp-image-1158\" srcset=\"https:\/\/signeringen.se\/wp-content\/uploads\/2025\/01\/image-31-768x1024.png 768w, https:\/\/signeringen.se\/wp-content\/uploads\/2025\/01\/image-31-225x300.png 225w, https:\/\/signeringen.se\/wp-content\/uploads\/2025\/01\/image-31-1152x1536.png 1152w, https:\/\/signeringen.se\/wp-content\/uploads\/2025\/01\/image-31-1536x2048.png 1536w\" sizes=\"(max-width: 768px) 100vw, 768px\" \/><\/figure>\n<\/div>\n<\/div>\n","protected":false},"excerpt":{"rendered":"<p>Att ta emot omplaceringskatt Malin &amp; Masse Min f\u00f6rsta katt, eller mina f\u00f6rsta katter, var Maserati (Masse) och hans kompis Livija. Jag som var hundm\u00e4nniska ins\u00e5g att det som ensamst\u00e5ende var sv\u00e5rt att ha hund, och katt, ja det var v\u00e4l \u00e4nd\u00e5 inte m\u00f6jligt med min stora allergi mot katter?&nbsp; Jag hade h\u00f6rt talas om [&hellip;]<\/p>\n","protected":false},"author":2,"featured_media":0,"parent":0,"menu_order":0,"comment_status":"closed","ping_status":"closed","template":"","meta":{"inline_featured_image":false,"footnotes":""},"class_list":["post-1150","page","type-page","status-publish","hentry"],"_links":{"self":[{"href":"https:\/\/signeringen.se\/index.php\/wp-json\/wp\/v2\/pages\/1150","targetHints":{"allow":["GET"]}}],"collection":[{"href":"https:\/\/signeringen.se\/index.php\/wp-json\/wp\/v2\/pages"}],"about":[{"href":"https:\/\/signeringen.se\/index.php\/wp-json\/wp\/v2\/types\/page"}],"author":[{"embeddable":true,"href":"https:\/\/signeringen.se\/index.php\/wp-json\/wp\/v2\/users\/2"}],"replies":[{"embeddable":true,"href":"https:\/\/signeringen.se\/index.php\/wp-json\/wp\/v2\/comments?post=1150"}],"version-history":[{"count":1,"href":"https:\/\/signeringen.se\/index.php\/wp-json\/wp\/v2\/pages\/1150\/revisions"}],"predecessor-version":[{"id":1159,"href":"https:\/\/signeringen.se\/index.php\/wp-json\/wp\/v2\/pages\/1150\/revisions\/1159"}],"wp:attachment":[{"href":"https:\/\/signeringen.se\/index.php\/wp-json\/wp\/v2\/media?parent=1150"}],"curies":[{"name":"wp","href":"https:\/\/api.w.org\/{rel}","templated":true}]}}