{"id":290,"date":"2024-12-25T16:19:37","date_gmt":"2024-12-25T16:19:37","guid":{"rendered":"https:\/\/signeringen.se\/?page_id=290"},"modified":"2026-06-30T09:05:28","modified_gmt":"2026-06-30T09:05:28","slug":"dvm","status":"publish","type":"page","link":"https:\/\/signeringen.se\/index.php\/titelkatter\/dvm\/","title":{"rendered":"DVM"},"content":{"rendered":"\n<figure class=\"wp-block-image alignfull size-large\"><img fetchpriority=\"high\" decoding=\"async\" width=\"1024\" height=\"576\" src=\"https:\/\/signeringen.se\/wp-content\/uploads\/2025\/05\/Kopia-av-Kopia-av-DSM.png-1024x576.png\" alt=\"\" class=\"wp-image-1581\" srcset=\"https:\/\/signeringen.se\/wp-content\/uploads\/2025\/05\/Kopia-av-Kopia-av-DSM.png-1024x576.png 1024w, https:\/\/signeringen.se\/wp-content\/uploads\/2025\/05\/Kopia-av-Kopia-av-DSM.png-300x169.png 300w, https:\/\/signeringen.se\/wp-content\/uploads\/2025\/05\/Kopia-av-Kopia-av-DSM.png-768x432.png 768w, https:\/\/signeringen.se\/wp-content\/uploads\/2025\/05\/Kopia-av-Kopia-av-DSM.png-1536x864.png 1536w, https:\/\/signeringen.se\/wp-content\/uploads\/2025\/05\/Kopia-av-Kopia-av-DSM.png-2048x1151.png 2048w\" sizes=\"(max-width: 1024px) 100vw, 1024px\" \/><\/figure>\n\n\n\n<p><strong>Distinguished Variety Merit (DVM)<br><\/strong>G\u00e4ller f\u00f6r katter av fullt godk\u00e4nd eller prelimin\u00e4rt godk\u00e4nd ras<br>Minst tio g\u00e5nger B\u00e4st i Variant (BIV) p\u00e5 nationella eller internationella utst\u00e4llningar i klass 1-12<br>Kvalificeringsperiod minst 2 \u00e5r + 1 dag<br>DVM-titeln placeras efter kattens fullst\u00e4ndiga namn.<\/p>\n\n\n\n<div class=\"wp-block-buttons is-layout-flex wp-block-buttons-is-layout-flex\">\n<div class=\"wp-block-button\"><a class=\"wp-block-button__link wp-element-button\" href=\"https:\/\/signeringen.se\/index.php\/titelkatter\/\">Tillbaka till titelkatter<\/a><\/div>\n<\/div>\n\n\n\n<hr class=\"wp-block-separator alignfull has-alpha-channel-opacity is-style-wide\"\/>\n\n\n\n<div class=\"wp-block-columns is-layout-flex wp-container-core-columns-is-layout-28f84493 wp-block-columns-is-layout-flex\">\n<div class=\"wp-block-column is-layout-flow wp-block-column-is-layout-flow\">\n<figure class=\"wp-block-image size-large\"><img decoding=\"async\" width=\"576\" height=\"1024\" src=\"https:\/\/signeringen.se\/wp-content\/uploads\/forminator\/1038_4906660d0865529f5c59999704ed1e40\/uploads\/hrTnwWpLKOZe-att.q8JgWCsjoZrm-eqqIKDqjiWBBXanNeEGA7X_c0iDSJo-576x1024.jpeg\" alt=\"\" class=\"wp-image-2408\" srcset=\"https:\/\/signeringen.se\/wp-content\/uploads\/forminator\/1038_4906660d0865529f5c59999704ed1e40\/uploads\/hrTnwWpLKOZe-att.q8JgWCsjoZrm-eqqIKDqjiWBBXanNeEGA7X_c0iDSJo-576x1024.jpeg 576w, https:\/\/signeringen.se\/wp-content\/uploads\/forminator\/1038_4906660d0865529f5c59999704ed1e40\/uploads\/hrTnwWpLKOZe-att.q8JgWCsjoZrm-eqqIKDqjiWBBXanNeEGA7X_c0iDSJo-169x300.jpeg 169w, https:\/\/signeringen.se\/wp-content\/uploads\/forminator\/1038_4906660d0865529f5c59999704ed1e40\/uploads\/hrTnwWpLKOZe-att.q8JgWCsjoZrm-eqqIKDqjiWBBXanNeEGA7X_c0iDSJo-768x1365.jpeg 768w, https:\/\/signeringen.se\/wp-content\/uploads\/forminator\/1038_4906660d0865529f5c59999704ed1e40\/uploads\/hrTnwWpLKOZe-att.q8JgWCsjoZrm-eqqIKDqjiWBBXanNeEGA7X_c0iDSJo-864x1536.jpeg 864w, https:\/\/signeringen.se\/wp-content\/uploads\/forminator\/1038_4906660d0865529f5c59999704ed1e40\/uploads\/hrTnwWpLKOZe-att.q8JgWCsjoZrm-eqqIKDqjiWBBXanNeEGA7X_c0iDSJo.jpeg 1080w\" sizes=\"(max-width: 576px) 100vw, 576px\" \/><\/figure>\n<\/div>\n\n\n\n<div class=\"wp-block-column is-layout-flow wp-block-column-is-layout-flow\">\n<p class=\"has-custom-color-1-background-color has-background has-medium-font-size\">GIC JCH Z\u2019Avi Kubaland*PL JW DVM<\/p>\n\n\n\n<p class=\"has-custom-color-1-background-color has-background has-small-font-size\" style=\"border-radius:20px\">NEM n 09 21<br>Hane <br>\u00c4gare och Fotograf: Elina Lindroth<br><br>Titeln tagen den 17 maj 2026 p\u00e5 Stockholms kattklubbs Internationella utst\u00e4llning i Stockholm<\/p>\n<\/div>\n<\/div>\n\n\n\n<div class=\"wp-block-columns is-layout-flex wp-container-core-columns-is-layout-28f84493 wp-block-columns-is-layout-flex\">\n<div class=\"wp-block-column is-layout-flow wp-block-column-is-layout-flow\">\n<figure class=\"wp-block-image size-large\"><img decoding=\"async\" width=\"1024\" height=\"768\" src=\"https:\/\/signeringen.se\/wp-content\/uploads\/2026\/01\/IMG_3943-1024x768.jpg\" alt=\"\" class=\"wp-image-2147\" srcset=\"https:\/\/signeringen.se\/wp-content\/uploads\/2026\/01\/IMG_3943-1024x768.jpg 1024w, https:\/\/signeringen.se\/wp-content\/uploads\/2026\/01\/IMG_3943-300x225.jpg 300w, https:\/\/signeringen.se\/wp-content\/uploads\/2026\/01\/IMG_3943-768x576.jpg 768w, https:\/\/signeringen.se\/wp-content\/uploads\/2026\/01\/IMG_3943-1536x1152.jpg 1536w, https:\/\/signeringen.se\/wp-content\/uploads\/2026\/01\/IMG_3943-2048x1536.jpg 2048w\" sizes=\"(max-width: 1024px) 100vw, 1024px\" \/><\/figure>\n<\/div>\n\n\n\n<div class=\"wp-block-column is-layout-flow wp-block-column-is-layout-flow\">\n<p class=\"has-custom-color-1-background-color has-background has-medium-font-size\">GIP SC SE*Triquetras Lexington DVM<\/p>\n\n\n\n<p class=\"has-custom-color-1-background-color has-background has-small-font-size\" style=\"border-radius:20px\">NEM n 21<br>Hona (K)<br>\u00c4gare och Fotograf: Therese Johansson<\/p>\n<\/div>\n<\/div>\n\n\n\n<div class=\"wp-block-columns is-layout-flex wp-container-core-columns-is-layout-28f84493 wp-block-columns-is-layout-flex\">\n<div class=\"wp-block-column is-layout-flow wp-block-column-is-layout-flow\">\n<figure class=\"wp-block-image size-large\"><img loading=\"lazy\" decoding=\"async\" width=\"1024\" height=\"768\" src=\"https:\/\/signeringen.se\/wp-content\/uploads\/2026\/01\/IMG_0163-1024x768.jpg\" alt=\"\" class=\"wp-image-2145\" srcset=\"https:\/\/signeringen.se\/wp-content\/uploads\/2026\/01\/IMG_0163-1024x768.jpg 1024w, https:\/\/signeringen.se\/wp-content\/uploads\/2026\/01\/IMG_0163-300x225.jpg 300w, https:\/\/signeringen.se\/wp-content\/uploads\/2026\/01\/IMG_0163-768x576.jpg 768w, https:\/\/signeringen.se\/wp-content\/uploads\/2026\/01\/IMG_0163-1536x1152.jpg 1536w, https:\/\/signeringen.se\/wp-content\/uploads\/2026\/01\/IMG_0163-2048x1536.jpg 2048w\" sizes=\"(max-width: 1024px) 100vw, 1024px\" \/><\/figure>\n<\/div>\n\n\n\n<div class=\"wp-block-column is-layout-flow wp-block-column-is-layout-flow\">\n<p class=\"has-custom-color-1-background-color has-background has-medium-font-size\">GIP SE*Triquetras Lilo DVM <\/p>\n\n\n\n<p class=\"has-custom-color-1-background-color has-background has-small-font-size\" style=\"border-radius:20px\">NEM n 09 21<br>Hona (K)<br>\u00c4gare och Fotograf: Therese Johansson<\/p>\n<\/div>\n<\/div>\n\n\n\n<div class=\"wp-block-columns is-layout-flex wp-container-core-columns-is-layout-28f84493 wp-block-columns-is-layout-flex\">\n<div class=\"wp-block-column is-layout-flow wp-block-column-is-layout-flow\">\n<figure class=\"wp-block-image size-full\"><img loading=\"lazy\" decoding=\"async\" width=\"667\" height=\"1000\" src=\"https:\/\/signeringen.se\/wp-content\/uploads\/forminator\/1038_1a14edcead86ec988f540dc92e7073a3\/uploads\/qDva1dTtuMeJ-Solvalla25-87.jpg\" alt=\"\" class=\"wp-image-1877\" srcset=\"https:\/\/signeringen.se\/wp-content\/uploads\/forminator\/1038_1a14edcead86ec988f540dc92e7073a3\/uploads\/qDva1dTtuMeJ-Solvalla25-87.jpg 667w, https:\/\/signeringen.se\/wp-content\/uploads\/forminator\/1038_1a14edcead86ec988f540dc92e7073a3\/uploads\/qDva1dTtuMeJ-Solvalla25-87-200x300.jpg 200w\" sizes=\"(max-width: 667px) 100vw, 667px\" \/><\/figure>\n<\/div>\n\n\n\n<div class=\"wp-block-column is-layout-flow wp-block-column-is-layout-flow\">\n<p class=\"has-custom-color-1-background-color has-background has-medium-font-size\">GIC SE* Vr\u00e5skogens Nemo DVM<\/p>\n\n\n\n<p class=\"has-custom-color-1-background-color has-background has-small-font-size\">NEM a 21<br>Hane<br>\u00c4gare: Michaela Slotte<br>Fotograf: Photoferm<br><br><br>Titeln tagen den 16 augusti 2025 p\u00e5 J\u00e4rva kattklubbs Internationella utst\u00e4llning i Bromma<\/p>\n<\/div>\n<\/div>\n\n\n\n<div class=\"wp-block-columns is-layout-flex wp-container-core-columns-is-layout-28f84493 wp-block-columns-is-layout-flex\">\n<div class=\"wp-block-column is-layout-flow wp-block-column-is-layout-flow\">\n<figure class=\"wp-block-image size-large\"><img loading=\"lazy\" decoding=\"async\" width=\"816\" height=\"1024\" src=\"https:\/\/signeringen.se\/wp-content\/uploads\/2025\/02\/image-20-816x1024.png\" alt=\"\" class=\"wp-image-1364\" srcset=\"https:\/\/signeringen.se\/wp-content\/uploads\/2025\/02\/image-20-816x1024.png 816w, https:\/\/signeringen.se\/wp-content\/uploads\/2025\/02\/image-20-239x300.png 239w, https:\/\/signeringen.se\/wp-content\/uploads\/2025\/02\/image-20-768x964.png 768w, https:\/\/signeringen.se\/wp-content\/uploads\/2025\/02\/image-20.png 1195w\" sizes=\"(max-width: 816px) 100vw, 816px\" \/><\/figure>\n<\/div>\n\n\n\n<div class=\"wp-block-column is-layout-flow wp-block-column-is-layout-flow\">\n<p class=\"has-custom-color-1-background-color has-background has-medium-font-size\">SP SE*Beauty Betulas Alicia DVM DSM<\/p>\n\n\n\n<p class=\"has-custom-color-1-background-color has-background has-small-font-size\" style=\"border-radius:20px\">NEM a 21<br>Hona (kastrat)<br>\u00c4gare: Elina Lindroth<br>Fotograf: Ludmila Pankova<br><br>Titeln tagen den 3 augusti 2024 p\u00e5 ViKatt\u00e4gare&#8217;s Internationella utst\u00e4llning i Kumla<\/p>\n<\/div>\n<\/div>\n\n\n\n<div class=\"wp-block-columns is-layout-flex wp-container-core-columns-is-layout-28f84493 wp-block-columns-is-layout-flex\">\n<div class=\"wp-block-column is-layout-flow wp-block-column-is-layout-flow\">\n<figure class=\"wp-block-image size-full\"><img loading=\"lazy\" decoding=\"async\" width=\"1024\" height=\"768\" src=\"https:\/\/signeringen.se\/wp-content\/uploads\/2025\/01\/image-22.png\" alt=\"\" class=\"wp-image-1086\" srcset=\"https:\/\/signeringen.se\/wp-content\/uploads\/2025\/01\/image-22.png 1024w, https:\/\/signeringen.se\/wp-content\/uploads\/2025\/01\/image-22-300x225.png 300w, https:\/\/signeringen.se\/wp-content\/uploads\/2025\/01\/image-22-768x576.png 768w\" sizes=\"(max-width: 1024px) 100vw, 1024px\" \/><\/figure>\n<\/div>\n\n\n\n<div class=\"wp-block-column has-small-font-size is-layout-flow wp-block-column-is-layout-flow\">\n<p class=\"has-custom-color-1-background-color has-background has-medium-font-size\">GIC SE*NorthernBeauty&#8217;s Bellatrix Lestrange JW, DVM<\/p>\n\n\n\n<p class=\"has-custom-color-1-background-color has-background has-small-font-size\" style=\"border-radius:20px\">NEM n <br>Hona<br>\u00c4gare och fotograf: Elina Lindroth<br><br>Titeln tagen den 29 juni 2024 p\u00e5 V\u00e4rmlands kattklubbs Internationella utst\u00e4llning i Forshaga.<\/p>\n<\/div>\n<\/div>\n\n\n\n<div class=\"wp-block-columns is-layout-flex wp-container-core-columns-is-layout-28f84493 wp-block-columns-is-layout-flex\">\n<div class=\"wp-block-column is-layout-flow wp-block-column-is-layout-flow\">\n<figure class=\"wp-block-image is-resized\"><img decoding=\"async\" src=\"https:\/\/lh7-rt.googleusercontent.com\/docsz\/AD_4nXf7yd9Cd8E774dt05Nt0nD0WckLK6FY9emkTmMa_cZutAwRWIAGkgDrDl8LyMwGyAqfwSZ1F4WbJJG9MckTc8LwTYaXQjQUPbv5-5DPk8Y0-XUXPaTGJM6BWlA_J-1pZNugjl2AqC0c1AYgkhr9uw?key=DGDKmHGrWfQ52oy6UfpcvpYF\" alt=\"Atlas 2017\" style=\"width:304px;height:auto\"\/><\/figure>\n<\/div>\n\n\n\n<div class=\"wp-block-column is-layout-flow wp-block-column-is-layout-flow\" style=\"padding-top:var(--wp--preset--spacing--20);padding-right:var(--wp--preset--spacing--20);padding-bottom:var(--wp--preset--spacing--20);padding-left:var(--wp--preset--spacing--20)\">\n<p class=\"has-custom-color-1-background-color has-background has-medium-font-size\">SP, SC S*\u00c4ngs\u00f6 Atlas DVM<\/p>\n\n\n\n<p class=\"has-custom-color-1-background-color has-background has-small-font-size\" style=\"border-radius:20px\">Nem n 21<br>\u00c4gare och fotograf: Elin Arnemyr Nyberg<br><br>Titel tagen den 24 April 2017 p\u00e5 V\u00e4ster\u00e5s kattklubbs Internationella utst\u00e4llning<\/p>\n<\/div>\n<\/div>\n","protected":false},"excerpt":{"rendered":"<p>Distinguished Variety Merit (DVM)G\u00e4ller f\u00f6r katter av fullt godk\u00e4nd eller prelimin\u00e4rt godk\u00e4nd rasMinst tio g\u00e5nger B\u00e4st i Variant (BIV) p\u00e5 nationella eller internationella utst\u00e4llningar i klass 1-12Kvalificeringsperiod minst 2 \u00e5r + 1 dagDVM-titeln placeras efter kattens fullst\u00e4ndiga namn. GIC JCH Z\u2019Avi Kubaland*PL JW DVM NEM n 09 21Hane \u00c4gare och Fotograf: Elina Lindroth Titeln tagen [&hellip;]<\/p>\n","protected":false},"author":2,"featured_media":0,"parent":64,"menu_order":0,"comment_status":"closed","ping_status":"closed","template":"","meta":{"inline_featured_image":false,"footnotes":""},"class_list":["post-290","page","type-page","status-publish","hentry"],"_links":{"self":[{"href":"https:\/\/signeringen.se\/index.php\/wp-json\/wp\/v2\/pages\/290","targetHints":{"allow":["GET"]}}],"collection":[{"href":"https:\/\/signeringen.se\/index.php\/wp-json\/wp\/v2\/pages"}],"about":[{"href":"https:\/\/signeringen.se\/index.php\/wp-json\/wp\/v2\/types\/page"}],"author":[{"embeddable":true,"href":"https:\/\/signeringen.se\/index.php\/wp-json\/wp\/v2\/users\/2"}],"replies":[{"embeddable":true,"href":"https:\/\/signeringen.se\/index.php\/wp-json\/wp\/v2\/comments?post=290"}],"version-history":[{"count":11,"href":"https:\/\/signeringen.se\/index.php\/wp-json\/wp\/v2\/pages\/290\/revisions"}],"predecessor-version":[{"id":2425,"href":"https:\/\/signeringen.se\/index.php\/wp-json\/wp\/v2\/pages\/290\/revisions\/2425"}],"up":[{"embeddable":true,"href":"https:\/\/signeringen.se\/index.php\/wp-json\/wp\/v2\/pages\/64"}],"wp:attachment":[{"href":"https:\/\/signeringen.se\/index.php\/wp-json\/wp\/v2\/media?parent=290"}],"curies":[{"name":"wp","href":"https:\/\/api.w.org\/{rel}","templated":true}]}}