{"id":66,"date":"2024-12-21T13:34:30","date_gmt":"2024-12-21T13:34:30","guid":{"rendered":"https:\/\/signeringen.se\/?page_id=66"},"modified":"2026-01-18T16:18:23","modified_gmt":"2026-01-18T16:18:23","slug":"champion","status":"publish","type":"page","link":"https:\/\/signeringen.se\/index.php\/titelkatter\/champion\/","title":{"rendered":"Champion"},"content":{"rendered":"\n<figure class=\"wp-block-video alignfull\"><video autoplay loop muted src=\"https:\/\/signeringen.se\/wp-content\/uploads\/2025\/01\/HeaderCH-1366-x-768-px.mp4\" playsinline><\/video><\/figure>\n\n\n\n<h5 class=\"wp-block-heading has-archivo-font-family\" style=\"font-size:clamp(0.875rem, 0.875rem + ((1vw - 0.2rem) * 0.208), 1rem);font-style:normal;font-weight:400\">FIFe-titEL CH<\/h5>\n\n\n\n<p style=\"font-size:clamp(0.875rem, 0.875rem + ((1vw - 0.2rem) * 0.208), 1rem);font-style:normal;font-weight:400\">En okastrerad raskatt, som har fyllt 12 m\u00e5nader b\u00f6rjar t\u00e4vla i klass 9 och kan erh\u00e5lla titel Champion. Katten t\u00e4vlar kvar i sin klass tills den erh\u00e5llit det antal certifikat, och den titel, som kr\u00e4vs f\u00f6r att g\u00e5 upp i n\u00e4sta klass och t\u00e4vla mot n\u00e4sta titel.<\/p>\n\n\n\n<p class=\"has-archivo-font-family\" style=\"font-size:clamp(0.875rem, 0.875rem + ((1vw - 0.2rem) * 0.208), 1rem);font-style:normal;font-weight:400\">F\u00f6r att uppn\u00e5 titel g\u00e4ller f\u00f6ljande certifikat (erh\u00e5llna vid en internationell FIFe-utst\u00e4llning)<\/p>\n\n\n\n<p class=\"has-archivo-font-family\" style=\"font-size:clamp(0.875rem, 0.875rem + ((1vw - 0.2rem) * 0.208), 1rem);font-style:normal;font-weight:400\"><strong>Champion (CH)<br><\/strong>3 certifikat CAC av 3 olika domare.<br>Det \u00e4r valfritt i vilket land\/l\u00e4nder dessa certifikat erh\u00e5lls.<\/p>\n\n\n\n<p style=\"font-size:clamp(0.875rem, 0.875rem + ((1vw - 0.2rem) * 0.208), 1rem);font-style:normal;font-weight:400\">N\u00e4r katten \u00e4r CH b\u00f6rjar den t\u00e4vla i klass 7.<br>Katten beh\u00f6ver inte ha uppn\u00e5tt KCH eller JCH tidigare<\/p>\n\n\n\n<div class=\"wp-block-buttons is-layout-flex wp-block-buttons-is-layout-flex\">\n<div class=\"wp-block-button has-custom-width wp-block-button__width-25\"><a class=\"wp-block-button__link has-custom-font-size wp-element-button\" href=\"https:\/\/signeringen.se\/index.php\/titelkatter\/\" style=\"font-size:clamp(0.875rem, 0.875rem + ((1vw - 0.2rem) * 0.208), 1rem);\">Tillbaka till titelkatter<\/a><\/div>\n<\/div>\n\n\n\n<hr class=\"wp-block-separator alignwide has-alpha-channel-opacity is-style-wide\" style=\"margin-top:51px;margin-bottom:51px\"\/>\n\n\n\n<div class=\"wp-block-columns is-layout-flex wp-container-core-columns-is-layout-28f84493 wp-block-columns-is-layout-flex\">\n<div class=\"wp-block-column is-layout-flow wp-block-column-is-layout-flow\">\n<figure class=\"wp-block-image size-large\"><img fetchpriority=\"high\" decoding=\"async\" width=\"536\" height=\"1024\" src=\"https:\/\/signeringen.se\/wp-content\/uploads\/forminator\/1038_4906660d0865529f5c59999704ed1e40\/uploads\/giqOpeVRVSO9-Screenshot_20251130_091227_Messenger-536x1024.jpg\" alt=\"\" class=\"wp-image-2084\" srcset=\"https:\/\/signeringen.se\/wp-content\/uploads\/forminator\/1038_4906660d0865529f5c59999704ed1e40\/uploads\/giqOpeVRVSO9-Screenshot_20251130_091227_Messenger-536x1024.jpg 536w, https:\/\/signeringen.se\/wp-content\/uploads\/forminator\/1038_4906660d0865529f5c59999704ed1e40\/uploads\/giqOpeVRVSO9-Screenshot_20251130_091227_Messenger-157x300.jpg 157w, https:\/\/signeringen.se\/wp-content\/uploads\/forminator\/1038_4906660d0865529f5c59999704ed1e40\/uploads\/giqOpeVRVSO9-Screenshot_20251130_091227_Messenger-768x1466.jpg 768w, https:\/\/signeringen.se\/wp-content\/uploads\/forminator\/1038_4906660d0865529f5c59999704ed1e40\/uploads\/giqOpeVRVSO9-Screenshot_20251130_091227_Messenger-805x1536.jpg 805w, https:\/\/signeringen.se\/wp-content\/uploads\/forminator\/1038_4906660d0865529f5c59999704ed1e40\/uploads\/giqOpeVRVSO9-Screenshot_20251130_091227_Messenger-1073x2048.jpg 1073w, https:\/\/signeringen.se\/wp-content\/uploads\/forminator\/1038_4906660d0865529f5c59999704ed1e40\/uploads\/giqOpeVRVSO9-Screenshot_20251130_091227_Messenger.jpg 1079w\" sizes=\"(max-width: 536px) 100vw, 536px\" \/><\/figure>\n<\/div>\n\n\n\n<div class=\"wp-block-column is-layout-flow wp-block-column-is-layout-flow\">\n<p class=\"has-custom-color-1-background-color has-background has-medium-font-size\">CH Aanainas Davinci av malina<\/p>\n\n\n\n<p class=\"has-custom-color-1-background-color has-background has-small-font-size\" style=\"border-radius:20px\">SIB n 22<br>Hona<br>\u00c4gare och fotograf: Gullvi Fredriksson Sten<br><br>Titeln tagen den 7 december 2025 p\u00e5 \u00c4delkattens Internationella utst\u00e4llning i G\u00f6teborg<\/p>\n<\/div>\n<\/div>\n\n\n\n<div class=\"wp-block-columns is-layout-flex wp-container-core-columns-is-layout-28f84493 wp-block-columns-is-layout-flex\">\n<div class=\"wp-block-column is-layout-flow wp-block-column-is-layout-flow\">\n<figure class=\"wp-block-image size-large\"><img decoding=\"async\" width=\"568\" height=\"1024\" src=\"https:\/\/signeringen.se\/wp-content\/uploads\/forminator\/1038_4906660d0865529f5c59999704ed1e40\/uploads\/yRyJMmrdMXPN-20251123_120958-568x1024.jpg\" alt=\"\" class=\"wp-image-2054\" srcset=\"https:\/\/signeringen.se\/wp-content\/uploads\/forminator\/1038_4906660d0865529f5c59999704ed1e40\/uploads\/yRyJMmrdMXPN-20251123_120958-568x1024.jpg 568w, https:\/\/signeringen.se\/wp-content\/uploads\/forminator\/1038_4906660d0865529f5c59999704ed1e40\/uploads\/yRyJMmrdMXPN-20251123_120958-166x300.jpg 166w, https:\/\/signeringen.se\/wp-content\/uploads\/forminator\/1038_4906660d0865529f5c59999704ed1e40\/uploads\/yRyJMmrdMXPN-20251123_120958-768x1385.jpg 768w, https:\/\/signeringen.se\/wp-content\/uploads\/forminator\/1038_4906660d0865529f5c59999704ed1e40\/uploads\/yRyJMmrdMXPN-20251123_120958-852x1536.jpg 852w, https:\/\/signeringen.se\/wp-content\/uploads\/forminator\/1038_4906660d0865529f5c59999704ed1e40\/uploads\/yRyJMmrdMXPN-20251123_120958-1136x2048.jpg 1136w, https:\/\/signeringen.se\/wp-content\/uploads\/forminator\/1038_4906660d0865529f5c59999704ed1e40\/uploads\/yRyJMmrdMXPN-20251123_120958-scaled.jpg 1419w\" sizes=\"(max-width: 568px) 100vw, 568px\" \/><\/figure>\n<\/div>\n\n\n\n<div class=\"wp-block-column is-layout-flow wp-block-column-is-layout-flow\">\n<p class=\"has-custom-color-1-background-color has-background has-medium-font-size\">CH JCH SE*Solvillan&#8217;s Joy<\/p>\n\n\n\n<p class=\"has-custom-color-1-background-color has-background has-small-font-size\" style=\"border-radius:20px\">NEM a 21 <br>Hona<br>\u00c4gare och fotograf: Marie Elmberg <br><br>Titeln tagen den 23 november 2025 p\u00e5 Birka kattklubbs Internationella utst\u00e4llning i S\u00f6dert\u00e4lje<\/p>\n<\/div>\n<\/div>\n\n\n\n<div class=\"wp-block-columns is-layout-flex wp-container-core-columns-is-layout-28f84493 wp-block-columns-is-layout-flex\">\n<div class=\"wp-block-column is-layout-flow wp-block-column-is-layout-flow\">\n<figure class=\"wp-block-image size-large\"><img decoding=\"async\" width=\"1024\" height=\"873\" src=\"https:\/\/signeringen.se\/wp-content\/uploads\/forminator\/1038_1a14edcead86ec988f540dc92e7073a3\/uploads\/jUu9Tg207RiI-935840C7-28B9-4BA6-9584-C8FEBA80E496-1024x873.jpeg\" alt=\"\" class=\"wp-image-1878\" srcset=\"https:\/\/signeringen.se\/wp-content\/uploads\/forminator\/1038_1a14edcead86ec988f540dc92e7073a3\/uploads\/jUu9Tg207RiI-935840C7-28B9-4BA6-9584-C8FEBA80E496-1024x873.jpeg 1024w, https:\/\/signeringen.se\/wp-content\/uploads\/forminator\/1038_1a14edcead86ec988f540dc92e7073a3\/uploads\/jUu9Tg207RiI-935840C7-28B9-4BA6-9584-C8FEBA80E496-300x256.jpeg 300w, https:\/\/signeringen.se\/wp-content\/uploads\/forminator\/1038_1a14edcead86ec988f540dc92e7073a3\/uploads\/jUu9Tg207RiI-935840C7-28B9-4BA6-9584-C8FEBA80E496-768x654.jpeg 768w, https:\/\/signeringen.se\/wp-content\/uploads\/forminator\/1038_1a14edcead86ec988f540dc92e7073a3\/uploads\/jUu9Tg207RiI-935840C7-28B9-4BA6-9584-C8FEBA80E496-1536x1309.jpeg 1536w, https:\/\/signeringen.se\/wp-content\/uploads\/forminator\/1038_1a14edcead86ec988f540dc92e7073a3\/uploads\/jUu9Tg207RiI-935840C7-28B9-4BA6-9584-C8FEBA80E496.jpeg 1563w\" sizes=\"(max-width: 1024px) 100vw, 1024px\" \/><\/figure>\n<\/div>\n\n\n\n<div class=\"wp-block-column is-layout-flow wp-block-column-is-layout-flow\">\n<p class=\"has-custom-color-1-background-color has-background has-medium-font-size\">CH SE*Gisl\u00f6vs Elaine Picassodotter<\/p>\n\n\n\n<p class=\"has-custom-color-1-background-color has-background has-small-font-size\">SIB ns<br>Hona<br>\u00c4gare och fotograf: Magdelen Lundmark Lundstr\u00f6m<br><br>Titeln tagen den 13 september p\u00e5 Norrskenskattens Internationella utst\u00e4llning i Lule\u00e5 <\/p>\n<\/div>\n<\/div>\n\n\n\n<div class=\"wp-block-columns is-layout-flex wp-container-core-columns-is-layout-28f84493 wp-block-columns-is-layout-flex\">\n<div class=\"wp-block-column is-layout-flow wp-block-column-is-layout-flow\">\n<figure class=\"wp-block-image size-large\"><img loading=\"lazy\" decoding=\"async\" width=\"768\" height=\"1024\" src=\"https:\/\/signeringen.se\/wp-content\/uploads\/2025\/10\/image-3-768x1024.png\" alt=\"\" class=\"wp-image-1911\" srcset=\"https:\/\/signeringen.se\/wp-content\/uploads\/2025\/10\/image-3-768x1024.png 768w, https:\/\/signeringen.se\/wp-content\/uploads\/2025\/10\/image-3-225x300.png 225w, https:\/\/signeringen.se\/wp-content\/uploads\/2025\/10\/image-3-1152x1536.png 1152w, https:\/\/signeringen.se\/wp-content\/uploads\/2025\/10\/image-3-1536x2048.png 1536w, https:\/\/signeringen.se\/wp-content\/uploads\/2025\/10\/image-3-scaled.png 1920w\" sizes=\"(max-width: 768px) 100vw, 768px\" \/><\/figure>\n<\/div>\n\n\n\n<div class=\"wp-block-column is-layout-flow wp-block-column-is-layout-flow\">\n<p class=\"has-custom-color-1-background-color has-background has-medium-font-size\">CH SE*Yogakattens Bruno<\/p>\n\n\n\n<p class=\"has-custom-color-1-background-color has-background has-small-font-size\">SIB a 24<br>Hane<br>\u00c4gare och fotograf: Anna \u00d6kvist<br><br>Titeln tagen den 6 september 2025 p\u00e5 Mellansvenskas Internationella utst\u00e4llning i Eskilstuna<\/p>\n<\/div>\n<\/div>\n\n\n\n<div class=\"wp-block-columns is-layout-flex wp-container-core-columns-is-layout-28f84493 wp-block-columns-is-layout-flex\">\n<div class=\"wp-block-column is-layout-flow wp-block-column-is-layout-flow\">\n<figure class=\"wp-block-image size-large\"><img loading=\"lazy\" decoding=\"async\" width=\"875\" height=\"1024\" src=\"https:\/\/signeringen.se\/wp-content\/uploads\/2025\/07\/95DdqHBccJ2e-20250628_191339-875x1024.jpg\" alt=\"\" class=\"wp-image-1763\" srcset=\"https:\/\/signeringen.se\/wp-content\/uploads\/2025\/07\/95DdqHBccJ2e-20250628_191339-875x1024.jpg 875w, https:\/\/signeringen.se\/wp-content\/uploads\/2025\/07\/95DdqHBccJ2e-20250628_191339-256x300.jpg 256w, https:\/\/signeringen.se\/wp-content\/uploads\/2025\/07\/95DdqHBccJ2e-20250628_191339-768x898.jpg 768w, https:\/\/signeringen.se\/wp-content\/uploads\/2025\/07\/95DdqHBccJ2e-20250628_191339-1313x1536.jpg 1313w, https:\/\/signeringen.se\/wp-content\/uploads\/2025\/07\/95DdqHBccJ2e-20250628_191339.jpg 1749w\" sizes=\"(max-width: 875px) 100vw, 875px\" \/><\/figure>\n<\/div>\n\n\n\n<div class=\"wp-block-column is-layout-flow wp-block-column-is-layout-flow\">\n<p class=\"has-custom-color-1-background-color has-background has-medium-font-size\">CH, JCH, KCH SE*FurMountains Tiger<\/p>\n\n\n\n<p class=\"has-custom-color-1-background-color has-background has-small-font-size\" style=\"border-radius:20px\">SIB d 24<br>Hane<br>\u00c4gare och fotograf: Malin Farneb\u00e4ck<br><br>Titeln tagen den 5 juli 2025 p\u00e5 Calmare kattklubbs Internationella utst\u00e4llning i Kalmar <\/p>\n<\/div>\n<\/div>\n\n\n\n<div class=\"wp-block-columns is-layout-flex wp-container-core-columns-is-layout-28f84493 wp-block-columns-is-layout-flex\">\n<div class=\"wp-block-column is-layout-flow wp-block-column-is-layout-flow\">\n<figure class=\"wp-block-image size-large\"><img loading=\"lazy\" decoding=\"async\" width=\"867\" height=\"1024\" src=\"https:\/\/signeringen.se\/wp-content\/uploads\/forminator\/1038_1a14edcead86ec988f540dc92e7073a3\/uploads\/Z6VLwfzGzd4b-inbound8261103126218767405-867x1024.jpg\" alt=\"\" class=\"wp-image-1855\" srcset=\"https:\/\/signeringen.se\/wp-content\/uploads\/forminator\/1038_1a14edcead86ec988f540dc92e7073a3\/uploads\/Z6VLwfzGzd4b-inbound8261103126218767405-867x1024.jpg 867w, https:\/\/signeringen.se\/wp-content\/uploads\/forminator\/1038_1a14edcead86ec988f540dc92e7073a3\/uploads\/Z6VLwfzGzd4b-inbound8261103126218767405-254x300.jpg 254w, https:\/\/signeringen.se\/wp-content\/uploads\/forminator\/1038_1a14edcead86ec988f540dc92e7073a3\/uploads\/Z6VLwfzGzd4b-inbound8261103126218767405-768x908.jpg 768w, https:\/\/signeringen.se\/wp-content\/uploads\/forminator\/1038_1a14edcead86ec988f540dc92e7073a3\/uploads\/Z6VLwfzGzd4b-inbound8261103126218767405.jpg 1095w\" sizes=\"(max-width: 867px) 100vw, 867px\" \/><\/figure>\n<\/div>\n\n\n\n<div class=\"wp-block-column is-layout-flow wp-block-column-is-layout-flow\">\n<p class=\"has-custom-color-1-background-color has-background has-medium-font-size\">CH Scuzzie&#8217;s Mousse<\/p>\n\n\n\n<p class=\"has-custom-color-1-background-color has-background has-small-font-size\">SIB g 09 23<br>Hona <br>\u00c4gare och fotograf: Kerstin wahlb\u00e4rj<br><br>Titeln tagen den 28 juni 2025 p\u00e5 V\u00e4rmland kattklubbs Internationella utst\u00e4llning i Hagfors <\/p>\n<\/div>\n<\/div>\n\n\n\n<div class=\"wp-block-columns is-layout-flex wp-container-core-columns-is-layout-28f84493 wp-block-columns-is-layout-flex\">\n<div class=\"wp-block-column is-layout-flow wp-block-column-is-layout-flow\">\n<figure class=\"wp-block-image size-large\"><img loading=\"lazy\" decoding=\"async\" width=\"684\" height=\"1024\" src=\"https:\/\/signeringen.se\/wp-content\/uploads\/forminator\/1038_1a14edcead86ec988f540dc92e7073a3\/uploads\/usVlCVKMIiMV-inbound3955163937896584581-684x1024.jpg\" alt=\"\" class=\"wp-image-1854\" srcset=\"https:\/\/signeringen.se\/wp-content\/uploads\/forminator\/1038_1a14edcead86ec988f540dc92e7073a3\/uploads\/usVlCVKMIiMV-inbound3955163937896584581-684x1024.jpg 684w, https:\/\/signeringen.se\/wp-content\/uploads\/forminator\/1038_1a14edcead86ec988f540dc92e7073a3\/uploads\/usVlCVKMIiMV-inbound3955163937896584581-200x300.jpg 200w, https:\/\/signeringen.se\/wp-content\/uploads\/forminator\/1038_1a14edcead86ec988f540dc92e7073a3\/uploads\/usVlCVKMIiMV-inbound3955163937896584581-768x1150.jpg 768w, https:\/\/signeringen.se\/wp-content\/uploads\/forminator\/1038_1a14edcead86ec988f540dc92e7073a3\/uploads\/usVlCVKMIiMV-inbound3955163937896584581.jpg 925w\" sizes=\"(max-width: 684px) 100vw, 684px\" \/><\/figure>\n<\/div>\n\n\n\n<div class=\"wp-block-column is-layout-flow wp-block-column-is-layout-flow\">\n<p class=\"has-custom-color-1-background-color has-background has-medium-font-size\">CH Scuzzie&#8217;s Kajsa<\/p>\n\n\n\n<p class=\"has-custom-color-1-background-color has-background has-small-font-size\" style=\"border-radius:20px\">NEM f 09 21<br>Hona <br>\u00c4gare: Kerstin wahlb\u00e4rj<br>Fotograf: PhotoFerm<br><br>Titeln tagen den 12 april 2025 p\u00e5 Stockholm kattklubbs internationella utst\u00e4llning i Upplands V\u00e4sby <\/p>\n<\/div>\n<\/div>\n\n\n\n<div class=\"wp-block-columns is-layout-flex wp-container-core-columns-is-layout-28f84493 wp-block-columns-is-layout-flex\">\n<div class=\"wp-block-column is-layout-flow wp-block-column-is-layout-flow\">\n<figure class=\"wp-block-image size-large\"><img loading=\"lazy\" decoding=\"async\" width=\"1024\" height=\"769\" src=\"https:\/\/signeringen.se\/wp-content\/uploads\/2025\/04\/image-13-1024x769.png\" alt=\"\" class=\"wp-image-1531\" srcset=\"https:\/\/signeringen.se\/wp-content\/uploads\/2025\/04\/image-13-1024x769.png 1024w, https:\/\/signeringen.se\/wp-content\/uploads\/2025\/04\/image-13-300x225.png 300w, https:\/\/signeringen.se\/wp-content\/uploads\/2025\/04\/image-13-768x577.png 768w, https:\/\/signeringen.se\/wp-content\/uploads\/2025\/04\/image-13-1536x1153.png 1536w, https:\/\/signeringen.se\/wp-content\/uploads\/2025\/04\/image-13-2048x1538.png 2048w\" sizes=\"(max-width: 1024px) 100vw, 1024px\" \/><\/figure>\n<\/div>\n\n\n\n<div class=\"wp-block-column is-layout-flow wp-block-column-is-layout-flow\">\n<p class=\"has-custom-color-1-background-color has-background has-medium-font-size\">CH, JCH SE*Cupiditas Feles Hedwig<\/p>\n\n\n\n<p class=\"has-custom-color-1-background-color has-background has-small-font-size\" style=\"border-radius:20px\">NEM f 03<br>Hona<br>\u00c4gare och fotograf: Fia Lusth<br><br>Titeln tagen den 12 april 2025 p\u00e5 Stockholm Kattklubbs Internationella utst\u00e4llning i Stockholm<\/p>\n<\/div>\n<\/div>\n\n\n\n<div class=\"wp-block-columns is-layout-flex wp-container-core-columns-is-layout-28f84493 wp-block-columns-is-layout-flex\">\n<div class=\"wp-block-column is-layout-flow wp-block-column-is-layout-flow\">\n<figure class=\"wp-block-image size-large\"><img loading=\"lazy\" decoding=\"async\" width=\"768\" height=\"1024\" src=\"https:\/\/signeringen.se\/wp-content\/uploads\/2025\/03\/image-4-768x1024.png\" alt=\"\" class=\"wp-image-1427\" srcset=\"https:\/\/signeringen.se\/wp-content\/uploads\/2025\/03\/image-4-768x1024.png 768w, https:\/\/signeringen.se\/wp-content\/uploads\/2025\/03\/image-4-225x300.png 225w, https:\/\/signeringen.se\/wp-content\/uploads\/2025\/03\/image-4-1152x1536.png 1152w, https:\/\/signeringen.se\/wp-content\/uploads\/2025\/03\/image-4.png 1536w\" sizes=\"(max-width: 768px) 100vw, 768px\" \/><\/figure>\n<\/div>\n\n\n\n<div class=\"wp-block-column is-layout-flow wp-block-column-is-layout-flow\">\n<p class=\"has-custom-color-1-background-color has-background has-medium-font-size\">CH SE*Schohoo&#8217;s Simba<\/p>\n\n\n\n<p class=\"has-custom-color-1-background-color has-background has-small-font-size\" style=\"border-radius:20px\">NEM n 09<br>Hane<br>\u00c4gare: Sandra Eklund<br>Fotograf: Ann-Sofie Eklund<br><br>Titeln tagen den 22 februari 2025 p\u00e5 Nerikes kattklubbs Internationella utst\u00e4llning i \u00d6rebro<\/p>\n<\/div>\n<\/div>\n\n\n\n<div class=\"wp-block-columns is-layout-flex wp-container-core-columns-is-layout-28f84493 wp-block-columns-is-layout-flex\">\n<div class=\"wp-block-column is-layout-flow wp-block-column-is-layout-flow\">\n<figure class=\"wp-block-image size-large\"><img loading=\"lazy\" decoding=\"async\" width=\"768\" height=\"1024\" src=\"https:\/\/signeringen.se\/wp-content\/uploads\/2025\/03\/image-3-768x1024.png\" alt=\"\" class=\"wp-image-1423\" srcset=\"https:\/\/signeringen.se\/wp-content\/uploads\/2025\/03\/image-3-768x1024.png 768w, https:\/\/signeringen.se\/wp-content\/uploads\/2025\/03\/image-3-225x300.png 225w, https:\/\/signeringen.se\/wp-content\/uploads\/2025\/03\/image-3-1152x1536.png 1152w, https:\/\/signeringen.se\/wp-content\/uploads\/2025\/03\/image-3-1536x2048.png 1536w\" sizes=\"(max-width: 768px) 100vw, 768px\" \/><\/figure>\n<\/div>\n\n\n\n<div class=\"wp-block-column is-layout-flow wp-block-column-is-layout-flow\">\n<p class=\"has-custom-color-1-background-color has-background has-medium-font-size\">CH, JCH X-Bjorn Blekitny Aniol<\/p>\n\n\n\n<p class=\"has-custom-color-1-background-color has-background has-small-font-size\" style=\"border-radius:20px\">NEM n 21<br>Hane<br>\u00c4gare: Malin Spiik och Fia Lusth<br>Fotograf: Malin Spiik <br><br>Titeln tagen den 5 januari 2025 p\u00e5 Fr\u00e4set kattklubbs Internationella utst\u00e4llning i Uppsala <\/p>\n<\/div>\n<\/div>\n\n\n\n<div class=\"wp-block-columns is-layout-flex wp-container-core-columns-is-layout-28f84493 wp-block-columns-is-layout-flex\">\n<div class=\"wp-block-column is-layout-flow wp-block-column-is-layout-flow\">\n<figure class=\"wp-block-image size-large\"><img loading=\"lazy\" decoding=\"async\" width=\"768\" height=\"1024\" src=\"https:\/\/signeringen.se\/wp-content\/uploads\/2025\/02\/image-13-768x1024.png\" alt=\"\" class=\"wp-image-1300\" srcset=\"https:\/\/signeringen.se\/wp-content\/uploads\/2025\/02\/image-13-768x1024.png 768w, https:\/\/signeringen.se\/wp-content\/uploads\/2025\/02\/image-13-225x300.png 225w, https:\/\/signeringen.se\/wp-content\/uploads\/2025\/02\/image-13-1152x1536.png 1152w, https:\/\/signeringen.se\/wp-content\/uploads\/2025\/02\/image-13.png 1536w\" sizes=\"(max-width: 768px) 100vw, 768px\" \/><\/figure>\n<\/div>\n\n\n\n<div class=\"wp-block-column is-layout-flow wp-block-column-is-layout-flow\">\n<p class=\"has-custom-color-1-background-color has-background has-medium-font-size\">CH SE* Northernbeautys Ariel<\/p>\n\n\n\n<p class=\"has-custom-color-1-background-color has-background has-small-font-size\" style=\"border-radius:20px\">NEM ns 21<br>Hona<br>\u00c4gare och fotograf: Linda Vallon<br><br>Titeln tagen den 22 september 2024 p\u00e5 Polarkattens Internationella utst\u00e4llning i Mo I rana, Norge<\/p>\n<\/div>\n<\/div>\n\n\n\n<div class=\"wp-block-columns is-layout-flex wp-container-core-columns-is-layout-28f84493 wp-block-columns-is-layout-flex\">\n<div class=\"wp-block-column is-layout-flow wp-block-column-is-layout-flow\">\n<figure class=\"wp-block-image size-large\"><img loading=\"lazy\" decoding=\"async\" width=\"3024\" height=\"4032\" src=\"https:\/\/signeringen.se\/wp-content\/uploads\/2025\/02\/image-15-edited.png\" alt=\"\" class=\"wp-image-1309\" srcset=\"https:\/\/signeringen.se\/wp-content\/uploads\/2025\/02\/image-15-edited.png 3024w, https:\/\/signeringen.se\/wp-content\/uploads\/2025\/02\/image-15-edited-225x300.png 225w, https:\/\/signeringen.se\/wp-content\/uploads\/2025\/02\/image-15-edited-768x1024.png 768w, https:\/\/signeringen.se\/wp-content\/uploads\/2025\/02\/image-15-edited-1152x1536.png 1152w, https:\/\/signeringen.se\/wp-content\/uploads\/2025\/02\/image-15-edited-1536x2048.png 1536w\" sizes=\"(max-width: 3024px) 100vw, 3024px\" \/><\/figure>\n<\/div>\n\n\n\n<div class=\"wp-block-column is-layout-flow wp-block-column-is-layout-flow\">\n<p class=\"has-custom-color-1-background-color has-background has-medium-font-size\">CH JCH, KCH S*Siberietass Blue Star<\/p>\n\n\n\n<p class=\"has-custom-color-1-background-color has-background has-small-font-size\" style=\"border-radius:20px\">NEM a 21<br>Hona <br>\u00c4gare och fotograf: Helena Broman<br><br>Titeln tagen den 15 september 2024 p\u00e5 Norrskenskattens Internationella utst\u00e4llning i Lule\u00e5<\/p>\n<\/div>\n<\/div>\n\n\n\n<div class=\"wp-block-columns is-layout-flex wp-container-core-columns-is-layout-28f84493 wp-block-columns-is-layout-flex\">\n<div class=\"wp-block-column is-layout-flow wp-block-column-is-layout-flow\">\n<figure class=\"wp-block-image size-large\"><img loading=\"lazy\" decoding=\"async\" width=\"768\" height=\"1024\" src=\"https:\/\/signeringen.se\/wp-content\/uploads\/2025\/02\/image-23-768x1024.png\" alt=\"\" class=\"wp-image-1373\" srcset=\"https:\/\/signeringen.se\/wp-content\/uploads\/2025\/02\/image-23-768x1024.png 768w, https:\/\/signeringen.se\/wp-content\/uploads\/2025\/02\/image-23-225x300.png 225w, https:\/\/signeringen.se\/wp-content\/uploads\/2025\/02\/image-23-1152x1536.png 1152w, https:\/\/signeringen.se\/wp-content\/uploads\/2025\/02\/image-23.png 1440w\" sizes=\"(max-width: 768px) 100vw, 768px\" \/><\/figure>\n<\/div>\n\n\n\n<div class=\"wp-block-column is-layout-flow wp-block-column-is-layout-flow\">\n<p class=\"has-custom-color-1-background-color has-background has-medium-font-size\">GIC JCH Z&#8217;Avi Kubaland PL*JW<\/p>\n\n\n\n<p class=\"has-custom-color-1-background-color has-background has-small-font-size\" style=\"border-radius:20px\">NEM n 09 21<br>Hane<br>\u00c4gare och fotograf: Elina Lindroth<br><br>Titeln tagen den 29 juni 2024 p\u00e5 V\u00e4rmlands kattklubbs Internationella utst\u00e4llning i Forshaga<\/p>\n<\/div>\n<\/div>\n\n\n\n<div class=\"wp-block-columns is-layout-flex wp-container-core-columns-is-layout-28f84493 wp-block-columns-is-layout-flex\">\n<div class=\"wp-block-column is-layout-flow wp-block-column-is-layout-flow\">\n<figure class=\"wp-block-image size-large\"><img loading=\"lazy\" decoding=\"async\" width=\"1024\" height=\"733\" src=\"https:\/\/signeringen.se\/wp-content\/uploads\/2025\/01\/image-21-1024x733.png\" alt=\"\" class=\"wp-image-1079\" srcset=\"https:\/\/signeringen.se\/wp-content\/uploads\/2025\/01\/image-21-1024x733.png 1024w, https:\/\/signeringen.se\/wp-content\/uploads\/2025\/01\/image-21-300x215.png 300w, https:\/\/signeringen.se\/wp-content\/uploads\/2025\/01\/image-21-768x550.png 768w, https:\/\/signeringen.se\/wp-content\/uploads\/2025\/01\/image-21-1536x1100.png 1536w, https:\/\/signeringen.se\/wp-content\/uploads\/2025\/01\/image-21.png 1558w\" sizes=\"(max-width: 1024px) 100vw, 1024px\" \/><\/figure>\n<\/div>\n\n\n\n<div class=\"wp-block-column is-layout-flow wp-block-column-is-layout-flow\">\n<p class=\"has-custom-color-1-background-color has-background has-medium-font-size\">CH SE*Koski&amp;Pearl Steve Harrington<\/p>\n\n\n\n<p class=\"has-custom-color-1-background-color has-background has-small-font-size\" style=\"border-radius:20px\">NEM n 21<br>Hane<br>\u00c4gare och fotograf: Teresia Harrisson<br><br>Titeln tagen den 8 juni 2024 p\u00e5 Solkattens kattklubbs Internationella utst\u00e4llning i Skellefte\u00e5.<\/p>\n<\/div>\n<\/div>\n\n\n\n<div class=\"wp-block-columns is-layout-flex wp-container-core-columns-is-layout-28f84493 wp-block-columns-is-layout-flex\">\n<div class=\"wp-block-column is-layout-flow wp-block-column-is-layout-flow\">\n<figure class=\"wp-block-image is-resized\"><img decoding=\"async\" src=\"https:\/\/lh7-rt.googleusercontent.com\/docsz\/AD_4nXcUWIDK7Ry-37-IpUsJhamrpmH_mhtijQ687ldov513U-sGRHzJdEuqXSZw76MxNwtvVsnaQmlzlJ6CC3MRCkR07BJU5JNMn5EGCGfPleBaK4bbm4jebn0BILeSQQavMQ9eFu_LbwDFRJ37iBjuwQ?key=DGDKmHGrWfQ52oy6UfpcvpYF\" alt=\"OneCorner Cats Madicken\" style=\"width:271px;height:auto\"\/><\/figure>\n<\/div>\n\n\n\n<div class=\"wp-block-column is-layout-flow wp-block-column-is-layout-flow\">\n<p class=\"has-custom-color-1-background-color has-background has-medium-font-size\">CH SE*OneCorner Cat&#8217;s Madicken <\/p>\n\n\n\n<p class=\"has-custom-color-1-background-color has-background has-small-font-size\" style=\"border-radius:20px\">SIB g 09 24<br>\u00c4gare och fotograf: Christina Nordin<br><br>Titel tagen den 24 mars 2024 p\u00e5 Gestrika kattklubbs Internationella utst\u00e4llning i G\u00e4vle. <\/p>\n<\/div>\n<\/div>\n\n\n\n<div class=\"wp-block-columns is-layout-flex wp-container-core-columns-is-layout-28f84493 wp-block-columns-is-layout-flex\">\n<div class=\"wp-block-column is-layout-flow wp-block-column-is-layout-flow\">\n<figure class=\"wp-block-image is-resized\"><img decoding=\"async\" src=\"https:\/\/lh7-rt.googleusercontent.com\/docsz\/AD_4nXfKQdbFtehVZc8_WAYCIS7MtqfuYlpKHn_kePj4wjzMoYj8ZRd38C0q5tEmdZ1U0Mdn1VmqxwrYeAxXSp-9-MD3qC-oWz5FWzxIbXGhXkGLChQ0y6FSb69esoCaviicu-FDo0vUGuBVWMYO45JOrhY?key=DGDKmHGrWfQ52oy6UfpcvpYF\" alt=\"Work of hearts Charles\" style=\"width:269px;height:auto\"\/><\/figure>\n<\/div>\n\n\n\n<div class=\"wp-block-column is-layout-flow wp-block-column-is-layout-flow\">\n<p class=\"has-custom-color-1-background-color has-background has-medium-font-size\">CH SE*Work of hearts Charles <\/p>\n\n\n\n<p class=\"has-custom-color-1-background-color has-background has-small-font-size\" style=\"border-radius:20px\">SIB w 62&nbsp;<br>\u00c4gare och fotograf: Anna Elvira \u00d6kvist<br><br>Titel tagen den 28 januari 2024 p\u00e5 ViKatt\u00c4gare&#8217;s Internationella utst\u00e4llning i Kumla<br><br><\/p>\n<\/div>\n<\/div>\n\n\n\n<div class=\"wp-block-columns is-layout-flex wp-container-core-columns-is-layout-28f84493 wp-block-columns-is-layout-flex\">\n<div class=\"wp-block-column is-layout-flow wp-block-column-is-layout-flow\">\n<figure class=\"wp-block-image is-resized\"><img decoding=\"async\" src=\"https:\/\/lh7-rt.googleusercontent.com\/docsz\/AD_4nXcmrCfBvieQOE-Ssm8iQnM-OWItpAA5ArL4w3u4I6XGGV2MMUYO4d2CnUocFAA0kuI3u7mMMITfNeU0iZNZ9CkeIyAxdAPoUIIsGkDjKeCy2uNZOEuZjTPqlBbAchVp5oV1D3K78Gmh21zpIqoEPWw?key=DGDKmHGrWfQ52oy6UfpcvpYF\" alt=\"Yogakattens Lakrits Honey\" style=\"width:266px;height:auto\"\/><\/figure>\n<\/div>\n\n\n\n<div class=\"wp-block-column is-layout-flow wp-block-column-is-layout-flow\">\n<p class=\"has-custom-color-1-background-color has-background has-medium-font-size\">CH SE*Yogakattens Lakrits Honey<\/p>\n\n\n\n<p class=\"has-custom-color-1-background-color has-background has-small-font-size\" style=\"border-radius:20px\">SIB n 24<br>\u00c4gare och fotograf: Anna Elvira \u00d6kvist<br><br>Titel tagen den 18 november 2023 p\u00e5 Birkas Internationella utst\u00e4llning i S\u00f6dert\u00e4lje<\/p>\n<\/div>\n<\/div>\n\n\n\n<div class=\"wp-block-columns is-layout-flex wp-container-core-columns-is-layout-28f84493 wp-block-columns-is-layout-flex\">\n<div class=\"wp-block-column is-layout-flow wp-block-column-is-layout-flow\">\n<figure class=\"wp-block-image size-large\"><img loading=\"lazy\" decoding=\"async\" width=\"685\" height=\"1024\" src=\"https:\/\/signeringen.se\/wp-content\/uploads\/2025\/01\/image-38-685x1024.png\" alt=\"\" class=\"wp-image-1201\" srcset=\"https:\/\/signeringen.se\/wp-content\/uploads\/2025\/01\/image-38-685x1024.png 685w, https:\/\/signeringen.se\/wp-content\/uploads\/2025\/01\/image-38-201x300.png 201w, https:\/\/signeringen.se\/wp-content\/uploads\/2025\/01\/image-38-768x1147.png 768w, https:\/\/signeringen.se\/wp-content\/uploads\/2025\/01\/image-38-1028x1536.png 1028w, https:\/\/signeringen.se\/wp-content\/uploads\/2025\/01\/image-38-1371x2048.png 1371w\" sizes=\"(max-width: 685px) 100vw, 685px\" \/><\/figure>\n<\/div>\n\n\n\n<div class=\"wp-block-column is-layout-flow wp-block-column-is-layout-flow\">\n<p class=\"has-custom-color-1-background-color has-background has-medium-font-size\">CH SE*Neclavis&#8217;s Herkules<\/p>\n\n\n\n<p class=\"has-custom-color-1-background-color has-background has-small-font-size\" style=\"border-radius:20px\">NEM a 21<br>Hane<br>\u00c4gare och fotograf: Ronja Bernvi<br><br>Titel tagen den 12 oktober 2023 p\u00e5 V\u00e4stsvenska kattklubbens Internationella utst\u00e4llning i V\u00e5rg\u00e5rda<\/p>\n<\/div>\n<\/div>\n\n\n\n<div class=\"wp-block-columns is-layout-flex wp-container-core-columns-is-layout-28f84493 wp-block-columns-is-layout-flex\">\n<div class=\"wp-block-column is-layout-flow wp-block-column-is-layout-flow\">\n<figure class=\"wp-block-image size-large is-resized\"><img loading=\"lazy\" decoding=\"async\" width=\"768\" height=\"1024\" src=\"https:\/\/signeringen.se\/wp-content\/uploads\/2024\/12\/image-768x1024.png\" alt=\"\" class=\"wp-image-98\" style=\"width:263px;height:auto\" srcset=\"https:\/\/signeringen.se\/wp-content\/uploads\/2024\/12\/image-768x1024.png 768w, https:\/\/signeringen.se\/wp-content\/uploads\/2024\/12\/image-225x300.png 225w, https:\/\/signeringen.se\/wp-content\/uploads\/2024\/12\/image.png 1080w\" sizes=\"(max-width: 768px) 100vw, 768px\" \/><\/figure>\n<\/div>\n\n\n\n<div class=\"wp-block-column is-layout-flow wp-block-column-is-layout-flow\">\n<p class=\"has-background has-archivo-font-family\" style=\"background-color:#99999e5c;font-size:clamp(0.929rem, 0.929rem + ((1vw - 0.2rem) * 0.785), 1.4rem);font-style:normal;font-weight:400\">CH Debussy Vistula*PL<\/p>\n\n\n\n<p class=\"has-background\" style=\"background-color:#99999e5c;font-size:clamp(0.875rem, 0.875rem + ((1vw - 0.2rem) * 0.208), 1rem);font-style:normal;font-weight:400\">NEM a 09 21<br>\u00c4gare: Michaela Slotte<br>Fotograf: Alexandra Slotte <br><br>Titel tagen den 5 januari 2020 p\u00e5 Fr\u00e4sets Internationella Utst\u00e4llning i Uppsala <br><\/p>\n<\/div>\n<\/div>\n\n\n\n<div class=\"wp-block-columns is-layout-flex wp-container-core-columns-is-layout-28f84493 wp-block-columns-is-layout-flex\">\n<div class=\"wp-block-column is-layout-flow wp-block-column-is-layout-flow\">\n<figure class=\"wp-block-image is-resized\"><img decoding=\"async\" src=\"https:\/\/lh7-rt.googleusercontent.com\/docsz\/AD_4nXeI24WLsG-bdby4eHCE5_1sOJud0Yo5BhV3HWx88BCY_coQ7RcV7JRzkft5QBQ_yY03y5Lq7tWj7tsk-T6tNojle5IL0YZ_9LES4irYhg6H3qbVldDotQ9gHYuTfY_mJ3AuxtW-IxDXO3brPQJcXl0?key=DGDKmHGrWfQ52oy6UfpcvpYF\" alt=\"Rubinrot 2014\" style=\"width:320px;height:auto\"\/><\/figure>\n<\/div>\n\n\n\n<div class=\"wp-block-column is-layout-flow wp-block-column-is-layout-flow\">\n<p class=\"has-custom-color-1-background-color has-background has-medium-font-size\">CH Cassiopeia von Rubinrot <\/p>\n\n\n\n<p class=\"has-custom-color-1-background-color has-background has-small-font-size\" style=\"border-radius:20px\">NEM a 09 21<br>\u00c4gare och fotograf: Melissa Farrokhi<br><br>Titeln tagen den 23 november 2014 p\u00e5 Birkas Internationella utst\u00e4llning i S\u00f6dert\u00e4lje. <\/p>\n<\/div>\n<\/div>\n\n\n\n<div class=\"wp-block-columns is-layout-flex wp-container-core-columns-is-layout-28f84493 wp-block-columns-is-layout-flex\">\n<div class=\"wp-block-column is-layout-flow wp-block-column-is-layout-flow\">\n<figure class=\"wp-block-image is-resized\"><img decoding=\"async\" src=\"https:\/\/lh7-rt.googleusercontent.com\/docsz\/AD_4nXezT3iafCvi16nK4jAxqWzsDFlsjlj1w9cvmAOvGQvZrdlakLm9ZVABMrajLKmx0DhRKJ05EX4go-PJBKq74zCx97PoMQ6FfWiKFHhr00IuEhX9XMsS8_RhsBgWxBWuEGktdtrxLEgv1Qq7yj0DJek?key=DGDKmHGrWfQ52oy6UfpcvpYF\" alt=\"Natalis\" style=\"width:293px;height:auto\"\/><\/figure>\n<\/div>\n\n\n\n<div class=\"wp-block-column is-layout-flow wp-block-column-is-layout-flow\">\n<p class=\"has-custom-color-1-background-color has-background has-medium-font-size\">CH Czarevicz Dimitriy Natalis Spring CZ<\/p>\n\n\n\n<p class=\"has-custom-color-1-background-color has-background has-small-font-size\" style=\"border-radius:20px\">NEM n 21<br>\u00c4gare och fotograf: May-Brith Larsson<br><br>Titeln tagen den 4 maj 2013 p\u00e5 Dackekattens Internationella utst\u00e4llning i V\u00e4rnamo<br><br><\/p>\n<\/div>\n<\/div>\n\n\n\n<p><\/p>\n","protected":false},"excerpt":{"rendered":"<p>FIFe-titEL CH En okastrerad raskatt, som har fyllt 12 m\u00e5nader b\u00f6rjar t\u00e4vla i klass 9 och kan erh\u00e5lla titel Champion. Katten t\u00e4vlar kvar i sin klass tills den erh\u00e5llit det antal certifikat, och den titel, som kr\u00e4vs f\u00f6r att g\u00e5 upp i n\u00e4sta klass och t\u00e4vla mot n\u00e4sta titel. F\u00f6r att uppn\u00e5 titel g\u00e4ller f\u00f6ljande [&hellip;]<\/p>\n","protected":false},"author":2,"featured_media":0,"parent":64,"menu_order":0,"comment_status":"closed","ping_status":"closed","template":"","meta":{"inline_featured_image":false,"footnotes":""},"class_list":["post-66","page","type-page","status-publish","hentry"],"_links":{"self":[{"href":"https:\/\/signeringen.se\/index.php\/wp-json\/wp\/v2\/pages\/66","targetHints":{"allow":["GET"]}}],"collection":[{"href":"https:\/\/signeringen.se\/index.php\/wp-json\/wp\/v2\/pages"}],"about":[{"href":"https:\/\/signeringen.se\/index.php\/wp-json\/wp\/v2\/types\/page"}],"author":[{"embeddable":true,"href":"https:\/\/signeringen.se\/index.php\/wp-json\/wp\/v2\/users\/2"}],"replies":[{"embeddable":true,"href":"https:\/\/signeringen.se\/index.php\/wp-json\/wp\/v2\/comments?post=66"}],"version-history":[{"count":19,"href":"https:\/\/signeringen.se\/index.php\/wp-json\/wp\/v2\/pages\/66\/revisions"}],"predecessor-version":[{"id":2144,"href":"https:\/\/signeringen.se\/index.php\/wp-json\/wp\/v2\/pages\/66\/revisions\/2144"}],"up":[{"embeddable":true,"href":"https:\/\/signeringen.se\/index.php\/wp-json\/wp\/v2\/pages\/64"}],"wp:attachment":[{"href":"https:\/\/signeringen.se\/index.php\/wp-json\/wp\/v2\/media?parent=66"}],"curies":[{"name":"wp","href":"https:\/\/api.w.org\/{rel}","templated":true}]}}