{"id":70,"date":"2024-12-21T17:11:23","date_gmt":"2024-12-21T17:11:23","guid":{"rendered":"https:\/\/signeringen.se\/?page_id=70"},"modified":"2025-12-02T20:07:13","modified_gmt":"2025-12-02T20:07:13","slug":"international-champion","status":"publish","type":"page","link":"https:\/\/signeringen.se\/index.php\/titelkatter\/international-champion\/","title":{"rendered":"International Champion"},"content":{"rendered":"\n<figure class=\"wp-block-image alignfull size-large\"><img fetchpriority=\"high\" decoding=\"async\" width=\"1024\" height=\"576\" src=\"https:\/\/signeringen.se\/wp-content\/uploads\/2025\/04\/Kopia-av-IP.png-1024x576.png\" alt=\"\" class=\"wp-image-1545\" srcset=\"https:\/\/signeringen.se\/wp-content\/uploads\/2025\/04\/Kopia-av-IP.png-1024x576.png 1024w, https:\/\/signeringen.se\/wp-content\/uploads\/2025\/04\/Kopia-av-IP.png-300x169.png 300w, https:\/\/signeringen.se\/wp-content\/uploads\/2025\/04\/Kopia-av-IP.png-768x432.png 768w, https:\/\/signeringen.se\/wp-content\/uploads\/2025\/04\/Kopia-av-IP.png-1536x864.png 1536w, https:\/\/signeringen.se\/wp-content\/uploads\/2025\/04\/Kopia-av-IP.png-2048x1151.png 2048w\" sizes=\"(max-width: 1024px) 100vw, 1024px\" \/><\/figure>\n\n\n\n<h5 class=\"wp-block-heading has-archivo-font-family\" style=\"font-size:clamp(0.875rem, 0.875rem + ((1vw - 0.2rem) * 0.208), 1rem);font-style:normal;font-weight:400\">FIFe-titEL IC<\/h5>\n\n\n\n<p class=\"has-archivo-font-family\" style=\"font-size:clamp(0.875rem, 0.875rem + ((1vw - 0.2rem) * 0.208), 1rem);font-style:normal;font-weight:400\">F\u00f6r att uppn\u00e5 titel g\u00e4ller f\u00f6ljande certifikat (erh\u00e5llna vid en internationell FIFe-utst\u00e4llning)<\/p>\n\n\n\n<p class=\"has-archivo-font-family\" style=\"font-size:clamp(0.875rem, 0.875rem + ((1vw - 0.2rem) * 0.208), 1rem);font-style:normal;font-weight:400\"><strong>International&nbsp;Champion (IC)<\/strong><strong><br><\/strong>4 CACIB fr\u00e5n 3 olika domare&nbsp;<br>Det \u00e4r valfritt i vilket land\/l\u00e4nder dessa certifikat erh\u00e5lls.<\/p>\n\n\n\n<p class=\"has-archivo-font-family\" style=\"font-size:clamp(0.875rem, 0.875rem + ((1vw - 0.2rem) * 0.208), 1rem);font-style:normal;font-weight:400\">N\u00e4r katten \u00e4r IC b\u00f6rjar den t\u00e4vla i klass 5. <\/p>\n\n\n\n<div class=\"wp-block-buttons is-layout-flex wp-block-buttons-is-layout-flex\">\n<div class=\"wp-block-button\"><a class=\"wp-block-button__link has-foreground-color has-text-color has-background has-link-color wp-element-button\" href=\"https:\/\/signeringen.se\/index.php\/titelkatter\/\" style=\"background-color:#99999e5c\">Tillbaka till titelkatter<\/a><\/div>\n<\/div>\n\n\n\n<hr class=\"wp-block-separator has-alpha-channel-opacity is-style-wide\" style=\"margin-top:var(--wp--preset--spacing--20);margin-bottom:var(--wp--preset--spacing--20)\"\/>\n\n\n\n<div class=\"wp-block-columns is-layout-flex wp-container-core-columns-is-layout-28f84493 wp-block-columns-is-layout-flex\">\n<div class=\"wp-block-column is-layout-flow wp-block-column-is-layout-flow\">\n<figure class=\"wp-block-image size-large\"><img decoding=\"async\" width=\"768\" height=\"1024\" src=\"https:\/\/signeringen.se\/wp-content\/uploads\/forminator\/1038_4906660d0865529f5c59999704ed1e40\/uploads\/sgZIqLUQ5rC3-IMG_8714-768x1024.jpeg\" alt=\"\" class=\"wp-image-2038\" srcset=\"https:\/\/signeringen.se\/wp-content\/uploads\/forminator\/1038_4906660d0865529f5c59999704ed1e40\/uploads\/sgZIqLUQ5rC3-IMG_8714-768x1024.jpeg 768w, https:\/\/signeringen.se\/wp-content\/uploads\/forminator\/1038_4906660d0865529f5c59999704ed1e40\/uploads\/sgZIqLUQ5rC3-IMG_8714-225x300.jpeg 225w, https:\/\/signeringen.se\/wp-content\/uploads\/forminator\/1038_4906660d0865529f5c59999704ed1e40\/uploads\/sgZIqLUQ5rC3-IMG_8714-1152x1536.jpeg 1152w, https:\/\/signeringen.se\/wp-content\/uploads\/forminator\/1038_4906660d0865529f5c59999704ed1e40\/uploads\/sgZIqLUQ5rC3-IMG_8714-1536x2048.jpeg 1536w, https:\/\/signeringen.se\/wp-content\/uploads\/forminator\/1038_4906660d0865529f5c59999704ed1e40\/uploads\/sgZIqLUQ5rC3-IMG_8714-scaled.jpeg 1920w\" sizes=\"(max-width: 768px) 100vw, 768px\" \/><\/figure>\n<\/div>\n\n\n\n<div class=\"wp-block-column is-layout-flow wp-block-column-is-layout-flow\">\n<p class=\"has-custom-color-1-background-color has-background has-medium-font-size\">IC SE*OneCorner Cat\u2019s Madicken<\/p>\n\n\n\n<p class=\"has-custom-color-1-background-color has-background has-small-font-size\" style=\"border-radius:20px\">SIB g 09 24<br>Hona<br>\u00c4gare och fotograf: Christina Nordin<br><br>Titeln tagen den 22 november 2025 p\u00e5 Birka kattklubbs Internationella utst\u00e4llning i S\u00f6dert\u00e4lje<\/p>\n<\/div>\n<\/div>\n\n\n\n<div class=\"wp-block-columns is-layout-flex wp-container-core-columns-is-layout-28f84493 wp-block-columns-is-layout-flex\">\n<div class=\"wp-block-column is-layout-flow wp-block-column-is-layout-flow\">\n<div class=\"wp-block-columns is-layout-flex wp-container-core-columns-is-layout-28f84493 wp-block-columns-is-layout-flex\">\n<div class=\"wp-block-column is-layout-flow wp-block-column-is-layout-flow\">\n<figure class=\"wp-block-image size-large\"><img decoding=\"async\" width=\"770\" height=\"1024\" src=\"https:\/\/signeringen.se\/wp-content\/uploads\/forminator\/1038_4906660d0865529f5c59999704ed1e40\/uploads\/WlV8325wbuQx-IMG_4759-770x1024.jpeg\" alt=\"\" class=\"wp-image-2039\" srcset=\"https:\/\/signeringen.se\/wp-content\/uploads\/forminator\/1038_4906660d0865529f5c59999704ed1e40\/uploads\/WlV8325wbuQx-IMG_4759-770x1024.jpeg 770w, https:\/\/signeringen.se\/wp-content\/uploads\/forminator\/1038_4906660d0865529f5c59999704ed1e40\/uploads\/WlV8325wbuQx-IMG_4759-226x300.jpeg 226w, https:\/\/signeringen.se\/wp-content\/uploads\/forminator\/1038_4906660d0865529f5c59999704ed1e40\/uploads\/WlV8325wbuQx-IMG_4759-768x1022.jpeg 768w, https:\/\/signeringen.se\/wp-content\/uploads\/forminator\/1038_4906660d0865529f5c59999704ed1e40\/uploads\/WlV8325wbuQx-IMG_4759-1155x1536.jpeg 1155w, https:\/\/signeringen.se\/wp-content\/uploads\/forminator\/1038_4906660d0865529f5c59999704ed1e40\/uploads\/WlV8325wbuQx-IMG_4759.jpeg 1278w\" sizes=\"(max-width: 770px) 100vw, 770px\" \/><\/figure>\n<\/div>\n\n\n\n<div class=\"wp-block-column is-layout-flow wp-block-column-is-layout-flow\">\n<p class=\"has-custom-color-1-background-color has-background has-medium-font-size\">IC SE*Trizeratops Angels Hope and Glory<\/p>\n\n\n\n<p class=\"has-custom-color-1-background-color has-background has-small-font-size\" style=\"border-radius:20px\">NEM a 21<br>Hona<br>\u00c4gare: Maja Forsell<br>Fotograf: Tessa.Lv<br><br>Titeln tagen den 15 november 2025 p\u00e5 POH-KIS Internationella utst\u00e4llning i Finland. <\/p>\n<\/div>\n<\/div>\n<\/div>\n<\/div>\n\n\n\n<div class=\"wp-block-columns is-layout-flex wp-container-core-columns-is-layout-28f84493 wp-block-columns-is-layout-flex\">\n<div class=\"wp-block-column is-layout-flow wp-block-column-is-layout-flow\">\n<figure class=\"wp-block-image size-large\"><img loading=\"lazy\" decoding=\"async\" width=\"848\" height=\"1024\" src=\"https:\/\/signeringen.se\/wp-content\/uploads\/2025\/10\/image-4-848x1024.png\" alt=\"\" class=\"wp-image-1913\" srcset=\"https:\/\/signeringen.se\/wp-content\/uploads\/2025\/10\/image-4-848x1024.png 848w, https:\/\/signeringen.se\/wp-content\/uploads\/2025\/10\/image-4-248x300.png 248w, https:\/\/signeringen.se\/wp-content\/uploads\/2025\/10\/image-4-768x927.png 768w, https:\/\/signeringen.se\/wp-content\/uploads\/2025\/10\/image-4-1272x1536.png 1272w, https:\/\/signeringen.se\/wp-content\/uploads\/2025\/10\/image-4.png 1696w\" sizes=\"(max-width: 848px) 100vw, 848px\" \/><\/figure>\n<\/div>\n\n\n\n<div class=\"wp-block-column is-layout-flow wp-block-column-is-layout-flow\">\n<p class=\"has-custom-color-1-background-color has-background has-medium-font-size\">IC, JCH, KCH S*Siberietass Blue Star<\/p>\n\n\n\n<p class=\"has-custom-color-1-background-color has-background has-small-font-size\" style=\"border-radius:20px\">NEM a 21<br>Hona<br>\u00c4gare: Helena Broman<br>Fotograf: Maud Holmgren<br><br>Titeln tagen den 20 april 2025 p\u00e5 Scandinavian Winner 2025 i Finland<\/p>\n<\/div>\n<\/div>\n\n\n\n<div class=\"wp-block-columns is-layout-flex wp-container-core-columns-is-layout-28f84493 wp-block-columns-is-layout-flex\">\n<div class=\"wp-block-column is-layout-flow wp-block-column-is-layout-flow\">\n<figure class=\"wp-block-image size-large\"><img loading=\"lazy\" decoding=\"async\" width=\"1024\" height=\"685\" src=\"https:\/\/signeringen.se\/wp-content\/uploads\/2025\/06\/image-1024x685.png\" alt=\"\" class=\"wp-image-1604\" srcset=\"https:\/\/signeringen.se\/wp-content\/uploads\/2025\/06\/image-1024x685.png 1024w, https:\/\/signeringen.se\/wp-content\/uploads\/2025\/06\/image-300x201.png 300w, https:\/\/signeringen.se\/wp-content\/uploads\/2025\/06\/image-768x514.png 768w, https:\/\/signeringen.se\/wp-content\/uploads\/2025\/06\/image-1536x1028.png 1536w, https:\/\/signeringen.se\/wp-content\/uploads\/2025\/06\/image-2048x1371.png 2048w\" sizes=\"(max-width: 1024px) 100vw, 1024px\" \/><\/figure>\n<\/div>\n\n\n\n<div class=\"wp-block-column is-layout-flow wp-block-column-is-layout-flow\">\n<p class=\"has-custom-color-1-background-color has-background has-medium-font-size\">IC SE Neclavis Herkules<\/p>\n\n\n\n<p class=\"has-custom-color-1-background-color has-background has-small-font-size\" style=\"border-radius:20px\">NEM a 21<br>\u00c4gare och fotograf: Ronja Bernvi<br><br>Titeln tagen den 24 maj p\u00e5 \u00c4delkattens internationella utst\u00e4llning i Bohus<\/p>\n<\/div>\n<\/div>\n\n\n\n<div class=\"wp-block-columns is-layout-flex wp-container-core-columns-is-layout-28f84493 wp-block-columns-is-layout-flex\">\n<div class=\"wp-block-column is-layout-flow wp-block-column-is-layout-flow\">\n<figure class=\"wp-block-image size-large\"><img loading=\"lazy\" decoding=\"async\" width=\"768\" height=\"1024\" src=\"https:\/\/signeringen.se\/wp-content\/uploads\/2025\/04\/ucGLvmvBEAXS-inbound5681946209022030-768x1024.jpg\" alt=\"\" class=\"wp-image-1547\" srcset=\"https:\/\/signeringen.se\/wp-content\/uploads\/2025\/04\/ucGLvmvBEAXS-inbound5681946209022030-768x1024.jpg 768w, https:\/\/signeringen.se\/wp-content\/uploads\/2025\/04\/ucGLvmvBEAXS-inbound5681946209022030-225x300.jpg 225w, https:\/\/signeringen.se\/wp-content\/uploads\/2025\/04\/ucGLvmvBEAXS-inbound5681946209022030-1152x1536.jpg 1152w, https:\/\/signeringen.se\/wp-content\/uploads\/2025\/04\/ucGLvmvBEAXS-inbound5681946209022030-1536x2048.jpg 1536w, https:\/\/signeringen.se\/wp-content\/uploads\/2025\/04\/ucGLvmvBEAXS-inbound5681946209022030-scaled.jpg 1920w\" sizes=\"(max-width: 768px) 100vw, 768px\" \/><\/figure>\n<\/div>\n\n\n\n<div class=\"wp-block-column is-layout-flow wp-block-column-is-layout-flow\">\n<p class=\"has-custom-color-1-background-color has-background has-medium-font-size\">IC SE*Yogakattens Lakrits<\/p>\n\n\n\n<p class=\"has-custom-color-1-background-color has-background has-small-font-size\" style=\"border-radius:20px\">SIB n 24<br>\u00c4gare &amp; fotograf: Anna \u00d6kvist<br><br>Titeln tagen den 22 februari 2025 p\u00e5 Nerikes kattklubbs Internationella utst\u00e4llning i \u00d6rebro<\/p>\n<\/div>\n<\/div>\n\n\n\n<div class=\"wp-block-columns is-layout-flex wp-container-core-columns-is-layout-28f84493 wp-block-columns-is-layout-flex\">\n<div class=\"wp-block-column is-layout-flow wp-block-column-is-layout-flow\">\n<figure class=\"wp-block-image size-large\"><img loading=\"lazy\" decoding=\"async\" width=\"1024\" height=\"819\" src=\"https:\/\/signeringen.se\/wp-content\/uploads\/2025\/04\/W46gHzcDl40t-Titelkatt-IC-SEThorncats-Callisto-Luka-Neva-Masquerade-1-1024x819.jpg\" alt=\"\" class=\"wp-image-1534\" srcset=\"https:\/\/signeringen.se\/wp-content\/uploads\/2025\/04\/W46gHzcDl40t-Titelkatt-IC-SEThorncats-Callisto-Luka-Neva-Masquerade-1-1024x819.jpg 1024w, https:\/\/signeringen.se\/wp-content\/uploads\/2025\/04\/W46gHzcDl40t-Titelkatt-IC-SEThorncats-Callisto-Luka-Neva-Masquerade-1-300x240.jpg 300w, https:\/\/signeringen.se\/wp-content\/uploads\/2025\/04\/W46gHzcDl40t-Titelkatt-IC-SEThorncats-Callisto-Luka-Neva-Masquerade-1-768x614.jpg 768w, https:\/\/signeringen.se\/wp-content\/uploads\/2025\/04\/W46gHzcDl40t-Titelkatt-IC-SEThorncats-Callisto-Luka-Neva-Masquerade-1-1536x1229.jpg 1536w, https:\/\/signeringen.se\/wp-content\/uploads\/2025\/04\/W46gHzcDl40t-Titelkatt-IC-SEThorncats-Callisto-Luka-Neva-Masquerade-1-2048x1638.jpg 2048w\" sizes=\"(max-width: 1024px) 100vw, 1024px\" \/><\/figure>\n<\/div>\n\n\n\n<div class=\"wp-block-column is-layout-flow wp-block-column-is-layout-flow\">\n<p class=\"has-custom-color-1-background-color has-background has-medium-font-size\">IC JCH SE*Thorncat&#8217;s Callisto Luka<\/p>\n\n\n\n<p class=\"has-custom-color-1-background-color has-background has-small-font-size\" style=\"border-radius:20px\">NEM a<br>Hane<br>\u00c4gare: Annelie Thorn<br>Fotograf: Madelene Jonsson<br><br>Titel tagen den 5 januari 2025 p\u00e5 Fr\u00e4set kattklubbs Internationella utst\u00e4llning i Rasbo.<\/p>\n<\/div>\n<\/div>\n\n\n\n<div class=\"wp-block-columns is-layout-flex wp-container-core-columns-is-layout-28f84493 wp-block-columns-is-layout-flex\">\n<div class=\"wp-block-column is-layout-flow wp-block-column-is-layout-flow\">\n<figure class=\"wp-block-image size-full\"><img loading=\"lazy\" decoding=\"async\" width=\"821\" height=\"943\" src=\"https:\/\/signeringen.se\/wp-content\/uploads\/2025\/01\/image-39.png\" alt=\"\" class=\"wp-image-1208\" srcset=\"https:\/\/signeringen.se\/wp-content\/uploads\/2025\/01\/image-39.png 821w, https:\/\/signeringen.se\/wp-content\/uploads\/2025\/01\/image-39-261x300.png 261w, https:\/\/signeringen.se\/wp-content\/uploads\/2025\/01\/image-39-768x882.png 768w\" sizes=\"(max-width: 821px) 100vw, 821px\" \/><\/figure>\n<\/div>\n\n\n\n<div class=\"wp-block-column is-layout-flow wp-block-column-is-layout-flow\">\n<p class=\"has-custom-color-1-background-color has-background has-medium-font-size\">IC SE*Klosterh\u00f6jdens Leia<\/p>\n\n\n\n<p class=\"has-custom-color-1-background-color has-background has-small-font-size\" style=\"border-radius:20px\">NEM a <br>Hona<br>\u00c4gare och fotograf: Annica Isaksson<br><br>Titel tagen den 18 augusti 2024 p\u00e5 J\u00e4rva kattklubbs Internationella utst\u00e4llning i J\u00e4rva.<\/p>\n<\/div>\n<\/div>\n\n\n\n<div class=\"wp-block-columns is-layout-flex wp-container-core-columns-is-layout-28f84493 wp-block-columns-is-layout-flex\">\n<div class=\"wp-block-column is-layout-flow wp-block-column-is-layout-flow\">\n<figure class=\"wp-block-image size-large\"><img loading=\"lazy\" decoding=\"async\" width=\"776\" height=\"1024\" src=\"https:\/\/signeringen.se\/wp-content\/uploads\/2025\/02\/image-16-776x1024.png\" alt=\"\" class=\"wp-image-1321\" srcset=\"https:\/\/signeringen.se\/wp-content\/uploads\/2025\/02\/image-16-776x1024.png 776w, https:\/\/signeringen.se\/wp-content\/uploads\/2025\/02\/image-16-227x300.png 227w, https:\/\/signeringen.se\/wp-content\/uploads\/2025\/02\/image-16-768x1014.png 768w, https:\/\/signeringen.se\/wp-content\/uploads\/2025\/02\/image-16.png 1080w\" sizes=\"(max-width: 776px) 100vw, 776px\" \/><\/figure>\n<\/div>\n\n\n\n<div class=\"wp-block-column is-layout-flow wp-block-column-is-layout-flow\">\n<p class=\"has-custom-color-1-background-color has-background has-medium-font-size\">IC SE*Gedminas Gerda<\/p>\n\n\n\n<p class=\"has-custom-color-1-background-color has-background has-small-font-size\" style=\"border-radius:20px\">NEM a 21<br>Hona<br>\u00c4gare och fotograf: Gullvi Fredriksson sten<br><br>Titeln tagen den 6 juli 2024 p\u00e5 Calmare kattklubbs Internationella utst\u00e4llning i Kalmar<\/p>\n<\/div>\n<\/div>\n\n\n\n<div class=\"wp-block-columns is-layout-flex wp-container-core-columns-is-layout-28f84493 wp-block-columns-is-layout-flex\">\n<div class=\"wp-block-column is-layout-flow wp-block-column-is-layout-flow\">\n<figure class=\"wp-block-image size-full is-resized\"><img loading=\"lazy\" decoding=\"async\" width=\"466\" height=\"500\" src=\"https:\/\/signeringen.se\/wp-content\/uploads\/2024\/12\/Thorncats-Blue-Baron-Raff.jpg\" alt=\"\" class=\"wp-image-171\" style=\"width:283px;height:auto\" srcset=\"https:\/\/signeringen.se\/wp-content\/uploads\/2024\/12\/Thorncats-Blue-Baron-Raff.jpg 466w, https:\/\/signeringen.se\/wp-content\/uploads\/2024\/12\/Thorncats-Blue-Baron-Raff-280x300.jpg 280w\" sizes=\"(max-width: 466px) 100vw, 466px\" \/><\/figure>\n<\/div>\n\n\n\n<div class=\"wp-block-column has-archivo-font-family is-layout-flow wp-block-column-is-layout-flow\" style=\"font-size:clamp(0.875rem, 0.875rem + ((1vw - 0.2rem) * 0.208), 1rem);font-style:normal;font-weight:400\">\n<p class=\"has-background\" style=\"background-color:#99999e5c;font-size:clamp(0.984rem, 0.984rem + ((1vw - 0.2rem) * 0.86), 1.5rem);\">IC SE*Thorncat&#8217;s Blue Baron Raff<\/p>\n\n\n\n<p class=\"has-background\" style=\"border-radius:20px;background-color:#99999e5c\">NEM a 03 21<br>\u00c4gare &amp; fotograf: Anneli Thorn<br><br>Titeln togs den 13 april 2024 p\u00e5 Birka Kattklubbs Internationella Utst\u00e4llning i Tumba. <\/p>\n<\/div>\n<\/div>\n\n\n\n<div class=\"wp-block-columns is-layout-flex wp-container-core-columns-is-layout-28f84493 wp-block-columns-is-layout-flex\">\n<div class=\"wp-block-column is-layout-flow wp-block-column-is-layout-flow\">\n<figure class=\"wp-block-image size-full is-resized\"><img loading=\"lazy\" decoding=\"async\" width=\"375\" height=\"500\" src=\"https:\/\/signeringen.se\/wp-content\/uploads\/2024\/12\/Missmazarins-Joxaren.jpg\" alt=\"\" class=\"wp-image-175\" style=\"width:285px;height:auto\" srcset=\"https:\/\/signeringen.se\/wp-content\/uploads\/2024\/12\/Missmazarins-Joxaren.jpg 375w, https:\/\/signeringen.se\/wp-content\/uploads\/2024\/12\/Missmazarins-Joxaren-225x300.jpg 225w\" sizes=\"(max-width: 375px) 100vw, 375px\" \/><\/figure>\n<\/div>\n\n\n\n<div class=\"wp-block-column has-archivo-font-family is-layout-flow wp-block-column-is-layout-flow\" style=\"font-size:clamp(0.875rem, 0.875rem + ((1vw - 0.2rem) * 0.208), 1rem);font-style:normal;font-weight:400\">\n<p class=\"has-background\" style=\"background-color:#99999e5c;font-size:clamp(0.984rem, 0.984rem + ((1vw - 0.2rem) * 0.86), 1.5rem);\">IC SE*Missmazarins Joxaren <\/p>\n\n\n\n<p class=\"has-background\" style=\"border-radius:20px;background-color:#99999e5c\">NEM n 21<br>\u00c4gare &amp; fotograf: Fredrika J\u00e4speri<br><br>Titeln togs den 24 mars 2024 p\u00e5 Happy Cat klubbs utst\u00e4llning i Arboga.<\/p>\n<\/div>\n<\/div>\n\n\n\n<div class=\"wp-block-columns has-archivo-font-family is-layout-flex wp-container-core-columns-is-layout-28f84493 wp-block-columns-is-layout-flex\" style=\"font-size:clamp(0.875rem, 0.875rem + ((1vw - 0.2rem) * 0.208), 1rem);font-style:normal;font-weight:400\">\n<div class=\"wp-block-column is-layout-flow wp-block-column-is-layout-flow\">\n<figure class=\"wp-block-image size-large is-resized\"><img loading=\"lazy\" decoding=\"async\" width=\"696\" height=\"1024\" src=\"https:\/\/signeringen.se\/wp-content\/uploads\/2024\/12\/image-9-696x1024.png\" alt=\"\" class=\"wp-image-248\" style=\"width:287px;height:auto\" srcset=\"https:\/\/signeringen.se\/wp-content\/uploads\/2024\/12\/image-9-696x1024.png 696w, https:\/\/signeringen.se\/wp-content\/uploads\/2024\/12\/image-9-204x300.png 204w, https:\/\/signeringen.se\/wp-content\/uploads\/2024\/12\/image-9-768x1130.png 768w, https:\/\/signeringen.se\/wp-content\/uploads\/2024\/12\/image-9-1044x1536.png 1044w, https:\/\/signeringen.se\/wp-content\/uploads\/2024\/12\/image-9.png 1170w\" sizes=\"(max-width: 696px) 100vw, 696px\" \/><\/figure>\n<\/div>\n\n\n\n<div class=\"wp-block-column is-layout-flow wp-block-column-is-layout-flow\">\n<p class=\"has-background\" style=\"background-color:#99999e5c;font-size:clamp(0.984rem, 0.984rem + ((1vw - 0.2rem) * 0.86), 1.5rem);\">IC S*Odenkattens Qvintus <\/p>\n\n\n\n<p class=\"has-background\" style=\"border-radius:20px;background-color:#99999e5c\">NEM n 21 <br>\u00c4gare och fotograf: Magdelen Lundmark Lundstr\u00f6m <br><br>Titeln togs den 16 september 2023 p\u00e5 Norrskenskattens Internationella utst\u00e4llning i Lule\u00e5.<\/p>\n<\/div>\n<\/div>\n\n\n\n<div class=\"wp-block-columns is-layout-flex wp-container-core-columns-is-layout-28f84493 wp-block-columns-is-layout-flex\">\n<div class=\"wp-block-column is-layout-flow wp-block-column-is-layout-flow\">\n<figure class=\"wp-block-image size-large\"><img loading=\"lazy\" decoding=\"async\" width=\"950\" height=\"1024\" src=\"https:\/\/signeringen.se\/wp-content\/uploads\/2025\/01\/image-6-950x1024.png\" alt=\"\" class=\"wp-image-766\" srcset=\"https:\/\/signeringen.se\/wp-content\/uploads\/2025\/01\/image-6-950x1024.png 950w, https:\/\/signeringen.se\/wp-content\/uploads\/2025\/01\/image-6-278x300.png 278w, https:\/\/signeringen.se\/wp-content\/uploads\/2025\/01\/image-6-768x828.png 768w, https:\/\/signeringen.se\/wp-content\/uploads\/2025\/01\/image-6-1425x1536.png 1425w, https:\/\/signeringen.se\/wp-content\/uploads\/2025\/01\/image-6.png 1872w\" sizes=\"(max-width: 950px) 100vw, 950px\" \/><\/figure>\n<\/div>\n\n\n\n<div class=\"wp-block-column is-layout-flow wp-block-column-is-layout-flow\">\n<p class=\"has-custom-color-1-background-color has-background has-medium-font-size\">IC SE*Teslatassarnas Juno<\/p>\n\n\n\n<p class=\"has-custom-color-1-background-color has-background has-small-font-size\" style=\"border-radius:20px\">NEM a 09 21<br>\u00c4gare: Eva Bruhn<br>Fotograf: Maria Westling<br><br>Titeln togs den 14 maj 2023 p\u00e5 Bj\u00f6rkstakattens Internationella utst\u00e4llning i Ume\u00e5.<\/p>\n<\/div>\n<\/div>\n\n\n\n<div class=\"wp-block-columns is-layout-flex wp-container-core-columns-is-layout-28f84493 wp-block-columns-is-layout-flex\">\n<div class=\"wp-block-column is-layout-flow wp-block-column-is-layout-flow\">\n<figure class=\"wp-block-image size-full\"><img loading=\"lazy\" decoding=\"async\" width=\"697\" height=\"1024\" src=\"https:\/\/signeringen.se\/wp-content\/uploads\/2025\/01\/image-16.png\" alt=\"\" class=\"wp-image-966\" srcset=\"https:\/\/signeringen.se\/wp-content\/uploads\/2025\/01\/image-16.png 697w, https:\/\/signeringen.se\/wp-content\/uploads\/2025\/01\/image-16-204x300.png 204w\" sizes=\"(max-width: 697px) 100vw, 697px\" \/><\/figure>\n<\/div>\n\n\n\n<div class=\"wp-block-column is-layout-flow wp-block-column-is-layout-flow\">\n<p class=\"has-custom-color-1-background-color has-background has-medium-font-size\">IP, IC SE*Clavus Sputnik<\/p>\n\n\n\n<p class=\"has-custom-color-1-background-color has-background has-small-font-size\" style=\"border-radius:20px\">NEM n 09<br>\u00c4gare och fotograf: Malin Spiik<br><br>Titeln togs den 11 mars 2023 p\u00e5 Stockholm kattklubbs Internationella utst\u00e4llning i Upplands V\u00e4sby<\/p>\n<\/div>\n<\/div>\n\n\n\n<div class=\"wp-block-columns is-layout-flex wp-container-core-columns-is-layout-28f84493 wp-block-columns-is-layout-flex\">\n<div class=\"wp-block-column is-layout-flow wp-block-column-is-layout-flow\">\n<figure class=\"wp-block-image is-resized\"><img decoding=\"async\" src=\"https:\/\/lh7-rt.googleusercontent.com\/docsz\/AD_4nXfNepAc1L3WUeOzjoW1Lpwexbl8EY9EtmiCzu3WPMvpV57AIBiwL1DAgO8Re-qEaMUMYv7bSpXkMqi3o8_Fu5YO6wEBO0uVuqK9ggRlzkjVkixgDPGv6ERwQTYOjtcnFd7VpSW5pBXYIv6B-2c3HA?key=DGDKmHGrWfQ52oy6UfpcvpYF\" alt=\"Phoebe2017\" style=\"width:314px;height:auto\"\/><\/figure>\n<\/div>\n\n\n\n<div class=\"wp-block-column is-layout-flow wp-block-column-is-layout-flow\">\n<p class=\"has-custom-color-1-background-color has-background has-medium-font-size\">IC SE*Triquetras Charmed Phoebe<\/p>\n\n\n\n<p class=\"has-custom-color-1-background-color has-background has-small-font-size\" style=\"border-radius:20px\">NEM n<br>\u00c4gare och fotograf: Therese Johansson<br><br>Titeln togs den 29 juli 2017 i Harstad, Norge.<\/p>\n<\/div>\n<\/div>\n\n\n\n<p><\/p>\n","protected":false},"excerpt":{"rendered":"<p>FIFe-titEL IC F\u00f6r att uppn\u00e5 titel g\u00e4ller f\u00f6ljande certifikat (erh\u00e5llna vid en internationell FIFe-utst\u00e4llning) International&nbsp;Champion (IC)4 CACIB fr\u00e5n 3 olika domare&nbsp;Det \u00e4r valfritt i vilket land\/l\u00e4nder dessa certifikat erh\u00e5lls. N\u00e4r katten \u00e4r IC b\u00f6rjar den t\u00e4vla i klass 5. IC SE*OneCorner Cat\u2019s Madicken SIB g 09 24Hona\u00c4gare och fotograf: Christina Nordin Titeln tagen den 22 [&hellip;]<\/p>\n","protected":false},"author":2,"featured_media":0,"parent":64,"menu_order":0,"comment_status":"closed","ping_status":"closed","template":"","meta":{"inline_featured_image":false,"footnotes":""},"class_list":["post-70","page","type-page","status-publish","hentry"],"_links":{"self":[{"href":"https:\/\/signeringen.se\/index.php\/wp-json\/wp\/v2\/pages\/70","targetHints":{"allow":["GET"]}}],"collection":[{"href":"https:\/\/signeringen.se\/index.php\/wp-json\/wp\/v2\/pages"}],"about":[{"href":"https:\/\/signeringen.se\/index.php\/wp-json\/wp\/v2\/types\/page"}],"author":[{"embeddable":true,"href":"https:\/\/signeringen.se\/index.php\/wp-json\/wp\/v2\/users\/2"}],"replies":[{"embeddable":true,"href":"https:\/\/signeringen.se\/index.php\/wp-json\/wp\/v2\/comments?post=70"}],"version-history":[{"count":19,"href":"https:\/\/signeringen.se\/index.php\/wp-json\/wp\/v2\/pages\/70\/revisions"}],"predecessor-version":[{"id":2068,"href":"https:\/\/signeringen.se\/index.php\/wp-json\/wp\/v2\/pages\/70\/revisions\/2068"}],"up":[{"embeddable":true,"href":"https:\/\/signeringen.se\/index.php\/wp-json\/wp\/v2\/pages\/64"}],"wp:attachment":[{"href":"https:\/\/signeringen.se\/index.php\/wp-json\/wp\/v2\/media?parent=70"}],"curies":[{"name":"wp","href":"https:\/\/api.w.org\/{rel}","templated":true}]}}