{"id":84,"date":"2024-12-21T16:08:25","date_gmt":"2024-12-21T16:08:25","guid":{"rendered":"https:\/\/signeringen.se\/?page_id=84"},"modified":"2026-01-13T20:04:32","modified_gmt":"2026-01-13T20:04:32","slug":"junior-champion","status":"publish","type":"page","link":"https:\/\/signeringen.se\/index.php\/titelkatter\/junior-champion\/","title":{"rendered":"Junior Champion"},"content":{"rendered":"\n<figure class=\"wp-block-video alignfull\"><video autoplay loop muted src=\"https:\/\/signeringen.se\/wp-content\/uploads\/2025\/01\/JCHheader.mp4\" playsinline><\/video><\/figure>\n\n\n\n<h5 class=\"wp-block-heading has-archivo-font-family\" style=\"font-size:clamp(0.875rem, 0.875rem + ((1vw - 0.2rem) * 0.208), 1rem);font-style:normal;font-weight:400\">FIFe-titEL JCH<\/h5>\n\n\n\n<p class=\"has-archivo-font-family\" style=\"font-size:clamp(0.875rem, 0.875rem + ((1vw - 0.2rem) * 0.208), 1rem);font-style:normal;font-weight:400\">En raskatt, oavsett kastrat eller ej, som \u00e4r minst 8 m\u00e5nader och ej har fyllt 12 m\u00e5nader t\u00e4vlar i klass 11 och kan erh\u00e5lla titeln Junior Champion. Efter tagen titel blir katten ej stoppad utan kan forts\u00e4tta t\u00e4vla i samma klass. Katten beh\u00f6ver ej ha tagit Kitten Champion innan den tar Junior Champion.&nbsp;<\/p>\n\n\n\n<p class=\"has-archivo-font-family\" style=\"font-size:clamp(0.875rem, 0.875rem + ((1vw - 0.2rem) * 0.208), 1rem);font-style:normal;font-weight:400\">F\u00f6r att uppn\u00e5 titel g\u00e4ller f\u00f6ljande certifikat (erh\u00e5llna vid en internationell FIFe-utst\u00e4llning)<\/p>\n\n\n\n<p class=\"has-archivo-font-family\" style=\"font-size:clamp(0.875rem, 0.875rem + ((1vw - 0.2rem) * 0.208), 1rem);font-style:normal;font-weight:400\"><strong>Junior Champion<\/strong><br>3 certifikat CACJ av&nbsp;3 olika domare.<br>Det \u00e4r valfritt i vilket land\/l\u00e4nder dessa certifikat erh\u00e5lls.<\/p>\n\n\n\n<div class=\"wp-block-buttons is-layout-flex wp-block-buttons-is-layout-flex\">\n<div class=\"wp-block-button\"><a class=\"wp-block-button__link wp-element-button\" href=\"https:\/\/signeringen.se\/index.php\/titelkatter\/\">Tillbaka till titelkatter<\/a><\/div>\n<\/div>\n\n\n\n<hr class=\"wp-block-separator alignwide has-alpha-channel-opacity is-style-wide\"\/>\n\n\n\n<div class=\"wp-block-columns is-layout-flex wp-container-core-columns-is-layout-28f84493 wp-block-columns-is-layout-flex\">\n<div class=\"wp-block-column is-layout-flow wp-block-column-is-layout-flow\">\n<figure class=\"wp-block-image size-large\"><img fetchpriority=\"high\" decoding=\"async\" width=\"1024\" height=\"768\" src=\"https:\/\/signeringen.se\/wp-content\/uploads\/2026\/01\/image-3-1024x768.png\" alt=\"\" class=\"wp-image-2128\" srcset=\"https:\/\/signeringen.se\/wp-content\/uploads\/2026\/01\/image-3-1024x768.png 1024w, https:\/\/signeringen.se\/wp-content\/uploads\/2026\/01\/image-3-300x225.png 300w, https:\/\/signeringen.se\/wp-content\/uploads\/2026\/01\/image-3-768x576.png 768w, https:\/\/signeringen.se\/wp-content\/uploads\/2026\/01\/image-3-1536x1152.png 1536w, https:\/\/signeringen.se\/wp-content\/uploads\/2026\/01\/image-3-2048x1536.png 2048w\" sizes=\"(max-width: 1024px) 100vw, 1024px\" \/><\/figure>\n<\/div>\n\n\n\n<div class=\"wp-block-column is-layout-flow wp-block-column-is-layout-flow\">\n<p class=\"has-custom-color-1-background-color has-background has-medium-font-size\">JCH KCH NO*Thaw Hearts Lex<\/p>\n\n\n\n<p class=\"has-custom-color-1-background-color has-background has-small-font-size\" style=\"border-radius:20px\">NEM a 21<br>Hane<br>\u00c4gare och fotograf: Teresia Harrisson<br><br>Titeln tagen den 13 december 2025 p\u00e5  Pohjoinen Rotukissayhdisys ry Internationella utst\u00e4llning i Kempele, Finland<\/p>\n<\/div>\n<\/div>\n\n\n\n<div class=\"wp-block-columns is-layout-flex wp-container-core-columns-is-layout-28f84493 wp-block-columns-is-layout-flex\">\n<div class=\"wp-block-column is-layout-flow wp-block-column-is-layout-flow\">\n<figure class=\"wp-block-image size-large\"><img decoding=\"async\" width=\"841\" height=\"1024\" src=\"https:\/\/signeringen.se\/wp-content\/uploads\/forminator\/1038_4906660d0865529f5c59999704ed1e40\/uploads\/BwcKEiQ8OpEn-20251123_120310-841x1024.jpg\" alt=\"\" class=\"wp-image-2053\" srcset=\"https:\/\/signeringen.se\/wp-content\/uploads\/forminator\/1038_4906660d0865529f5c59999704ed1e40\/uploads\/BwcKEiQ8OpEn-20251123_120310-841x1024.jpg 841w, https:\/\/signeringen.se\/wp-content\/uploads\/forminator\/1038_4906660d0865529f5c59999704ed1e40\/uploads\/BwcKEiQ8OpEn-20251123_120310-246x300.jpg 246w, https:\/\/signeringen.se\/wp-content\/uploads\/forminator\/1038_4906660d0865529f5c59999704ed1e40\/uploads\/BwcKEiQ8OpEn-20251123_120310-768x935.jpg 768w, https:\/\/signeringen.se\/wp-content\/uploads\/forminator\/1038_4906660d0865529f5c59999704ed1e40\/uploads\/BwcKEiQ8OpEn-20251123_120310-1262x1536.jpg 1262w, https:\/\/signeringen.se\/wp-content\/uploads\/forminator\/1038_4906660d0865529f5c59999704ed1e40\/uploads\/BwcKEiQ8OpEn-20251123_120310-1682x2048.jpg 1682w\" sizes=\"(max-width: 841px) 100vw, 841px\" \/><\/figure>\n<\/div>\n\n\n\n<div class=\"wp-block-column is-layout-flow wp-block-column-is-layout-flow\">\n<p class=\"has-custom-color-1-background-color has-background has-medium-font-size\">JCH KCH SE* Solvillan&#8217;s Lizzie<\/p>\n\n\n\n<p class=\"has-custom-color-1-background-color has-background has-small-font-size\" style=\"border-radius:20px\">NEM n 21<br>Hona <br>\u00c4gare och fotograf: Marie Elmberg<br><br>Titeln tagen den 22 november 2025 p\u00e5 Birka kattklubbs Internationella utst\u00e4llning i S\u00f6dert\u00e4lje<\/p>\n<\/div>\n<\/div>\n\n\n\n<div class=\"wp-block-columns is-layout-flex wp-container-core-columns-is-layout-28f84493 wp-block-columns-is-layout-flex\">\n<div class=\"wp-block-column is-layout-flow wp-block-column-is-layout-flow\">\n<figure class=\"wp-block-image size-large\"><img decoding=\"async\" width=\"1024\" height=\"994\" src=\"https:\/\/signeringen.se\/wp-content\/uploads\/forminator\/1038_4906660d0865529f5c59999704ed1e40\/uploads\/WPZEBEKVJG7a-IMG_5501-1024x994.jpeg\" alt=\"\" class=\"wp-image-2040\" srcset=\"https:\/\/signeringen.se\/wp-content\/uploads\/forminator\/1038_4906660d0865529f5c59999704ed1e40\/uploads\/WPZEBEKVJG7a-IMG_5501-1024x994.jpeg 1024w, https:\/\/signeringen.se\/wp-content\/uploads\/forminator\/1038_4906660d0865529f5c59999704ed1e40\/uploads\/WPZEBEKVJG7a-IMG_5501-300x291.jpeg 300w, https:\/\/signeringen.se\/wp-content\/uploads\/forminator\/1038_4906660d0865529f5c59999704ed1e40\/uploads\/WPZEBEKVJG7a-IMG_5501-768x746.jpeg 768w, https:\/\/signeringen.se\/wp-content\/uploads\/forminator\/1038_4906660d0865529f5c59999704ed1e40\/uploads\/WPZEBEKVJG7a-IMG_5501.jpeg 1127w\" sizes=\"(max-width: 1024px) 100vw, 1024px\" \/><\/figure>\n<\/div>\n\n\n\n<div class=\"wp-block-column is-layout-flow wp-block-column-is-layout-flow\">\n<p class=\"has-custom-color-1-background-color has-background has-medium-font-size\">JCH KCH SE*Lob\u00f6letassens Molly<\/p>\n\n\n\n<p class=\"has-custom-color-1-background-color has-background has-small-font-size\" style=\"border-radius:20px\">SIB f 09 24<br>Hona<br>\u00c4gare: Maja Forsell<br>Fotograf: Tessa.Lv<br><br>Titeln tagen den 15 november 2025 p\u00e5 POH-KIS Internationella utst\u00e4llning i Finland.<\/p>\n<\/div>\n<\/div>\n\n\n\n<div class=\"wp-block-columns is-layout-flex wp-container-core-columns-is-layout-28f84493 wp-block-columns-is-layout-flex\">\n<div class=\"wp-block-column is-layout-flow wp-block-column-is-layout-flow\">\n<figure class=\"wp-block-image size-large\"><img loading=\"lazy\" decoding=\"async\" width=\"775\" height=\"1024\" src=\"https:\/\/signeringen.se\/wp-content\/uploads\/2025\/10\/image-5-775x1024.png\" alt=\"\" class=\"wp-image-1916\" srcset=\"https:\/\/signeringen.se\/wp-content\/uploads\/2025\/10\/image-5-775x1024.png 775w, https:\/\/signeringen.se\/wp-content\/uploads\/2025\/10\/image-5-227x300.png 227w, https:\/\/signeringen.se\/wp-content\/uploads\/2025\/10\/image-5-768x1015.png 768w, https:\/\/signeringen.se\/wp-content\/uploads\/2025\/10\/image-5-1162x1536.png 1162w, https:\/\/signeringen.se\/wp-content\/uploads\/2025\/10\/image-5-1550x2048.png 1550w, https:\/\/signeringen.se\/wp-content\/uploads\/2025\/10\/image-5.png 1883w\" sizes=\"(max-width: 775px) 100vw, 775px\" \/><\/figure>\n<\/div>\n\n\n\n<div class=\"wp-block-column is-layout-flow wp-block-column-is-layout-flow\">\n<p class=\"has-custom-color-1-background-color has-background has-medium-font-size\">JCH KCH SE* Snowy Sapphires Ivy<\/p>\n\n\n\n<p class=\"has-custom-color-1-background-color has-background has-small-font-size\" style=\"border-radius:20px\">NEM a 09 21<br>Hona<br>\u00c4gare och fotograf: Claudia Bielinski<br><br>Titeln tagen den 27 september 2025 p\u00e5 Racekattens Internationella ust\u00e4llning i K\u00f6ge, Danmark <\/p>\n<\/div>\n<\/div>\n\n\n\n<div class=\"wp-block-columns is-layout-flex wp-container-core-columns-is-layout-28f84493 wp-block-columns-is-layout-flex\">\n<div class=\"wp-block-column is-layout-flow wp-block-column-is-layout-flow\">\n<figure class=\"wp-block-image size-large\"><img loading=\"lazy\" decoding=\"async\" width=\"1024\" height=\"461\" src=\"https:\/\/signeringen.se\/wp-content\/uploads\/2025\/09\/xlpi4bmnOBcR-inbound8512417601439381306-1024x461.jpg\" alt=\"\" class=\"wp-image-1851\" srcset=\"https:\/\/signeringen.se\/wp-content\/uploads\/2025\/09\/xlpi4bmnOBcR-inbound8512417601439381306-1024x461.jpg 1024w, https:\/\/signeringen.se\/wp-content\/uploads\/2025\/09\/xlpi4bmnOBcR-inbound8512417601439381306-300x135.jpg 300w, https:\/\/signeringen.se\/wp-content\/uploads\/2025\/09\/xlpi4bmnOBcR-inbound8512417601439381306-768x346.jpg 768w, https:\/\/signeringen.se\/wp-content\/uploads\/2025\/09\/xlpi4bmnOBcR-inbound8512417601439381306-1536x691.jpg 1536w, https:\/\/signeringen.se\/wp-content\/uploads\/2025\/09\/xlpi4bmnOBcR-inbound8512417601439381306-2048x922.jpg 2048w\" sizes=\"(max-width: 1024px) 100vw, 1024px\" \/><\/figure>\n<\/div>\n\n\n\n<div class=\"wp-block-column is-layout-flow wp-block-column-is-layout-flow\">\n<p class=\"has-custom-color-1-background-color has-background has-medium-font-size\">JCH Scuzzie&#8217;s Ruby rose<\/p>\n\n\n\n<p class=\"has-custom-color-1-background-color has-background has-small-font-size\" style=\"border-radius:20px\">NEM gs 09 21<br>Hona<br><br>\u00c4gare och fotograf: Kerstin wahlb\u00e4rj<br><br>Titeln togs den 28 juni 2025 p\u00e5 V\u00e4rmlands kattklubbs Internationella utst\u00e4llning i Forshaga<\/p>\n<\/div>\n<\/div>\n\n\n\n<div class=\"wp-block-columns is-layout-flex wp-container-core-columns-is-layout-28f84493 wp-block-columns-is-layout-flex\">\n<div class=\"wp-block-column is-layout-flow wp-block-column-is-layout-flow\">\n<figure class=\"wp-block-image size-large\"><img loading=\"lazy\" decoding=\"async\" width=\"784\" height=\"1024\" src=\"https:\/\/signeringen.se\/wp-content\/uploads\/2025\/03\/uh2J1AoLdFNy-Tiger-784x1024.jpg\" alt=\"\" class=\"wp-image-1450\" srcset=\"https:\/\/signeringen.se\/wp-content\/uploads\/2025\/03\/uh2J1AoLdFNy-Tiger-784x1024.jpg 784w, https:\/\/signeringen.se\/wp-content\/uploads\/2025\/03\/uh2J1AoLdFNy-Tiger-230x300.jpg 230w, https:\/\/signeringen.se\/wp-content\/uploads\/2025\/03\/uh2J1AoLdFNy-Tiger-768x1003.jpg 768w, https:\/\/signeringen.se\/wp-content\/uploads\/2025\/03\/uh2J1AoLdFNy-Tiger-1176x1536.jpg 1176w, https:\/\/signeringen.se\/wp-content\/uploads\/2025\/03\/uh2J1AoLdFNy-Tiger-1568x2048.jpg 1568w, https:\/\/signeringen.se\/wp-content\/uploads\/2025\/03\/uh2J1AoLdFNy-Tiger-scaled.jpg 1960w\" sizes=\"(max-width: 784px) 100vw, 784px\" \/><\/figure>\n<\/div>\n\n\n\n<div class=\"wp-block-column is-layout-flow wp-block-column-is-layout-flow\">\n<p class=\"has-custom-color-1-background-color has-background has-medium-font-size\">JCH, KCH SE*FurMountains Tiger<\/p>\n\n\n\n<p class=\"has-custom-color-1-background-color has-background has-small-font-size\" style=\"border-radius:20px\">SIB d 24<br>Hane<br><br>\u00c4gare: Malin Farneb\u00e4ck <br>Fotograf: Joachim Bernstr\u00f6m<br><br>Titeln togs den 22 mars 2025 p\u00e5 \u00d6stkattens Internationella utst\u00e4llning i Nyk\u00f6ping. <\/p>\n<\/div>\n<\/div>\n\n\n\n<div class=\"wp-block-columns is-layout-flex wp-container-core-columns-is-layout-28f84493 wp-block-columns-is-layout-flex\">\n<div class=\"wp-block-column is-layout-flow wp-block-column-is-layout-flow\">\n<figure class=\"wp-block-image size-large\"><img loading=\"lazy\" decoding=\"async\" width=\"1024\" height=\"769\" src=\"https:\/\/signeringen.se\/wp-content\/uploads\/2025\/01\/image-24-1024x769.png\" alt=\"\" class=\"wp-image-1113\" srcset=\"https:\/\/signeringen.se\/wp-content\/uploads\/2025\/01\/image-24-1024x769.png 1024w, https:\/\/signeringen.se\/wp-content\/uploads\/2025\/01\/image-24-300x225.png 300w, https:\/\/signeringen.se\/wp-content\/uploads\/2025\/01\/image-24-768x577.png 768w, https:\/\/signeringen.se\/wp-content\/uploads\/2025\/01\/image-24-1536x1153.png 1536w, https:\/\/signeringen.se\/wp-content\/uploads\/2025\/01\/image-24-2048x1538.png 2048w\" sizes=\"(max-width: 1024px) 100vw, 1024px\" \/><\/figure>\n<\/div>\n\n\n\n<div class=\"wp-block-column is-layout-flow wp-block-column-is-layout-flow\">\n<p class=\"has-custom-color-1-background-color has-background has-medium-font-size\">JCH, KCH SE*Cupiditas Feles Hedwig<\/p>\n\n\n\n<p class=\"has-custom-color-1-background-color has-background has-small-font-size\" style=\"border-radius:20px\">NEM f 03<br>Hona<br>\u00c4gare och fotograf: Fia Lusth<br><br>Titeln togs den 5 januari 2025 p\u00e5 Fr\u00e4set kattklubbs Internationella utst\u00e4llning i Rasbo.<\/p>\n<\/div>\n<\/div>\n\n\n\n<div class=\"wp-block-columns is-layout-flex wp-container-core-columns-is-layout-28f84493 wp-block-columns-is-layout-flex\">\n<div class=\"wp-block-column is-layout-flow wp-block-column-is-layout-flow\">\n<figure class=\"wp-block-image size-full\"><img loading=\"lazy\" decoding=\"async\" width=\"480\" height=\"647\" src=\"https:\/\/signeringen.se\/wp-content\/uploads\/2024\/12\/image-5.png\" alt=\"\" class=\"wp-image-160\" srcset=\"https:\/\/signeringen.se\/wp-content\/uploads\/2024\/12\/image-5.png 480w, https:\/\/signeringen.se\/wp-content\/uploads\/2024\/12\/image-5-223x300.png 223w\" sizes=\"(max-width: 480px) 100vw, 480px\" \/><\/figure>\n<\/div>\n\n\n\n<div class=\"wp-block-column has-archivo-font-family is-layout-flow wp-block-column-is-layout-flow\" style=\"font-size:clamp(0.875rem, 0.875rem + ((1vw - 0.2rem) * 0.208), 1rem);font-style:normal;font-weight:400\">\n<p class=\"has-background has-medium-font-size\" style=\"background-color:#99999e5c\">JCH SE*SnowKitten Lucia <\/p>\n\n\n\n<p class=\"has-background\" style=\"border-radius:20px;background-color:#99999e5c\">SIB d 09 24<br>\u00c4gare &amp; fotograf: Teresa Hentil\u00e4<br><br>Titeln togs den 16 november 2024 p\u00e5 Birka Kattklubbs Internationella Kattutst\u00e4llning i S\u00f6dert\u00e4lje. <\/p>\n<\/div>\n<\/div>\n\n\n\n<div class=\"wp-block-columns is-layout-flex wp-container-core-columns-is-layout-28f84493 wp-block-columns-is-layout-flex\">\n<div class=\"wp-block-column is-layout-flow wp-block-column-is-layout-flow\">\n<figure class=\"wp-block-image size-large\"><img loading=\"lazy\" decoding=\"async\" width=\"1024\" height=\"955\" src=\"https:\/\/signeringen.se\/wp-content\/uploads\/2025\/02\/image-12-1024x955.png\" alt=\"\" class=\"wp-image-1297\" srcset=\"https:\/\/signeringen.se\/wp-content\/uploads\/2025\/02\/image-12-1024x955.png 1024w, https:\/\/signeringen.se\/wp-content\/uploads\/2025\/02\/image-12-300x280.png 300w, https:\/\/signeringen.se\/wp-content\/uploads\/2025\/02\/image-12-768x716.png 768w, https:\/\/signeringen.se\/wp-content\/uploads\/2025\/02\/image-12.png 1080w\" sizes=\"(max-width: 1024px) 100vw, 1024px\" \/><\/figure>\n<\/div>\n\n\n\n<div class=\"wp-block-column is-layout-flow wp-block-column-is-layout-flow\">\n<p class=\"has-custom-color-1-background-color has-background has-medium-font-size\">JCH S* Red Nex Blomman<\/p>\n\n\n\n<p class=\"has-custom-color-1-background-color has-background has-small-font-size\" style=\"border-radius:20px\">NEM a 21<br>Hona<br>\u00c4gare: Linda Vallon<br>Fotograf: Agnes Lindgren<br><br>Titeln togs den 22 september p\u00e5 Polarkattens Internationella utst\u00e4llning i Mo I rana, Norge<\/p>\n<\/div>\n<\/div>\n\n\n\n<div class=\"wp-block-columns is-layout-flex wp-container-core-columns-is-layout-28f84493 wp-block-columns-is-layout-flex\">\n<div class=\"wp-block-column is-layout-flow wp-block-column-is-layout-flow\">\n<figure class=\"wp-block-image size-full\"><img loading=\"lazy\" decoding=\"async\" width=\"491\" height=\"500\" src=\"https:\/\/signeringen.se\/wp-content\/uploads\/2024\/12\/Damajos-Hennie_ny22.jpg\" alt=\"\" class=\"wp-image-145\" srcset=\"https:\/\/signeringen.se\/wp-content\/uploads\/2024\/12\/Damajos-Hennie_ny22.jpg 491w, https:\/\/signeringen.se\/wp-content\/uploads\/2024\/12\/Damajos-Hennie_ny22-295x300.jpg 295w\" sizes=\"(max-width: 491px) 100vw, 491px\" \/><\/figure>\n<\/div>\n\n\n\n<div class=\"wp-block-column has-archivo-font-family is-layout-flow wp-block-column-is-layout-flow\" style=\"font-size:clamp(0.875rem, 0.875rem + ((1vw - 0.2rem) * 0.208), 1rem);font-style:normal;font-weight:400\">\n<p class=\"has-background has-medium-font-size\" style=\"background-color:#99999e5c\">JCH KCH SE*Damajo&#8217;s Hennie<\/p>\n\n\n\n<p class=\"has-background\" style=\"border-radius:20px;background-color:#99999e5c\">SIB ny22<br>\u00c4gare &amp; fotograf: Malin Farneb\u00e4ck<br><br>Titeln togs den 30 juni 2024 p\u00e5 V\u00e4rmlands kattkubbs Internationella Utst\u00e4llning i Forshaga.<\/p>\n<\/div>\n<\/div>\n\n\n\n<div class=\"wp-block-columns is-layout-flex wp-container-core-columns-is-layout-28f84493 wp-block-columns-is-layout-flex\">\n<div class=\"wp-block-column is-layout-flow wp-block-column-is-layout-flow\">\n<figure class=\"wp-block-image size-large\"><img loading=\"lazy\" decoding=\"async\" width=\"852\" height=\"1024\" src=\"https:\/\/signeringen.se\/wp-content\/uploads\/2025\/02\/image-22-852x1024.png\" alt=\"\" class=\"wp-image-1370\" srcset=\"https:\/\/signeringen.se\/wp-content\/uploads\/2025\/02\/image-22-852x1024.png 852w, https:\/\/signeringen.se\/wp-content\/uploads\/2025\/02\/image-22-250x300.png 250w, https:\/\/signeringen.se\/wp-content\/uploads\/2025\/02\/image-22-768x923.png 768w, https:\/\/signeringen.se\/wp-content\/uploads\/2025\/02\/image-22.png 1170w\" sizes=\"(max-width: 852px) 100vw, 852px\" \/><\/figure>\n<\/div>\n\n\n\n<div class=\"wp-block-column is-layout-flow wp-block-column-is-layout-flow\">\n<p class=\"has-custom-color-1-background-color has-background has-medium-font-size\">GIC JCH Z&#8217;Avi Kubaland PL*JW<\/p>\n\n\n\n<p class=\"has-custom-color-1-background-color has-background has-small-font-size\" style=\"border-radius:20px\">NEM n 09 21<br>Hane<br>\u00c4gare och fotograf: Elina Lindroth<br><br>Titeln togs den 13 april 2024 p\u00e5 Birka kattklubbs Internationella utst\u00e4llning i Tumba<\/p>\n<\/div>\n<\/div>\n\n\n\n<div class=\"wp-block-columns is-layout-flex wp-container-core-columns-is-layout-28f84493 wp-block-columns-is-layout-flex\">\n<div class=\"wp-block-column is-layout-flow wp-block-column-is-layout-flow\">\n<figure class=\"wp-block-image size-full\"><img loading=\"lazy\" decoding=\"async\" width=\"500\" height=\"500\" src=\"https:\/\/signeringen.se\/wp-content\/uploads\/2024\/12\/Tina-Cat-Siesta_PL.jpg\" alt=\"\" class=\"wp-image-146\" srcset=\"https:\/\/signeringen.se\/wp-content\/uploads\/2024\/12\/Tina-Cat-Siesta_PL.jpg 500w, https:\/\/signeringen.se\/wp-content\/uploads\/2024\/12\/Tina-Cat-Siesta_PL-300x300.jpg 300w, https:\/\/signeringen.se\/wp-content\/uploads\/2024\/12\/Tina-Cat-Siesta_PL-150x150.jpg 150w\" sizes=\"(max-width: 500px) 100vw, 500px\" \/><\/figure>\n<\/div>\n\n\n\n<div class=\"wp-block-column has-archivo-font-family is-layout-flow wp-block-column-is-layout-flow\" style=\"font-size:clamp(0.875rem, 0.875rem + ((1vw - 0.2rem) * 0.208), 1rem);font-style:normal;font-weight:400\">\n<p class=\"has-background has-medium-font-size\" style=\"background-color:#99999e5c\">JCH Tina Cat Siesta *PL<\/p>\n\n\n\n<p class=\"has-background\" style=\"border-radius:20px;background-color:#99999e5c\">NEM n<br>\u00c4gare: Malin Spiik<br>Fotograf: Madelene Jonsson<br><br>Titlen togs den 30 mars 2024 p\u00e5 Spinneriets Internationella Utst\u00e4llning i V\u00e4stra Fr\u00f6lunda. <\/p>\n<\/div>\n<\/div>\n\n\n\n<div class=\"wp-block-columns is-layout-flex wp-container-core-columns-is-layout-28f84493 wp-block-columns-is-layout-flex\">\n<div class=\"wp-block-column is-layout-flow wp-block-column-is-layout-flow\">\n<figure class=\"wp-block-image size-full\"><img loading=\"lazy\" decoding=\"async\" width=\"482\" height=\"500\" src=\"https:\/\/signeringen.se\/wp-content\/uploads\/2024\/12\/Thorncats-Callisto-Luka.jpg\" alt=\"\" class=\"wp-image-144\" srcset=\"https:\/\/signeringen.se\/wp-content\/uploads\/2024\/12\/Thorncats-Callisto-Luka.jpg 482w, https:\/\/signeringen.se\/wp-content\/uploads\/2024\/12\/Thorncats-Callisto-Luka-289x300.jpg 289w\" sizes=\"(max-width: 482px) 100vw, 482px\" \/><\/figure>\n<\/div>\n\n\n\n<div class=\"wp-block-column has-archivo-font-family is-layout-flow wp-block-column-is-layout-flow\" style=\"font-size:clamp(0.875rem, 0.875rem + ((1vw - 0.2rem) * 0.208), 1rem);font-style:normal;font-weight:400\">\n<p class=\"has-background has-archivo-font-family has-medium-font-size\" style=\"background-color:#99999e5c;font-style:normal;font-weight:400\">JCH SE*Thorncat&#8217;s Callisto Luka<\/p>\n\n\n\n<p class=\"has-background\" style=\"border-radius:20px;background-color:#99999e5c\">NEM a<br>\u00c4gare &amp; Fotograf: Anneli Thorn<br><br>Titeln togs den 27 januari 2024 p\u00e5 Vi Katt\u00e4gares Internationella Utst\u00e4llning i Kumla. <\/p>\n<\/div>\n<\/div>\n\n\n\n<p><\/p>\n","protected":false},"excerpt":{"rendered":"<p>FIFe-titEL JCH En raskatt, oavsett kastrat eller ej, som \u00e4r minst 8 m\u00e5nader och ej har fyllt 12 m\u00e5nader t\u00e4vlar i klass 11 och kan erh\u00e5lla titeln Junior Champion. Efter tagen titel blir katten ej stoppad utan kan forts\u00e4tta t\u00e4vla i samma klass. Katten beh\u00f6ver ej ha tagit Kitten Champion innan den tar Junior Champion.&nbsp; [&hellip;]<\/p>\n","protected":false},"author":2,"featured_media":0,"parent":64,"menu_order":0,"comment_status":"closed","ping_status":"closed","template":"","meta":{"inline_featured_image":false,"footnotes":""},"class_list":["post-84","page","type-page","status-publish","hentry"],"_links":{"self":[{"href":"https:\/\/signeringen.se\/index.php\/wp-json\/wp\/v2\/pages\/84","targetHints":{"allow":["GET"]}}],"collection":[{"href":"https:\/\/signeringen.se\/index.php\/wp-json\/wp\/v2\/pages"}],"about":[{"href":"https:\/\/signeringen.se\/index.php\/wp-json\/wp\/v2\/types\/page"}],"author":[{"embeddable":true,"href":"https:\/\/signeringen.se\/index.php\/wp-json\/wp\/v2\/users\/2"}],"replies":[{"embeddable":true,"href":"https:\/\/signeringen.se\/index.php\/wp-json\/wp\/v2\/comments?post=84"}],"version-history":[{"count":20,"href":"https:\/\/signeringen.se\/index.php\/wp-json\/wp\/v2\/pages\/84\/revisions"}],"predecessor-version":[{"id":2130,"href":"https:\/\/signeringen.se\/index.php\/wp-json\/wp\/v2\/pages\/84\/revisions\/2130"}],"up":[{"embeddable":true,"href":"https:\/\/signeringen.se\/index.php\/wp-json\/wp\/v2\/pages\/64"}],"wp:attachment":[{"href":"https:\/\/signeringen.se\/index.php\/wp-json\/wp\/v2\/media?parent=84"}],"curies":[{"name":"wp","href":"https:\/\/api.w.org\/{rel}","templated":true}]}}