{"id":885,"date":"2025-01-11T16:50:14","date_gmt":"2025-01-11T16:50:14","guid":{"rendered":"https:\/\/signeringen.se\/?page_id=885"},"modified":"2025-01-11T16:50:14","modified_gmt":"2025-01-11T16:50:14","slug":"km-2023","status":"publish","type":"page","link":"https:\/\/signeringen.se\/index.php\/km-2023\/","title":{"rendered":"KM 2023"},"content":{"rendered":"\n<h1 class=\"wp-block-heading alignwide\">&nbsp;Resultat KM 2023<\/h1>\n\n\n\n<h4 class=\"wp-block-heading alignwide\">Resultat fr\u00e5n klubbm\u00e4sterskapet i Med\u00e5ker, Arboga\u00a0 2023<\/h4>\n\n\n\n<div class=\"wp-block-cover alignwide is-light\"><span aria-hidden=\"true\" class=\"wp-block-cover__background has-background-dim\"><\/span><img decoding=\"async\" class=\"wp-block-cover__image-background\" alt=\"Oversikt 1\" src=\"https:\/\/lh7-rt.googleusercontent.com\/docsz\/AD_4nXePiJ_7TMOJhsZ8CutCHMWKlWnkbL--J21aRabYbpxMilot3JQLr9PnU3blQJ7T5na2Z4F0w74qecf1DC4e-1hd_u_zaDXwI0VNiKOBD6UQVzE22eg19jf7urUoFkw2-0emfqafid_BEtdximbTsw?key=DGDKmHGrWfQ52oy6UfpcvpYF\" style=\"object-position:50% 37%\" data-object-fit=\"cover\" data-object-position=\"50% 37%\"\/><div class=\"wp-block-cover__inner-container is-layout-flow wp-block-cover-is-layout-flow\">\n<p class=\"has-text-align-center has-background-color has-text-color has-link-color has-medium-font-size wp-elements-e0952a73e200de637ff8abb65fb7d527\">Varje grupp <strong>nominerade<\/strong> den med <strong>b\u00e4sta huvud<\/strong>, b\u00e4sta<strong> p\u00e4ls<\/strong>, b\u00e4sta <strong>svans<\/strong>, b\u00e4sta <strong>kropp<\/strong> och den <strong>trevligaste<\/strong>. Alla deltagarna r\u00f6stade sedan genom handuppr\u00e4ckning p\u00e5 den katt de ans\u00e5g vara b\u00e4st.<br>Vinnarna fick <strong>priser fr\u00e5n Agria, Irene\u00b4s Burskynken, SIgNEringen och S*Solsibs.<\/strong><\/p>\n<\/div><\/div>\n\n\n\n<h3 class=\"wp-block-heading has-text-align-center\">Klubbm\u00e4stare 2023<\/h3>\n\n\n\n<figure class=\"wp-block-image is-resized\"><img decoding=\"async\" src=\"https:\/\/lh7-rt.googleusercontent.com\/docsz\/AD_4nXe94kZ1QkHngA_5Gfcl4jNWp-N8fGMBLOMxzLpj31iwvbs1z0CB30YpdSSSGmifA9Ny7zug7n6TWpkQJ6XEja0F9SEvM_Cckdcmuh3gk8C7-Euydqylakju9zxudPH9YFSRbu9txdxdzWFX3Oee_g?key=DGDKmHGrWfQ52oy6UfpcvpYF\" alt=\"KM2023 Millantorps Anastasi\" style=\"width:654px;height:auto\"\/><\/figure>\n\n\n\n<p class=\"has-text-align-center\"><strong>SE*Millantorps Anastasia, NEM n 21&nbsp;<\/strong><\/p>\n\n\n\n<h3 class=\"wp-block-heading has-text-align-center\">Publikfavorit 2023<\/h3>\n\n\n\n<div class=\"wp-block-group has-global-padding is-layout-constrained wp-block-group-is-layout-constrained\">\n<figure class=\"wp-block-image is-resized\"><img decoding=\"async\" src=\"https:\/\/lh7-rt.googleusercontent.com\/docsz\/AD_4nXf9fLrSeTh-My1kIGcQTJvV3NKnUTM6Lo0Y2YZPe734tkIX7CNKZ08cghlV_PxFZ-BrQOyskOIskXSgVhUapfU611bGlOSqGDBGZa7Cz762XJoC0VG3DplhF7tZMnVhSsx7p3-2snfrGKzqnTIThw4?key=DGDKmHGrWfQ52oy6UfpcvpYF\" alt=\"KM2023 Publikfavorit Gedmin\" style=\"width:268px;height:auto\"\/><\/figure>\n\n\n\n<p><strong>Gedminas Freja, NEM as 09 21<\/strong><br>\u00c4gare: Lena Gedminas, visas h\u00e4r av barnbarnet.<\/p>\n<\/div>\n\n\n\n<div class=\"wp-block-columns alignwide is-layout-flex wp-container-core-columns-is-layout-28f84493 wp-block-columns-is-layout-flex\">\n<div class=\"wp-block-column is-layout-flow wp-block-column-is-layout-flow\">\n<figure class=\"wp-block-image aligncenter is-resized\"><img decoding=\"async\" src=\"https:\/\/lh7-rt.googleusercontent.com\/docsz\/AD_4nXdf8CAQE0kzivKRYEKQmaLkAJBmbXtA7Gt7NV_i9I0HHSZ3GGdDtup7yCZ9Lb-u0lxgVq9njU4xJnFbsBwncqkk_l_iYYqLZ4empecpvQb1fUaXcnrl6uGX7AOgFPdzHnGl5QJH8kdjyajq9PyuCf8?key=DGDKmHGrWfQ52oy6UfpcvpYF\" alt=\"Nr 14\" style=\"width:351px;height:auto\"\/><\/figure>\n<\/div>\n\n\n\n<div class=\"wp-block-column has-custom-color-1-background-color has-background is-layout-flow wp-block-column-is-layout-flow\">\n<p class=\"has-medium-font-size\">Vinnare b\u00e4sta huvud<\/p>\n\n\n\n<p class=\"has-small-font-size\" style=\"margin-top:var(--wp--preset--spacing--20);margin-right:var(--wp--preset--spacing--20);margin-bottom:var(--wp--preset--spacing--20);margin-left:var(--wp--preset--spacing--20)\">Nr 14\u00a0 <strong>SE*Millantorps Anastasia\u00a0 <\/strong>\u00a0 \u00a0 \u00a0 \u00a0 \u00a0 \u00a0 <br>NEM n 21 (fertil hona) \u00a0\u00a0\u00a0 <br>f\u00f6dd: 2020-10-31<br>Far:\u00a0Niko Kubaland*PL\u00a0\u00a0\u00a0\u00a0 mor:\u00a0SE*Bergsgl\u00e4ntans Amazing Zoey<br><br>\u00c4gare:\u00a0 Veronica Andersson\u00a0 \u00a0 <br>Fotograf: Annica Bergtr\u00f6m<br><\/p>\n\n\n\n<p class=\"has-small-font-size\" style=\"margin-right:var(--wp--preset--spacing--20);margin-left:var(--wp--preset--spacing--20)\">\u00c4ven nominerad till b\u00e4sta f\u00e4rg(m\u00f6nster\/maskning).<\/p>\n<\/div>\n<\/div>\n\n\n\n<div class=\"wp-block-columns alignwide is-layout-flex wp-container-core-columns-is-layout-28f84493 wp-block-columns-is-layout-flex\">\n<div class=\"wp-block-column is-layout-flow wp-block-column-is-layout-flow\">\n<figure class=\"wp-block-image aligncenter is-resized\"><img decoding=\"async\" src=\"https:\/\/lh7-rt.googleusercontent.com\/docsz\/AD_4nXfBY9r0MC4vE5oDhwt72ThCRzlFa5Z1MBv6UYNR_lMItFGicsrS78g3Tcf4yl33bT9dcae9ujKMYH4t3RBc5y-nF2N46EpgbLaoJ3CVVNNz_bwAOaF_bg4KtcgX1969XKp44HYnFzOiUgvCvflpDw?key=DGDKmHGrWfQ52oy6UfpcvpYF\" alt=\"Nr 23 Joxaren\" style=\"width:320px;height:auto\"\/><\/figure>\n<\/div>\n\n\n\n<div class=\"wp-block-column has-custom-color-1-background-color has-background has-small-font-size is-layout-flow wp-block-column-is-layout-flow\">\n<p class=\"has-medium-font-size\">Vinnare b\u00e4sta kropp<\/p>\n\n\n\n<p>Nr 23<strong>\u00a0 CH SE*Missmazarin&#8217;s Joxaren\u00a0\u00a0<\/strong>\u00a0\u00a0\u00a0\u00a0\u00a0\u00a0\u00a0\u00a0\u00a0\u00a0\u00a0\u00a0\u00a0\u00a0<br>NEM n 21, fertil hane <br>f\u00f6dd:\u00a02022-10-30<br>Far: IC SE*Vr\u00e5skogen&#8217;s Nemo \u00a0 mor:\u00a0S*Bagareg\u00e5rden&#8217;s Olga<\/p>\n\n\n\n<p>\u00c4gare:\u00a0Fredrika J\u00e4speri \u00a0 \u00a0 \u00a0\u00a0 <br>Fotograf: Annica Bergstr\u00f6m<\/p>\n\n\n\n<p>\u00c4ven nominerad till b\u00e4sta huvud, p\u00e4ls och hj\u00e4rtligaste.<\/p>\n<\/div>\n<\/div>\n\n\n\n<div class=\"wp-block-columns alignwide is-layout-flex wp-container-core-columns-is-layout-28f84493 wp-block-columns-is-layout-flex\">\n<div class=\"wp-block-column is-layout-flow wp-block-column-is-layout-flow\">\n<figure class=\"wp-block-image aligncenter is-resized\"><img decoding=\"async\" src=\"https:\/\/lh7-rt.googleusercontent.com\/docsz\/AD_4nXedBE3qWVSJeXgqbDBDJpwLcd47dfIVbbuLjTWde8P_gzaRpDh4eFhpOtwnxs2D7yrRpOvza024Pm80-5ULubB1Hlb4d-2FxgxnwLcKDxrjpzGLKEaV5kIQkFAIlAuJ9dApVBjqk7V5Tlwse9Ee4A?key=DGDKmHGrWfQ52oy6UfpcvpYF\" alt=\"KM nr22\" style=\"width:296px;height:auto\"\/><\/figure>\n<\/div>\n\n\n\n<div class=\"wp-block-column has-custom-color-1-background-color has-background has-small-font-size is-layout-flow wp-block-column-is-layout-flow\">\n<p class=\"has-medium-font-size\">Vinnare b\u00e4sta svans<\/p>\n\n\n\n<p>Nr 22<strong>\u00a0 SE*Qvarnlunds Golden Frasse<\/strong><\/p>\n\n\n\n<p>NEM\u00a0 09 21, fertil hane\u00a0\u00a0\u00a0\u00a0\u00a0\u00a0 <br>f\u00f6dd:\u00a02022-07-22<\/p>\n\n\n\n<p>Far:&nbsp;Ionel Kyr\u00e9n\u00e9, CZ &nbsp; mor:&nbsp;S*Acholes Corina<\/p>\n\n\n\n<p>\u00c4gare:\u00a0Josefin Qvarnstr\u00f6m Hedlund<\/p>\n\n\n\n<p>\u00c4ven nominerad till b\u00e4sta kropp.<\/p>\n<\/div>\n<\/div>\n\n\n\n<div class=\"wp-block-columns alignwide is-layout-flex wp-container-core-columns-is-layout-28f84493 wp-block-columns-is-layout-flex\">\n<div class=\"wp-block-column is-layout-flow wp-block-column-is-layout-flow\">\n<figure class=\"wp-block-image aligncenter is-resized\"><img decoding=\"async\" src=\"https:\/\/lh7-rt.googleusercontent.com\/docsz\/AD_4nXeq0ZW4UDgrZM7s5aOZvjVWaRsxrAssUSNa-0JyMMrBJLtP-eIsJ2zsLqV11o5SfzwPOBJMJCVOOoKXsS5eIyTbFYz1Kv-N7qz06C0YRw6tsWN-4n1Tl29yL809fDIAtEHX1mUl-rbzOKzDYqimhMc?key=DGDKmHGrWfQ52oy6UfpcvpYF\" alt=\"KM nr24\" style=\"width:305px;height:auto\"\/><\/figure>\n<\/div>\n\n\n\n<div class=\"wp-block-column has-custom-color-1-background-color has-background is-layout-flow wp-block-column-is-layout-flow\">\n<p class=\"has-medium-font-size\">Vinnare b\u00e4sta p\u00e4ls<\/p>\n\n\n\n<p>Nr 24\u00a0<strong> IC SE* Vr\u00e5skogens Nemo<\/strong> \u00a0 \u00a0 \u00a0 \u00a0 \u00a0 \u00a0NEM a 21, fertil hane\u00a0\u00a0\u00a0\u00a0\u00a0\u00a0 <br>f\u00f6dd:\u00a02021-01-08<\/p>\n\n\n\n<p>Far:&nbsp;Debussy Vistula *PL &nbsp; mor:&nbsp;SE*Saltsj\u00f6-Boos Gloria<\/p>\n\n\n\n<p><strong>\u00c4gare<\/strong>:\u00a0Michaela Slotte<\/p>\n\n\n\n<p>\u00c4ven nominerad till b\u00e4sta kropp.<\/p>\n<\/div>\n<\/div>\n\n\n\n<div class=\"wp-block-columns alignwide is-layout-flex wp-container-core-columns-is-layout-28f84493 wp-block-columns-is-layout-flex\">\n<div class=\"wp-block-column is-layout-flow wp-block-column-is-layout-flow\">\n<figure class=\"wp-block-image aligncenter is-resized\"><img decoding=\"async\" src=\"https:\/\/lh7-rt.googleusercontent.com\/docsz\/AD_4nXdf8CAQE0kzivKRYEKQmaLkAJBmbXtA7Gt7NV_i9I0HHSZ3GGdDtup7yCZ9Lb-u0lxgVq9njU4xJnFbsBwncqkk_l_iYYqLZ4empecpvQb1fUaXcnrl6uGX7AOgFPdzHnGl5QJH8kdjyajq9PyuCf8?key=DGDKmHGrWfQ52oy6UfpcvpYF\" alt=\"Nr 14\" style=\"width:351px;height:auto\"\/><\/figure>\n<\/div>\n\n\n\n<div class=\"wp-block-column has-custom-color-1-background-color has-background is-layout-flow wp-block-column-is-layout-flow\">\n<p class=\"has-medium-font-size\">Vinnare b\u00e4sta f\u00e4rg(m\u00f6nster\/maskning)<\/p>\n\n\n\n<p>Nr 14<strong>\u00a0 SE*Millantorps Anastasia<\/strong><br>NEM n 21 (fertil hona) \u00a0\u00a0\u00a0 <br>f\u00f6dd: 2020-10-31<br>Far:\u00a0Niko Kubaland*PL\u00a0\u00a0\u00a0\u00a0 mor:\u00a0SE*Bergsgl\u00e4ntans Amazing Zoey <\/p>\n\n\n\n<p>\u00c4gare:\u00a0 Veronica Andersson\u00a0 \u00a0 <br>Fotograf: Annica Bergtr\u00f6m\u00a0 \u00a0 \u00a0 \u00a0 \u00a0 \u00a0<\/p>\n\n\n\n<p>\u00c4ven nominerad och vinnare till b\u00e4sta huvud.&nbsp;<\/p>\n<\/div>\n<\/div>\n\n\n\n<div class=\"wp-block-columns alignwide is-layout-flex wp-container-core-columns-is-layout-28f84493 wp-block-columns-is-layout-flex\">\n<div class=\"wp-block-column is-vertically-aligned-center is-layout-flow wp-block-column-is-layout-flow\">\n<figure class=\"wp-block-image aligncenter is-resized\"><img decoding=\"async\" src=\"https:\/\/lh7-rt.googleusercontent.com\/docsz\/AD_4nXdclinCFYULAgRTvmBOhM7rF4ib1NB6pSSmWtUPE4WgNZZCK4U_Y39R1yqupaGuDQKiuBOgdWAybheT7G9GnOWkVeJya2RRxl5uW1WQZ149C4vrJWGDFVO47gr0k9DmXt50MFy02oKDTSrajJ69VTs?key=DGDKmHGrWfQ52oy6UfpcvpYF\" alt=\"KM Nr3\" style=\"width:320px;height:auto\"\/><\/figure>\n<\/div>\n\n\n\n<div class=\"wp-block-column has-custom-color-1-background-color has-background has-small-font-size is-layout-flow wp-block-column-is-layout-flow\">\n<p class=\"has-medium-font-size\">Vinnare b\u00e4sta morrh\u00e5r<\/p>\n\n\n\n<p>Nr 3<strong>\u00a0 SE*Gedminas Freja \u00a0\u00a0\u00a0<\/strong>\u00a0\u00a0\u00a0\u00a0\u00a0\u00a0\u00a0\u00a0\u00a0\u00a0\u00a0\u00a0\u00a0\u00a0\u00a0\u00a0\u00a0\u00a0\u00a0\u00a0\u00a0\u00a0\u00a0\u00a0\u00a0\u00a0\u00a0\u00a0\u00a0\u00a0\u00a0\u00a0\u00a0\u00a0\u00a0\u00a0\u00a0\u00a0\u00a0<br>NEM as 09 21, fertil hona \u00a0\u00a0\u00a0\u00a0 <br>f\u00f6dd:\u00a02023-03-19<\/p>\n\n\n\n<p>Far:\u00a0\u00a0SE* SuzNoOne&#8217;s Oden \u00a0 \u00a0 \u00a0 <br>mor:\u00a0SE*Gedminas Bettan<\/p>\n\n\n\n<p class=\"has-small-font-size\">\u00c4gare: Lena Gedminas\u00a0 \u00a0 \u00a0 \u00a0\u00a0 <br>Fotograf: Airi Andersson<\/p>\n\n\n\n<p>\u00c4ven nominerad till b\u00e4sta huvud, svans och f\u00e4rg (m\u00f6nster\/maskning)!<\/p>\n<\/div>\n<\/div>\n\n\n\n<div class=\"wp-block-columns alignwide is-layout-flex wp-container-core-columns-is-layout-28f84493 wp-block-columns-is-layout-flex\">\n<div class=\"wp-block-column is-layout-flow wp-block-column-is-layout-flow\">\n<figure class=\"wp-block-image aligncenter is-resized\"><img decoding=\"async\" src=\"https:\/\/lh7-rt.googleusercontent.com\/docsz\/AD_4nXf1ARhKGtFNdecHUbhHFisafAcxVOIefz_6LEIfjSv4Q8oJO1pvHhVRAmItQLVTKzyMyh4HdchWk0DybyMRiujJbpEUjesSNXj-9iPEKxZxKsQumH_iybDExAmnnTFDjQBe9OjMUFppzQlR8WAYgZI?key=DGDKmHGrWfQ52oy6UfpcvpYF\" alt=\"KM nr 20\" style=\"width:320px;height:auto\"\/><\/figure>\n<\/div>\n\n\n\n<div class=\"wp-block-column has-custom-color-1-background-color has-background has-small-font-size is-layout-flow wp-block-column-is-layout-flow\">\n<p class=\"has-medium-font-size\">Vinnare hj\u00e4rtligaste<\/p>\n\n\n\n<p>Nr 20<strong>\u00a0 Xyniu Phantom cats \u00a0 \u00a0\u00a0 \u00a0 \u00a0 \u00a0 \u00a0 \u00a0 \u00a0 \u00a0 \u00a0 \u00a0 <\/strong><br>SIB d 09 24, fertil hane\u00a0\u00a0\u00a0\u00a0\u00a0\u00a0 <br>f\u00f6dd:\u00a02022-11-15<\/p>\n\n\n\n<p>Far:\u00a0Yupiter sibierian Sapphire \u00a0 <br>mor:\u00a0Chaliez Phantom cats\u00a0<\/p>\n\n\n\n<p><strong>\u00c4gare<\/strong>:\u00a0Kerstin Wahlb\u00e4rj<\/p>\n\n\n\n<p>\u00c4ven nominerad till b\u00e4sta kropp!<\/p>\n<\/div>\n<\/div>\n\n\n\n<div class=\"wp-block-group alignwide has-custom-color-1-background-color has-background has-large-font-size is-nowrap is-layout-flex wp-container-core-group-is-layout-6c531013 wp-block-group-is-layout-flex\">\n<p>\u00d6vriga nominerade<\/p>\n<\/div>\n\n\n\n<h3 class=\"wp-block-heading alignwide\">B\u00e4sta huvud\u00a0<\/h3>\n\n\n\n<div class=\"wp-block-columns alignwide is-layout-flex wp-container-core-columns-is-layout-28f84493 wp-block-columns-is-layout-flex\">\n<div class=\"wp-block-column has-custom-color-1-background-color has-background has-small-font-size is-layout-flow wp-block-column-is-layout-flow\">\n<p>Nr 2<strong>\u00a0 SE*Thorncat&#8217;s Callisto Luka<\/strong>\u00a0\u00a0\u00a0\u00a0 <br>NEM a, fertil hane \u00a0\u00a0\u00a0\u00a0 <br>f\u00f6dd: 2023-03-29<br>Far:\u00a0\u00a0FI*Pikku-Priin Lukas Hradecky \u00a0 \u00a0 \u00a0 <br>mor: SE*Caradonna&#8217;s Ballerina<\/p>\n\n\n\n<figure class=\"wp-block-image\"><img decoding=\"async\" src=\"https:\/\/lh7-rt.googleusercontent.com\/docsz\/AD_4nXejoNjg64EqRRsJqkhtHlUXHFOJLtlqLKznFf2EOhIPqxtWy4lGlKuv1xp2iv8XmsTZmW9TKRbHHMo6ZF3aophPr-0VyisXAyOT2ZCz6QBXNxwT3oRGWjweK17Up7FusR2ne4Nw6EO7XvdqO8VTig?key=DGDKmHGrWfQ52oy6UfpcvpYF\" alt=\"KM nr2 Thorncats Callisto Luka\"\/><\/figure>\n\n\n\n<p>\u00c4gare: Anneli Thorn<br>Se \u00e4ven b\u00e4sta svans, p\u00e4ls, hj\u00e4rtligaste!<\/p>\n<\/div>\n\n\n\n<div class=\"wp-block-column has-custom-color-1-background-color has-background has-small-font-size is-layout-flow wp-block-column-is-layout-flow\">\n<p>Nr 10<strong>\u00a0 SE*Millantorps Diamond <\/strong>\u00a0\u00a0\u00a0\u00a0 <br>SIB ny 22, kastrat hane \u00a0\u00a0\u00a0\u00a0 f\u00f6dd:\u00a02022-04-15<br>Far:\u00a0\u00a0DK*Agrippina\u2019s kolja xellentsen \u00a0 \u00a0 mor:\u00a0CH SE*Nilukas\u2019s Abrianu Narnia<\/p>\n\n\n\n<figure class=\"wp-block-image\"><img decoding=\"async\" src=\"https:\/\/lh7-rt.googleusercontent.com\/docsz\/AD_4nXfzaurZceG4jVnRjfuTknCF0RQfqynLX1tZEG_L_UeC6cfD6WDPPDuy9KatojfGj545JM2pcunVtRwrNUE871qVixBNAqAY5-mDNG5h6-wQWQVRKMCs8MKSnpbqXy6dJCZ-T00uEmH9Ofqv-MrHKA?key=DGDKmHGrWfQ52oy6UfpcvpYF\" alt=\"KM Nr 10\"\/><\/figure>\n\n\n\n<p>\u00c4gare: Veronica Andersson<br>Se \u00e4ven b\u00e4sta f\u00e4rg(m\u00f6nster\/maksning)!<\/p>\n<\/div>\n\n\n\n<div class=\"wp-block-column has-custom-color-1-background-color has-background has-small-font-size is-layout-flow wp-block-column-is-layout-flow\">\n<p>Nr 12<strong>\u00a0 SE*Inova&#8217;s Benice Zchalmanova \u00a0<\/strong>\u00a0\u00a0\u00a0\u00a0 NEM ns 03 21, fertil hona\u00a0 f\u00f6dd:\u00a02020-10-18<br>Far:\u00a0SE*Bergsgl\u00e4ntans Awesome Zchalman \u00a0 mor:\u00a0CH S*Solsibs Ghalia Aslanova<\/p>\n\n\n\n<figure class=\"wp-block-image is-resized\"><img decoding=\"async\" src=\"https:\/\/lh7-rt.googleusercontent.com\/docsz\/AD_4nXc4v_L_7Ds_D76jVslF3ZDgdxi-a5Ci5unofHYoJIqdiSKLfAAAwjsZdBGemXV2F8qqaz_I7tLR5KPu-oqJSqMismehS3ZTycIXYD-OnZmTjcKPP1UlabuqjWPSIpBC6T4K4aFfZ_oC4yIOXU87HUM?key=DGDKmHGrWfQ52oy6UfpcvpYF\" alt=\"KM Nr12\" style=\"width:168px;height:auto\"\/><\/figure>\n\n\n\n<p><strong>\u00c4gare<\/strong>: Mia Skoog<br>Se \u00e4ven b\u00e4sta morrh\u00e5r!<\/p>\n<\/div>\n<\/div>\n\n\n\n<div class=\"wp-block-columns alignwide is-layout-flex wp-container-core-columns-is-layout-28f84493 wp-block-columns-is-layout-flex\">\n<div class=\"wp-block-column has-custom-color-1-background-color has-background has-small-font-size is-layout-flow wp-block-column-is-layout-flow\">\n<p>Nr 3<strong>\u00a0 SE*Gedminas Freja <\/strong>\u00a0\u00a0\u00a0\u00a0<br>NEM as 09 21, fertil hona \u00a0\u00a0\u00a0\u00a0f\u00f6dd:\u00a02023-03-19<br>Far:\u00a0\u00a0SE* SuzNoOne&#8217;s Oden \u00a0 \u00a0 \u00a0 <br>mor:\u00a0SE*Gedminas Bettan<\/p>\n\n\n\n<figure class=\"wp-block-image aligncenter is-resized\"><img decoding=\"async\" src=\"https:\/\/lh7-rt.googleusercontent.com\/docsz\/AD_4nXdclinCFYULAgRTvmBOhM7rF4ib1NB6pSSmWtUPE4WgNZZCK4U_Y39R1yqupaGuDQKiuBOgdWAybheT7G9GnOWkVeJya2RRxl5uW1WQZ149C4vrJWGDFVO47gr0k9DmXt50MFy02oKDTSrajJ69VTs?key=DGDKmHGrWfQ52oy6UfpcvpYF\" alt=\"KM Nr3\" style=\"width:203px;height:auto\"\/><\/figure>\n\n\n\n<p>\u00c4gare: Lena Gedminas\u00a0 \u00a0 Fotograf: Airi Andersson<br>Se \u00e4ven b\u00e4sta svans och f\u00e4rg (m\u00f6nster\/maskning), morrh\u00e5r!<\/p>\n\n\n\n<p><img decoding=\"async\" alt=\"cup 32\" src=\"https:\/\/lh7-rt.googleusercontent.com\/docsz\/AD_4nXfgRnRt7ouEvTqOqlEdkdR2X0qjybRfQDfyfn8hTTkIgRCNsb7vIGZ8rV3NEqiBWLCIf0cqxZmj5_Ssi1i69GmCPdMMsg4UNXkhStsAaSY0Qy2nxLq1ND5xmbj7CddpMpZNbn2yteEIQXcJPJixttU?key=DGDKmHGrWfQ52oy6UfpcvpYF\" width=\"19\" height=\"19\">Vinnare publikfavorit!<\/p>\n<\/div>\n\n\n\n<div class=\"wp-block-column has-custom-color-1-background-color has-background has-small-font-size is-layout-flow wp-block-column-is-layout-flow\">\n<p class=\"has-small-font-size\">Nr 17<strong>\u00a0 SE*Thorncat&#8217;s Blue Beauty Raff \u00a0<\/strong>\u00a0\u00a0\u00a0\u00a0 <br>NEM a 21, fertil hona\u00a0 <br>f\u00f6dd:\u00a02022-04-09<br>Far:\u00a0Raffi Raff Blue Chelsea*PL \u00a0 mor:\u00a0SE*Caradonna&#8217;s Ballerina<\/p>\n\n\n\n<p>\u00c4gare: Anneli Thorn\u00a0<\/p>\n<\/div>\n\n\n\n<div class=\"wp-block-column has-custom-color-1-background-color has-background has-small-font-size is-layout-flow wp-block-column-is-layout-flow\">\n<p>Nr 23<strong>\u00a0 CH SE*Missmazarin&#8217;s Joxaren\u00a0\u00a0<\/strong>\u00a0\u00a0\u00a0\u00a0\u00a0\u00a0\u00a0\u00a0\u00a0\u00a0\u00a0\u00a0\u00a0\u00a0<br>NEM n 21, fertil hane <br>f\u00f6dd:\u00a02022-10-30<br>Far: IC SE*Vr\u00e5skogen&#8217;s Nemo \u00a0 mor:\u00a0S*Bagareg\u00e5rden&#8217;s Olga<\/p>\n\n\n\n<figure class=\"wp-block-image aligncenter is-resized\"><img decoding=\"async\" src=\"https:\/\/lh7-rt.googleusercontent.com\/docsz\/AD_4nXfBY9r0MC4vE5oDhwt72ThCRzlFa5Z1MBv6UYNR_lMItFGicsrS78g3Tcf4yl33bT9dcae9ujKMYH4t3RBc5y-nF2N46EpgbLaoJ3CVVNNz_bwAOaF_bg4KtcgX1969XKp44HYnFzOiUgvCvflpDw?key=DGDKmHGrWfQ52oy6UfpcvpYF\" alt=\"Nr 23 Joxaren\" style=\"width:320px;height:auto\"\/><\/figure>\n\n\n\n<p>\u00c4gare:\u00a0Fredrika J\u00e4speri \u00a0 Fotograf: Annica Bergstr\u00f6m<br>\u00c4ven nominerad till b\u00e4sta  p\u00e4ls och hj\u00e4rtligaste.<\/p>\n<\/div>\n<\/div>\n\n\n\n<h3 class=\"wp-block-heading alignwide has-text-align-left\"><strong>B\u00e4sta kropp<\/strong><\/h3>\n\n\n\n<div class=\"wp-block-columns alignwide is-layout-flex wp-container-core-columns-is-layout-28f84493 wp-block-columns-is-layout-flex\">\n<div class=\"wp-block-column has-custom-color-1-background-color has-background has-small-font-size is-layout-flow wp-block-column-is-layout-flow\">\n<p>Nr 4<strong>\u00a0 SE*Gedminas Elvira \u00a0\u00a0<\/strong>\u00a0\u00a0\u00a0\u00a0<br>NEM ns 09 21, fertil hona\u00a0\u00a0 <br>f\u00f6dd:\u00a02023-03-15<br>Far:\u00a0Grace ekt&#8217;s Alex \u00a0 <br>mor:\u00a0Ravenna Akseland<\/p>\n\n\n\n<figure class=\"wp-block-image\"><img decoding=\"async\" src=\"https:\/\/lh7-rt.googleusercontent.com\/docsz\/AD_4nXc6ZnSsBNOZeYnKO3wPjuhXrx0aWo_5NkZ38E9tQApOpvNjlQhEz3iGUSpJtt-NIh3uGMN6TGpzwEJ2Q7DIp9q4Cjfhzv5S9CGKZY5U3hMYuNZzaBxTNAfLlgZqWQJOUmqCNJCZXTTwDYrBF2Aj2LU?key=DGDKmHGrWfQ52oy6UfpcvpYF\" alt=\"Nr4 Gedminas Elvira\"\/><\/figure>\n\n\n\n<p>\u00c4gare:\u00a0Gullvi Fredriksson Sten<br>Se \u00e4ven b\u00e4sta svans, f\u00e4rg(m\u00f6nster\/maskning).<\/p>\n<\/div>\n\n\n\n<div class=\"wp-block-column has-custom-color-1-background-color has-background has-small-font-size is-layout-flow wp-block-column-is-layout-flow\">\n<p>Nr 6<strong>\u00a0 SE*Thorncat&#8217;s Cyril Luka \u00a0\u00a0<\/strong>\u00a0\u00a0\u00a0\u00a0 <br>NEM a, kastrat hane \u00a0 <br>f\u00f6dd:\u00a02023-03-29<br>Far:\u00a0FI*Pikku-Priin Lukas Hradecky \u00a0 <br>mor:\u00a0SE*Caradonna&#8217;s Ballerina<\/p>\n\n\n\n<figure class=\"wp-block-image\"><img decoding=\"async\" src=\"https:\/\/lh7-rt.googleusercontent.com\/docsz\/AD_4nXfOYIPEst4oaOiW2gBKUrb7t4DPMPqld7FVG4d4DxOFY1UXTJ7zKPYn--jOOEw5xjP92KjEzhnn6qXl2kmT_fEHqR0G9Z3_BvkiA-PLxOkWl1zeFSOeLfe4EShPb0MidrADue96hPO1egdnqCr1vFg?key=DGDKmHGrWfQ52oy6UfpcvpYF\" alt=\"KM nr6 Cyril\"\/><\/figure>\n\n\n\n<p><strong>\u00c4gare<\/strong>: Anneli Thorn<br>Se \u00e4ven b\u00e4sta f\u00e4rg(m\u00f6nster\/maskning).<\/p>\n<\/div>\n\n\n\n<div class=\"wp-block-column has-custom-color-1-background-color has-background has-small-font-size is-layout-flow wp-block-column-is-layout-flow\">\n<p>Nr 7<strong>\u00a0 SE*Inova&#8217;s Daisy Jackova\u00a0\u00a0\u00a0<\/strong>\u00a0\u00a0\u00a0\u00a0 <br>NEM n 03 21, kastrat hona \u00a0 <br>f\u00f6dd:\u00a02022-05-03<br>Far:\u00a0SE*Nevesis Jack Sparrow \u00a0 <br>mor:\u00a0SE*Inova&#8217;s Alice Eamesova<\/p>\n\n\n\n<figure class=\"wp-block-image\"><img decoding=\"async\" src=\"https:\/\/lh7-rt.googleusercontent.com\/docsz\/AD_4nXdY0ZSOcvUeYEnN_S3nbL4BMz09IFo2fcdAV54P4DuGwZcof_ImOv-TnNFFyfAn4uDHzTMhd0zlqxMUt9uNV03v95K8NSLvPRZJbDOOjk-ZVOd1HTAo6Ewnq_evyQ_hD4mK2MagwEWtKUBnjUjsYMo?key=DGDKmHGrWfQ52oy6UfpcvpYF\" alt=\"KM Nr 7\"\/><\/figure>\n\n\n\n<p><strong>\u00c4gare<\/strong>: Annica Bergstr\u00f6m<\/p>\n<\/div>\n<\/div>\n\n\n\n<div class=\"wp-block-columns alignwide is-layout-flex wp-container-core-columns-is-layout-28f84493 wp-block-columns-is-layout-flex\">\n<div class=\"wp-block-column has-custom-color-1-background-color has-background has-small-font-size is-layout-flow wp-block-column-is-layout-flow\">\n<p>Nr 8<strong>\u00a0 PR S* Mannegumman\u2019s Heidim Cappi \u00a0\u00a0<\/strong>\u00a0\u00a0\u00a0\u00a0 <br>NEM ny 21, kastrat hane \u00a0f\u00f6dd:\u00a02019-09-09<br>Far:\u00a0S*Mannegumman\u2019s Nadzed Heihei \u00a0 <br>mor:\u00a0S*Mannegumman\u2019s Nikcapo Dimah<\/p>\n\n\n\n<figure class=\"wp-block-image\"><img decoding=\"async\" src=\"https:\/\/lh7-rt.googleusercontent.com\/docsz\/AD_4nXcjOq6xQZKzjPmMCWXgGOZiR7L_rUXMGSZTzMwoQ5rTqRs9xfyotTAHKVNh8qqmNlfil2wt_TZdoPA0xJ67w73q8Vx8EprFZfCIR96PfVRvleb97S8uE9CNuAwsvdcmjHGTwYMLAlnQcmgh6XrqN3w?key=DGDKmHGrWfQ52oy6UfpcvpYF\" alt=\"KM2023 Nr8 \"\/><\/figure>\n\n\n\n<p>\u00c4gare: Monica Aasnes\u00a0 \u00a0\u00a0 Se \u00e4ven b\u00e4sta morrh\u00e5r!<\/p>\n<\/div>\n\n\n\n<div class=\"wp-block-column has-custom-color-1-background-color has-background has-small-font-size is-layout-flow wp-block-column-is-layout-flow\">\n<p>Nr 9<strong>\u00a0 S*Solbibs Yamir Solasov\u00a0\u00a0\u00a0<\/strong>\u00a0\u00a0\u00a0\u00a0 <br>NEM n 09 21, kastrat hane \u00a0f\u00f6dd:\u00a02014-10-11<br>Far:\u00a0S*Solsibs Solas Barsov \u00a0 <br>mor:\u00a0S*Starsky&#8217;s Ophelia<\/p>\n\n\n\n<figure class=\"wp-block-image\"><img decoding=\"async\" src=\"https:\/\/lh7-rt.googleusercontent.com\/docsz\/AD_4nXdRPiKk33W-zYdabI-Dfn-l7W74rR8IApNBaglAzv8mqRL2F7G9rL0jBrIXDmw2XW7BxNxoqSl9nQTkMxZQB0-dZmM3ADPoQMMFRztHZKx99HYKD33nTX3_qK2QQ70M58iz2VcVaWyK5XG7JB0CyFw?key=DGDKmHGrWfQ52oy6UfpcvpYF\" alt=\"https:\/\/www.signeringen.se\/images\/thumbnails\/images\/KM-2019\/Solsibs-Jamir2-fill-150x115.jpg\"\/><\/figure>\n\n\n\n<p>\u00c4gare:\u00a0Martina Kerman \u00a0 \u00a0\u00a0Fotograf: Fredrik \u00c5kesson<br>Se \u00e4ven b\u00e4sta f\u00e4rg(m\u00f6nster\/maskning) och hj\u00e4rtligaste.<\/p>\n<\/div>\n\n\n\n<div class=\"wp-block-column has-custom-color-1-background-color has-background has-small-font-size is-layout-flow wp-block-column-is-layout-flow\">\n<p>Nr 13<strong>\u00a0 SE*Inova&#8217;s Cajsa Blizzarova \u00a0\u00a0<\/strong>\u00a0\u00a0\u00a0\u00a0 <br>NEM n 03 21, fertil hona \u00a0 f\u00f6dd:\u00a02021-06-14<br>Far:\u00a0CH FI*Pikku-Priin Blizzard \u00a0 <br>mor:\u00a0CH S*Solsibs Ghalia Aslanova<br><\/p>\n\n\n\n<figure class=\"wp-block-image\"><img decoding=\"async\" src=\"https:\/\/lh7-rt.googleusercontent.com\/docsz\/AD_4nXcrzF41lG0GA_TrCkugGbtwUS91kHBNaaN_hNCsONG4y5-0GSfYi2wPQLVUAXhSZFh18rQbRnY6TkZWrH3uZXk5uhcVRjp_oLmFaLQsX6ddnvrdpdp44-RjeN09rpVu13utwbDSgpgkHYTLtPDgYlg?key=DGDKmHGrWfQ52oy6UfpcvpYF\" alt=\"KM nr 13\"\/><\/figure>\n\n\n\n<p>\u00c4gare: Annica Bergstr\u00f6m<br>Se \u00e4ven b\u00e4sta morrh\u00e5r!\u00a0<\/p>\n<\/div>\n<\/div>\n\n\n\n<div class=\"wp-block-columns alignwide is-layout-flex wp-container-core-columns-is-layout-28f84493 wp-block-columns-is-layout-flex\">\n<div class=\"wp-block-column has-custom-color-1-background-color has-background has-small-font-size is-layout-flow wp-block-column-is-layout-flow\">\n<p>Nr 20<strong>\u00a0 Xyniu Phantom cats \u00a0<\/strong><br>SIB d 09 24, fertil hane&nbsp;&nbsp;&nbsp;&nbsp;&nbsp;&nbsp; <br>f\u00f6dd:&nbsp;2022-11-15<\/p>\n\n\n\n<p>Far:&nbsp;Yupiter sibierian Sapphire &nbsp; <br>mor:&nbsp;Chaliez Phantom cats&nbsp;<\/p>\n\n\n\n<figure class=\"wp-block-image aligncenter is-resized\"><img decoding=\"async\" src=\"https:\/\/lh7-rt.googleusercontent.com\/docsz\/AD_4nXf1ARhKGtFNdecHUbhHFisafAcxVOIefz_6LEIfjSv4Q8oJO1pvHhVRAmItQLVTKzyMyh4HdchWk0DybyMRiujJbpEUjesSNXj-9iPEKxZxKsQumH_iybDExAmnnTFDjQBe9OjMUFppzQlR8WAYgZI?key=DGDKmHGrWfQ52oy6UfpcvpYF\" alt=\"KM nr 20\" style=\"width:320px;height:auto\"\/><\/figure>\n\n\n\n<p><strong>\u00c4gare<\/strong>:\u00a0Kerstin Wahlb\u00e4rj<strong>\u00a0\u00a0<\/strong>\u00a0\u00a0\u00a0\u00a0\u00a0<br>Vinnare hj\u00e4rtligaste.<\/p>\n\n\n\n<p><\/p>\n<\/div>\n\n\n\n<div class=\"wp-block-column has-custom-color-1-background-color has-background has-small-font-size is-layout-flow wp-block-column-is-layout-flow\">\n<p>Nr 22<strong>\u00a0 SE*Qvarnlunds Golden Frasse \u00a0\u00a0\u00a0<\/strong>\u00a0\u00a0\u00a0\u00a0\u00a0<br>NEM&nbsp; 09 21, fertil hane&nbsp;&nbsp;&nbsp;&nbsp;&nbsp;&nbsp; <br>f\u00f6dd:&nbsp;2022-07-22<\/p>\n\n\n\n<p>Far:&nbsp;Ionel Kyr\u00e9n\u00e9, CZ &nbsp; mor:&nbsp;S*Acholes Corina<\/p>\n\n\n\n<figure class=\"wp-block-image aligncenter is-resized\"><img decoding=\"async\" src=\"https:\/\/lh7-rt.googleusercontent.com\/docsz\/AD_4nXedBE3qWVSJeXgqbDBDJpwLcd47dfIVbbuLjTWde8P_gzaRpDh4eFhpOtwnxs2D7yrRpOvza024Pm80-5ULubB1Hlb4d-2FxgxnwLcKDxrjpzGLKEaV5kIQkFAIlAuJ9dApVBjqk7V5Tlwse9Ee4A?key=DGDKmHGrWfQ52oy6UfpcvpYF\" alt=\"KM nr22\" style=\"width:296px;height:auto\"\/><\/figure>\n\n\n\n<p>\u00c4gare:\u00a0Josefin Qvarnstr\u00f6m Hedlund<br>\u00c4ven nominerad till b\u00e4sta kropp.<br>Vinnare b\u00e4sta svans.<\/p>\n<\/div>\n<\/div>\n\n\n\n<h3 class=\"wp-block-heading alignwide\">B\u00e4sta svans<\/h3>\n\n\n\n<div class=\"wp-block-columns alignwide is-layout-flex wp-container-core-columns-is-layout-28f84493 wp-block-columns-is-layout-flex\">\n<div class=\"wp-block-column has-custom-color-1-background-color has-background has-small-font-size is-layout-flow wp-block-column-is-layout-flow\">\n<p>Nr 2<strong>\u00a0 SE*Thorncat&#8217;s Callisto Luka<\/strong>\u00a0<br>NEM a, fertil hane \u00a0\u00a0\u00a0\u00a0 <br>f\u00f6dd: 2023-03-29<br>Far:\u00a0\u00a0FI*Pikku-Priin Lukas Hradecky \u00a0 \u00a0 \u00a0 <br>mor: SE*Caradonna&#8217;s Ballerina<\/p>\n\n\n\n<figure class=\"wp-block-image\"><img decoding=\"async\" src=\"https:\/\/lh7-rt.googleusercontent.com\/docsz\/AD_4nXejoNjg64EqRRsJqkhtHlUXHFOJLtlqLKznFf2EOhIPqxtWy4lGlKuv1xp2iv8XmsTZmW9TKRbHHMo6ZF3aophPr-0VyisXAyOT2ZCz6QBXNxwT3oRGWjweK17Up7FusR2ne4Nw6EO7XvdqO8VTig?key=DGDKmHGrWfQ52oy6UfpcvpYF\" alt=\"KM nr2 Thorncats Callisto Luka\"\/><\/figure>\n\n\n\n<p>\u00c4gare: Anneli Thorn<br>Se \u00e4ven b\u00e4sta p\u00e4ls, hj\u00e4rtligaste!<\/p>\n<\/div>\n\n\n\n<div class=\"wp-block-column has-custom-color-1-background-color has-background has-small-font-size is-layout-flow wp-block-column-is-layout-flow\">\n<p>Nr 3<strong>&nbsp; SE*Gedminas Freja <\/strong>&nbsp;&nbsp;&nbsp;&nbsp;<br>NEM as 09 21, fertil hona &nbsp;&nbsp;&nbsp;&nbsp;f\u00f6dd:&nbsp;2023-03-19<br>Far:&nbsp;&nbsp;SE* SuzNoOne&#8217;s Oden &nbsp; &nbsp; &nbsp; <br>mor:&nbsp;SE*Gedminas Bettan<\/p>\n\n\n\n<figure class=\"wp-block-image aligncenter is-resized\"><img decoding=\"async\" src=\"https:\/\/lh7-rt.googleusercontent.com\/docsz\/AD_4nXdclinCFYULAgRTvmBOhM7rF4ib1NB6pSSmWtUPE4WgNZZCK4U_Y39R1yqupaGuDQKiuBOgdWAybheT7G9GnOWkVeJya2RRxl5uW1WQZ149C4vrJWGDFVO47gr0k9DmXt50MFy02oKDTSrajJ69VTs?key=DGDKmHGrWfQ52oy6UfpcvpYF\" alt=\"KM Nr3\" style=\"width:203px;height:auto\"\/><\/figure>\n\n\n\n<p>\u00c4gare: Lena Gedminas&nbsp; &nbsp; Fotograf: Airi Andersson<br>Se \u00e4ven b\u00e4sta svans och f\u00e4rg (m\u00f6nster\/maskning), morrh\u00e5r!<\/p>\n<\/div>\n\n\n\n<div class=\"wp-block-column has-custom-color-1-background-color has-background has-small-font-size is-layout-flow wp-block-column-is-layout-flow\">\n<p>Nr 4<strong>\u00a0 SE*Gedminas Elvira \u00a0\u00a0<\/strong>\u00a0\u00a0\u00a0\u00a0<br>NEM ns 09 21, fertil hona\u00a0\u00a0 <br>f\u00f6dd:\u00a02023-03-15<br>Far:\u00a0Grace ekt&#8217;s Alex \u00a0 <br>mor:\u00a0Ravenna Akseland<\/p>\n\n\n\n<figure class=\"wp-block-image\"><img decoding=\"async\" src=\"https:\/\/lh7-rt.googleusercontent.com\/docsz\/AD_4nXc6ZnSsBNOZeYnKO3wPjuhXrx0aWo_5NkZ38E9tQApOpvNjlQhEz3iGUSpJtt-NIh3uGMN6TGpzwEJ2Q7DIp9q4Cjfhzv5S9CGKZY5U3hMYuNZzaBxTNAfLlgZqWQJOUmqCNJCZXTTwDYrBF2Aj2LU?key=DGDKmHGrWfQ52oy6UfpcvpYF\" alt=\"Nr4 Gedminas Elvira\"\/><\/figure>\n\n\n\n<p>\u00c4gare:&nbsp;Gullvi Fredriksson Sten<br>Se \u00e4ven b\u00e4sta svans, f\u00e4rg(m\u00f6nster\/maskning).<\/p>\n<\/div>\n<\/div>\n\n\n\n<div class=\"wp-block-columns alignwide is-layout-flex wp-container-core-columns-is-layout-28f84493 wp-block-columns-is-layout-flex\">\n<div class=\"wp-block-column has-custom-color-1-background-color has-background has-small-font-size is-layout-flow wp-block-column-is-layout-flow\">\n<p>Nr 11<strong>\u00a0 Scuzzie&#8217;s prinsess xena \u00a0\u00a0\u00a0<\/strong>\u00a0\u00a0\u00a0\u00a0 <br>SIB d (23), fertil hona \u00a0\u00a0\u00a0\u00a0\u00a0\u00a0f\u00f6dd:\u00a02021-06-02<br>Far: Chassey Phantom cats\u00a0 \u00a0 <br>mor:\u00a0SE*Scuzzie&#8217;s red rose<\/p>\n\n\n\n<figure class=\"wp-block-image is-resized\"><img decoding=\"async\" src=\"https:\/\/lh7-rt.googleusercontent.com\/docsz\/AD_4nXfIE8kHeaipGKmYxFdRN5dXPEDP3Y5kMtAaJI9BOPMNgTKopLFsPSpxt9z0haYPbqoOWmwUl2z-PvIiHJUBNrGuErUBAkuvg2fVXrl0RMbrzMgF03FDeJsePxaUm2eme1grW4VZqvp5bCK0kz2MQg?key=DGDKmHGrWfQ52oy6UfpcvpYF\" alt=\"KM Nr 11\" style=\"width:203px;height:auto\"\/><\/figure>\n\n\n\n<p><strong>\u00c4gare<\/strong>:\u00a0Kerstin Wahlb\u00e4rj \u00a0 \u00a0\u00a0Se \u00e4ven b\u00e4sta f\u00e4rg(m\u00f6nster\/maskning).<\/p>\n<\/div>\n\n\n\n<div class=\"wp-block-column has-custom-color-1-background-color has-background has-small-font-size is-layout-flow wp-block-column-is-layout-flow\">\n<p>Nr 15<strong>\u00a0 GIC Nora Hill&#8217;s Montana \u00a0\u00a0\u00a0<\/strong>\u00a0\u00a0\u00a0\u00a0 <br>SIB f 24, fertil hona \u00a0\u00a0\u00a0\u00a0\u00a0\u00a0 f\u00f6dd:\u00a02021-05-24<br>Far: Chassey Phantom cats\u00a0mor:\u00a0Stitch<\/p>\n\n\n\n<figure class=\"wp-block-image\"><img decoding=\"async\" src=\"https:\/\/lh7-rt.googleusercontent.com\/docsz\/AD_4nXfYXM12PewOxbMg-w82GSxbiloYopmfrzixcZc-OK8F7gMntNdXn8KYyezjOEPgP1gKeJwIXIbBdfy49zulDH5B-RqxzvvDrl4cYeAYCqwodg8bMutRp3CpKGFOKO6-yvTxNXTvQVNkd3IGmlmxySY?key=DGDKmHGrWfQ52oy6UfpcvpYF\" alt=\"KM2023 nr 15\"\/><\/figure>\n\n\n\n<p><strong>\u00c4gare<\/strong>:\u00a0Teresa Hentil\u00e4 \u00a0 \u00a0<br>Se \u00e4ven b\u00e4sta morrh\u00e5r!<\/p>\n<\/div>\n\n\n\n<div class=\"wp-block-column has-custom-color-1-background-color has-background has-small-font-size is-layout-flow wp-block-column-is-layout-flow\">\n<p>Nr 16<strong>\u00a0 Scuzzie&#8217;s bianco girl \u00a0\u00a0<\/strong>\u00a0\u00a0\u00a0\u00a0 <br>NEM g 21, fertil hona \u00a0\u00a0\u00a0\u00a0\u00a0\u00a0 f\u00f6dd:\u00a02022-05-17<br>Far:\u00a0Emons Phantom cats \u00a0 mor:\u00a0Scuzzie&#8217;s the one and only<\/p>\n\n\n\n<figure class=\"wp-block-image is-resized\"><img decoding=\"async\" src=\"https:\/\/lh7-rt.googleusercontent.com\/docsz\/AD_4nXftpir2YCr29U6p_dwV08G2xYNsLUVqr5ioE84HyF4-ohF6ahBV98jLraq6Bh0YSgSTV0puly396Ju_lRlYXZIgZsw8N49jkwJxz42_B5B92lVFpPKS8JQU-5oP60gjEuSVWybxQ65lED2OtQzx06E?key=DGDKmHGrWfQ52oy6UfpcvpYF\" alt=\"KM Nr 16\" style=\"width:203px;height:auto\"\/><\/figure>\n\n\n\n<p>\u00c4gare:\u00a0\u00a0Kerstin Wahlb\u00e4rj \u00a0Se \u00e4ven b\u00e4sta f\u00e4rg(m\u00f6nster\/maskning).<\/p>\n<\/div>\n<\/div>\n\n\n\n<div class=\"wp-block-columns alignwide is-layout-flex wp-container-core-columns-is-layout-28f84493 wp-block-columns-is-layout-flex\">\n<div class=\"wp-block-column has-custom-color-1-background-color has-background has-small-font-size is-layout-flow wp-block-column-is-layout-flow\">\n<p>Nr 21<strong>\u00a0 Give Me Lucky Amavi*PL\u00a0\u00a0\u00a0<\/strong>\u00a0\u00a0\u00a0\u00a0<br>SIB ny 24, fertil hane \u00a0\u00a0\u00a0\u00a0\u00a0\u00a0 <br>f\u00f6dd:\u00a02022-08-02<\/p>\n\n\n\n<p>Far:IC YASEN Amavi*PL \u00a0 <br>mor:\u00a0Winnie Amavi*PL<br>\u00c4gare: Veronica Andersson<\/p>\n<\/div>\n<\/div>\n\n\n\n<h3 class=\"wp-block-heading alignwide\">B\u00e4sta p\u00e4ls<\/h3>\n\n\n\n<div class=\"wp-block-columns alignwide is-layout-flex wp-container-core-columns-is-layout-28f84493 wp-block-columns-is-layout-flex\">\n<div class=\"wp-block-column has-custom-color-1-background-color has-background has-small-font-size is-layout-flow wp-block-column-is-layout-flow\">\n<p>Nr 1<strong>\u00a0 Aanainas Akilles av zedric\u00a0\u00a0\u00a0<\/strong>\u00a0\u00a0\u00a0\u00a0 <br>SIB ns 22, fertil hane<br>Far:IC SE*Simplicity Lynx ZedriL \u00a0 <br>mor:\u00a0IC*Aanainas Olezka av lamborghini\u00a0<\/p>\n\n\n\n<figure class=\"wp-block-image is-resized\"><img decoding=\"async\" src=\"https:\/\/lh7-rt.googleusercontent.com\/docsz\/AD_4nXduFthEKV9zcwluXZBOM8BNhmjZyrHwDzE0w77uppRJZAAc8xG1DDrSKSozsVBIvproT9HbpKDJ9sghSnMdqt8l8ilXxROWDj5widwpoLIFIY0cVwLQl_hGSNIHPa-H5Nita3Ima7B5TP_9J9I02qs?key=DGDKmHGrWfQ52oy6UfpcvpYF\" alt=\"Km2023Nr 1\" style=\"width:199px;height:auto\"\/><\/figure>\n\n\n\n<p>\u00c4gare:\u00a0Gullvi Fredriksson Sten<br>Se \u00e4ven b\u00e4sta morrh\u00e5r!<\/p>\n<\/div>\n\n\n\n<div class=\"wp-block-column has-custom-color-1-background-color has-background has-small-font-size is-layout-flow wp-block-column-is-layout-flow\">\n<p>Nr 2<strong>&nbsp; SE*Thorncat&#8217;s Callisto Luka<\/strong>&nbsp;<br>NEM a, fertil hane &nbsp;&nbsp;&nbsp;&nbsp; <br>f\u00f6dd: 2023-03-29<br>Far:&nbsp;&nbsp;FI*Pikku-Priin Lukas Hradecky &nbsp; &nbsp; &nbsp; <br>mor: SE*Caradonna&#8217;s Ballerina<\/p>\n\n\n\n<figure class=\"wp-block-image\"><img decoding=\"async\" src=\"https:\/\/lh7-rt.googleusercontent.com\/docsz\/AD_4nXejoNjg64EqRRsJqkhtHlUXHFOJLtlqLKznFf2EOhIPqxtWy4lGlKuv1xp2iv8XmsTZmW9TKRbHHMo6ZF3aophPr-0VyisXAyOT2ZCz6QBXNxwT3oRGWjweK17Up7FusR2ne4Nw6EO7XvdqO8VTig?key=DGDKmHGrWfQ52oy6UfpcvpYF\" alt=\"KM nr2 Thorncats Callisto Luka\"\/><\/figure>\n\n\n\n<p>\u00c4gare: Anneli Thorn<br>Se \u00e4ven b\u00e4sta svans, hj\u00e4rtligaste!<\/p>\n\n\n\n<p><\/p>\n<\/div>\n<\/div>\n\n\n\n<h3 class=\"wp-block-heading alignwide\">B\u00e4sta f\u00e4rg (m\u00f6nster\/maskning)<\/h3>\n\n\n\n<div class=\"wp-block-columns alignwide is-layout-flex wp-container-core-columns-is-layout-28f84493 wp-block-columns-is-layout-flex\">\n<div class=\"wp-block-column has-custom-color-1-background-color has-background has-small-font-size is-layout-flow wp-block-column-is-layout-flow\">\n<p>Nr 3<strong>&nbsp; SE*Gedminas Freja <\/strong>&nbsp;&nbsp;&nbsp;&nbsp;<br>NEM as 09 21, fertil hona &nbsp;&nbsp;&nbsp;&nbsp;f\u00f6dd:&nbsp;2023-03-19<br>Far:&nbsp;&nbsp;SE* SuzNoOne&#8217;s Oden &nbsp; &nbsp; &nbsp; <br>mor:&nbsp;SE*Gedminas Bettan<\/p>\n\n\n\n<figure class=\"wp-block-image aligncenter is-resized\"><img decoding=\"async\" src=\"https:\/\/lh7-rt.googleusercontent.com\/docsz\/AD_4nXdclinCFYULAgRTvmBOhM7rF4ib1NB6pSSmWtUPE4WgNZZCK4U_Y39R1yqupaGuDQKiuBOgdWAybheT7G9GnOWkVeJya2RRxl5uW1WQZ149C4vrJWGDFVO47gr0k9DmXt50MFy02oKDTSrajJ69VTs?key=DGDKmHGrWfQ52oy6UfpcvpYF\" alt=\"KM Nr3\" style=\"width:203px;height:auto\"\/><\/figure>\n\n\n\n<p>\u00c4gare: Lena Gedminas&nbsp; &nbsp; Fotograf: Airi Andersson<br>Se \u00e4ven b\u00e4sta svans och f\u00e4rg (m\u00f6nster\/maskning), morrh\u00e5r!<\/p>\n<\/div>\n\n\n\n<div class=\"wp-block-column has-custom-color-1-background-color has-background has-small-font-size is-layout-flow wp-block-column-is-layout-flow\">\n<p>Nr 1<strong>&nbsp; Aanainas Akilles av zedric&nbsp;&nbsp;&nbsp;<\/strong>&nbsp;&nbsp;&nbsp;&nbsp; <br>SIB ns 22, fertil hane<br>Far:IC SE*Simplicity Lynx ZedriL &nbsp; <br>mor:&nbsp;IC*Aanainas Olezka av lamborghini&nbsp;<\/p>\n\n\n\n<figure class=\"wp-block-image is-resized\"><img decoding=\"async\" src=\"https:\/\/lh7-rt.googleusercontent.com\/docsz\/AD_4nXduFthEKV9zcwluXZBOM8BNhmjZyrHwDzE0w77uppRJZAAc8xG1DDrSKSozsVBIvproT9HbpKDJ9sghSnMdqt8l8ilXxROWDj5widwpoLIFIY0cVwLQl_hGSNIHPa-H5Nita3Ima7B5TP_9J9I02qs?key=DGDKmHGrWfQ52oy6UfpcvpYF\" alt=\"Km2023Nr 1\" style=\"width:199px;height:auto\"\/><\/figure>\n\n\n\n<p>\u00c4gare:\u00a0Gullvi Fredriksson Sten<br>Se \u00e4ven b\u00e4sta morrh\u00e5r!<\/p>\n<\/div>\n\n\n\n<div class=\"wp-block-column has-custom-color-1-background-color has-background has-small-font-size is-layout-flow wp-block-column-is-layout-flow\">\n<p>Nr. 4 <strong>SE*Gedminas Elvira<br><\/strong>NEM ns 09 21, fertil hona\u00a0\u00a0 <br>f\u00f6dd:\u00a02023-03-15<br>Far:\u00a0Grace ekt&#8217;s Alex \u00a0 <br>mor:\u00a0Ravenna Akseland<\/p>\n\n\n\n<figure class=\"wp-block-image\"><img decoding=\"async\" src=\"https:\/\/lh7-rt.googleusercontent.com\/docsz\/AD_4nXc6ZnSsBNOZeYnKO3wPjuhXrx0aWo_5NkZ38E9tQApOpvNjlQhEz3iGUSpJtt-NIh3uGMN6TGpzwEJ2Q7DIp9q4Cjfhzv5S9CGKZY5U3hMYuNZzaBxTNAfLlgZqWQJOUmqCNJCZXTTwDYrBF2Aj2LU?key=DGDKmHGrWfQ52oy6UfpcvpYF\" alt=\"Nr4 Gedminas Elvira\"\/><\/figure>\n\n\n\n<p>\u00c4gare:\u00a0Gullvi Fredriksson Sten<br>Se \u00e4ven b\u00e4sta svans, b\u00e4sta kropp.<\/p>\n<\/div>\n<\/div>\n\n\n\n<div class=\"wp-block-columns alignwide is-layout-flex wp-container-core-columns-is-layout-28f84493 wp-block-columns-is-layout-flex\">\n<div class=\"wp-block-column has-custom-color-1-background-color has-background has-small-font-size is-layout-flow wp-block-column-is-layout-flow\">\n<p>Nr 6<strong>&nbsp; SE*Thorncat&#8217;s Cyril Luka &nbsp;&nbsp;<\/strong>&nbsp;&nbsp;&nbsp;&nbsp; <br>NEM a, kastrat hane &nbsp; <br>f\u00f6dd:&nbsp;2023-03-29<br>Far:&nbsp;FI*Pikku-Priin Lukas Hradecky &nbsp; <br>mor:&nbsp;SE*Caradonna&#8217;s Ballerina<\/p>\n\n\n\n<figure class=\"wp-block-image\"><img decoding=\"async\" src=\"https:\/\/lh7-rt.googleusercontent.com\/docsz\/AD_4nXfOYIPEst4oaOiW2gBKUrb7t4DPMPqld7FVG4d4DxOFY1UXTJ7zKPYn--jOOEw5xjP92KjEzhnn6qXl2kmT_fEHqR0G9Z3_BvkiA-PLxOkWl1zeFSOeLfe4EShPb0MidrADue96hPO1egdnqCr1vFg?key=DGDKmHGrWfQ52oy6UfpcvpYF\" alt=\"KM nr6 Cyril\"\/><\/figure>\n\n\n\n<p><strong>\u00c4gare<\/strong>: Anneli Thorn<br>Se \u00e4ven b\u00e4sta kropp.<\/p>\n<\/div>\n\n\n\n<div class=\"wp-block-column has-custom-color-1-background-color has-background has-small-font-size is-layout-flow wp-block-column-is-layout-flow\">\n<p>Nr 9<strong>&nbsp; S*Solbibs Yamir Solasov&nbsp;&nbsp;&nbsp;<\/strong>&nbsp;&nbsp;&nbsp;&nbsp; <br>NEM n 09 21, kastrat hane &nbsp;f\u00f6dd:&nbsp;2014-10-11<br>Far:&nbsp;S*Solsibs Solas Barsov &nbsp; <br>mor:&nbsp;S*Starsky&#8217;s Ophelia<\/p>\n\n\n\n<figure class=\"wp-block-image\"><img decoding=\"async\" src=\"https:\/\/lh7-rt.googleusercontent.com\/docsz\/AD_4nXdRPiKk33W-zYdabI-Dfn-l7W74rR8IApNBaglAzv8mqRL2F7G9rL0jBrIXDmw2XW7BxNxoqSl9nQTkMxZQB0-dZmM3ADPoQMMFRztHZKx99HYKD33nTX3_qK2QQ70M58iz2VcVaWyK5XG7JB0CyFw?key=DGDKmHGrWfQ52oy6UfpcvpYF\" alt=\"https:\/\/www.signeringen.se\/images\/thumbnails\/images\/KM-2019\/Solsibs-Jamir2-fill-150x115.jpg\"\/><\/figure>\n\n\n\n<p>\u00c4gare:\u00a0Martina Kerman \u00a0 \u00a0\u00a0Fotograf: Fredrik \u00c5kesson<br>Se \u00e4ven hj\u00e4rtligaste.<\/p>\n<\/div>\n\n\n\n<div class=\"wp-block-column has-custom-color-1-background-color has-background has-small-font-size is-layout-flow wp-block-column-is-layout-flow\">\n<p> 10<strong>&nbsp; SE*Millantorps Diamond <\/strong>&nbsp;&nbsp;&nbsp;&nbsp; <br>SIB ny 22, kastrat hane &nbsp;&nbsp;&nbsp;&nbsp; f\u00f6dd:&nbsp;2022-04-15<br>Far:&nbsp;&nbsp;DK*Agrippina\u2019s kolja xellentsen &nbsp; &nbsp; mor:&nbsp;CH SE*Nilukas\u2019s Abrianu Narnia<\/p>\n\n\n\n<figure class=\"wp-block-image\"><img decoding=\"async\" src=\"https:\/\/lh7-rt.googleusercontent.com\/docsz\/AD_4nXfzaurZceG4jVnRjfuTknCF0RQfqynLX1tZEG_L_UeC6cfD6WDPPDuy9KatojfGj545JM2pcunVtRwrNUE871qVixBNAqAY5-mDNG5h6-wQWQVRKMCs8MKSnpbqXy6dJCZ-T00uEmH9Ofqv-MrHKA?key=DGDKmHGrWfQ52oy6UfpcvpYF\" alt=\"KM Nr 10\"\/><\/figure>\n\n\n\n<p>\u00c4gare: Veronica Andersson<br>Se \u00e4ven b\u00e4sta huvud!<\/p>\n<\/div>\n<\/div>\n\n\n\n<div class=\"wp-block-columns alignwide is-layout-flex wp-container-core-columns-is-layout-28f84493 wp-block-columns-is-layout-flex\">\n<div class=\"wp-block-column has-custom-color-1-background-color has-background has-small-font-size is-layout-flow wp-block-column-is-layout-flow\">\n<p>Nr 11<strong>&nbsp; Scuzzie&#8217;s prinsess xena &nbsp;&nbsp;&nbsp;<\/strong>&nbsp;&nbsp;&nbsp;&nbsp; <br>SIB d (23), fertil hona &nbsp;&nbsp;&nbsp;&nbsp;&nbsp;&nbsp;f\u00f6dd:&nbsp;2021-06-02<br>Far: Chassey Phantom cats&nbsp; &nbsp; <br>mor:&nbsp;SE*Scuzzie&#8217;s red rose<\/p>\n\n\n\n<figure class=\"wp-block-image is-resized\"><img decoding=\"async\" src=\"https:\/\/lh7-rt.googleusercontent.com\/docsz\/AD_4nXfIE8kHeaipGKmYxFdRN5dXPEDP3Y5kMtAaJI9BOPMNgTKopLFsPSpxt9z0haYPbqoOWmwUl2z-PvIiHJUBNrGuErUBAkuvg2fVXrl0RMbrzMgF03FDeJsePxaUm2eme1grW4VZqvp5bCK0kz2MQg?key=DGDKmHGrWfQ52oy6UfpcvpYF\" alt=\"KM Nr 11\" style=\"width:203px;height:auto\"\/><\/figure>\n\n\n\n<p><strong>\u00c4gare<\/strong>:\u00a0Kerstin Wahlb\u00e4rj \u00a0 \u00a0\u00a0Se \u00e4ven b\u00e4sta svans.<\/p>\n<\/div>\n\n\n\n<div class=\"wp-block-column has-custom-color-1-background-color has-background has-small-font-size is-layout-flow wp-block-column-is-layout-flow\">\n<p>Nr 16<strong>&nbsp; Scuzzie&#8217;s bianco girl &nbsp;&nbsp;<\/strong>&nbsp;&nbsp;&nbsp;&nbsp; <br>NEM g 21, fertil hona &nbsp;&nbsp;&nbsp;&nbsp;&nbsp;&nbsp; f\u00f6dd:&nbsp;2022-05-17<br>Far:&nbsp;Emons Phantom cats &nbsp; mor:&nbsp;Scuzzie&#8217;s the one and only<\/p>\n\n\n\n<figure class=\"wp-block-image is-resized\"><img decoding=\"async\" src=\"https:\/\/lh7-rt.googleusercontent.com\/docsz\/AD_4nXftpir2YCr29U6p_dwV08G2xYNsLUVqr5ioE84HyF4-ohF6ahBV98jLraq6Bh0YSgSTV0puly396Ju_lRlYXZIgZsw8N49jkwJxz42_B5B92lVFpPKS8JQU-5oP60gjEuSVWybxQ65lED2OtQzx06E?key=DGDKmHGrWfQ52oy6UfpcvpYF\" alt=\"KM Nr 16\" style=\"width:203px;height:auto\"\/><\/figure>\n\n\n\n<p>\u00c4gare:\u00a0\u00a0Kerstin Wahlb\u00e4rj \u00a0Se \u00e4ven b\u00e4sta svans<\/p>\n<\/div>\n\n\n\n<div class=\"wp-block-column has-custom-color-1-background-color has-background has-small-font-size is-layout-flow wp-block-column-is-layout-flow\">\n<p>Nr 19<strong>\u00a0 Solfr\u00f6kens Wilma \u00a0\u00a0<\/strong>\u00a0\u00a0\u00a0\u00a0SIB g 09, fertil hona\u00a0\u00a0\u00a0\u00a0\u00a0\u00a0 f\u00f6dd:\u00a02022-02-18<br>Far: Scuzzie&#8217;s True Love \u00a0mor:\u00a0Blood moon Bella<\/p>\n\n\n\n<figure class=\"wp-block-image is-resized\"><img decoding=\"async\" src=\"https:\/\/lh7-rt.googleusercontent.com\/docsz\/AD_4nXeiF5L5MKsqC0KnAjs8zvxb9aHULh6XA6_QqTGosc52ohV8WspoWoDRWAzjryPwD0cs0YijP6Z3Q4sOLdtBC-0D67eSkbnnCWQNbMtMuXnOFPSrQfa92fTTbZXAgbvUnYwmBrg_O1WPvyP0zX0q9Ng?key=DGDKmHGrWfQ52oy6UfpcvpYF\" alt=\"KM nr19\" style=\"width:203px;height:auto\"\/><\/figure>\n\n\n\n<p>\u00c4gare: Fredrika J\u00e4speri<\/p>\n<\/div>\n<\/div>\n\n\n\n<h3 class=\"wp-block-heading alignwide\">B\u00e4sta morrh\u00e5r<\/h3>\n\n\n\n<div class=\"wp-block-columns alignwide is-layout-flex wp-container-core-columns-is-layout-28f84493 wp-block-columns-is-layout-flex\">\n<div class=\"wp-block-column has-custom-color-1-background-color has-background has-small-font-size is-layout-flow wp-block-column-is-layout-flow\">\n<p>Nr 1<strong>\u00a0 Aanainas Akilles av zedric\u00a0\u00a0\u00a0<\/strong>\u00a0\u00a0\u00a0\u00a0 <br>SIB ns 22, fertil hane<br>Far:IC SE*Simplicity Lynx ZedriL \u00a0 <br>mor:\u00a0IC*Aanainas Olezka av lamborghini\u00a0<\/p>\n\n\n\n<figure class=\"wp-block-image is-resized\"><img decoding=\"async\" src=\"https:\/\/lh7-rt.googleusercontent.com\/docsz\/AD_4nXduFthEKV9zcwluXZBOM8BNhmjZyrHwDzE0w77uppRJZAAc8xG1DDrSKSozsVBIvproT9HbpKDJ9sghSnMdqt8l8ilXxROWDj5widwpoLIFIY0cVwLQl_hGSNIHPa-H5Nita3Ima7B5TP_9J9I02qs?key=DGDKmHGrWfQ52oy6UfpcvpYF\" alt=\"Km2023Nr 1\" style=\"width:199px;height:auto\"\/><\/figure>\n\n\n\n<p>\u00c4gare:\u00a0Gullvi Fredriksson Sten<\/p>\n<\/div>\n\n\n\n<div class=\"wp-block-column is-layout-flow wp-block-column-is-layout-flow\">\n<p class=\"has-custom-color-1-background-color has-background has-small-font-size\">Nr 5<strong>\u00a0 Amaryllis Askeland *PL\u00a0\u00a0\u00a0<\/strong>\u00a0\u00a0\u00a0\u00a0 <br>NEM a 09 21, fertil hane \u00a0\u00a0\u00a0\u00a0\u00a0f\u00f6dd:\u00a02023-02-25<br>Far:\u00a0Dastin Blue Chelsea*PL \u00a0 <br>mor:\u00a0Xantia Askeland *PL<br>\u00c4gare: Lena Gedminas\u00a0<\/p>\n<\/div>\n\n\n\n<div class=\"wp-block-column has-custom-color-1-background-color has-background has-small-font-size is-layout-flow wp-block-column-is-layout-flow\">\n<p>r 8<strong>&nbsp; PR S* Mannegumman\u2019s Heidim Cappi &nbsp;&nbsp;<\/strong>&nbsp;&nbsp;&nbsp;&nbsp; <br>NEM ny 21, kastrat hane &nbsp;f\u00f6dd:&nbsp;2019-09-09<br>Far:&nbsp;S*Mannegumman\u2019s Nadzed Heihei &nbsp; <br>mor:&nbsp;S*Mannegumman\u2019s Nikcapo Dimah<\/p>\n\n\n\n<figure class=\"wp-block-image\"><img decoding=\"async\" src=\"https:\/\/lh7-rt.googleusercontent.com\/docsz\/AD_4nXcjOq6xQZKzjPmMCWXgGOZiR7L_rUXMGSZTzMwoQ5rTqRs9xfyotTAHKVNh8qqmNlfil2wt_TZdoPA0xJ67w73q8Vx8EprFZfCIR96PfVRvleb97S8uE9CNuAwsvdcmjHGTwYMLAlnQcmgh6XrqN3w?key=DGDKmHGrWfQ52oy6UfpcvpYF\" alt=\"KM2023 Nr8 \"\/><\/figure>\n\n\n\n<p>\u00c4gare: Monica Aasnes\u00a0 \u00a0\u00a0 Se \u00e4ven b\u00e4sta kropp.<\/p>\n<\/div>\n<\/div>\n\n\n\n<div class=\"wp-block-columns alignwide is-layout-flex wp-container-core-columns-is-layout-28f84493 wp-block-columns-is-layout-flex\">\n<div class=\"wp-block-column has-custom-color-1-background-color has-background has-small-font-size is-layout-flow wp-block-column-is-layout-flow\">\n<p>Nr 12<strong>\u00a0 SE*Inova&#8217;s Benice Zchalmanova \u00a0<\/strong>\u00a0\u00a0\u00a0\u00a0 NEM ns 03 21, fertil hona\u00a0 f\u00f6dd:\u00a02020-10-18<br>Far:\u00a0SE*Bergsgl\u00e4ntans Awesome Zchalman \u00a0 <br>mor:\u00a0CH S*Solsibs Ghalia Aslanova<\/p>\n\n\n\n<figure class=\"wp-block-image is-resized\"><img decoding=\"async\" src=\"https:\/\/lh7-rt.googleusercontent.com\/docsz\/AD_4nXc4v_L_7Ds_D76jVslF3ZDgdxi-a5Ci5unofHYoJIqdiSKLfAAAwjsZdBGemXV2F8qqaz_I7tLR5KPu-oqJSqMismehS3ZTycIXYD-OnZmTjcKPP1UlabuqjWPSIpBC6T4K4aFfZ_oC4yIOXU87HUM?key=DGDKmHGrWfQ52oy6UfpcvpYF\" alt=\"KM Nr12\" style=\"width:168px;height:auto\"\/><\/figure>\n\n\n\n<p><strong>\u00c4gare<\/strong>: Mia Skoog<\/p>\n<\/div>\n\n\n\n<div class=\"wp-block-column has-custom-color-1-background-color has-background has-small-font-size is-layout-flow wp-block-column-is-layout-flow\">\n<p>Nr 13<strong>\u00a0 SE*Inova&#8217;s Cajsa Blizzarova \u00a0\u00a0<\/strong>\u00a0\u00a0\u00a0\u00a0 <br>NEM n 03 21, fertil hona \u00a0 f\u00f6dd:\u00a02021-06-14<br>Far:\u00a0CH FI*Pikku-Priin Blizzard \u00a0 <br>mor:\u00a0CH S*Solsibs Ghalia Aslanova<br><\/p>\n\n\n\n<figure class=\"wp-block-image\"><img decoding=\"async\" src=\"https:\/\/lh7-rt.googleusercontent.com\/docsz\/AD_4nXcrzF41lG0GA_TrCkugGbtwUS91kHBNaaN_hNCsONG4y5-0GSfYi2wPQLVUAXhSZFh18rQbRnY6TkZWrH3uZXk5uhcVRjp_oLmFaLQsX6ddnvrdpdp44-RjeN09rpVu13utwbDSgpgkHYTLtPDgYlg?key=DGDKmHGrWfQ52oy6UfpcvpYF\" alt=\"KM nr 13\"\/><\/figure>\n\n\n\n<p>\u00c4gare: Annica Bergstr\u00f6m<br>Se \u00e4ven b\u00e4sta kropp<\/p>\n<\/div>\n\n\n\n<div class=\"wp-block-column has-custom-color-1-background-color has-background has-small-font-size is-layout-flow wp-block-column-is-layout-flow\">\n<p> 15<strong>&nbsp; GIC Nora Hill&#8217;s Montana &nbsp;&nbsp;&nbsp;<\/strong>&nbsp;&nbsp;&nbsp;&nbsp; <br>SIB f 24, fertil hona &nbsp;&nbsp;&nbsp;&nbsp;&nbsp;&nbsp; f\u00f6dd:&nbsp;2021-05-24<br>Far: Chassey Phantom cats&nbsp;mor:&nbsp;Stitch<\/p>\n\n\n\n<figure class=\"wp-block-image\"><img decoding=\"async\" src=\"https:\/\/lh7-rt.googleusercontent.com\/docsz\/AD_4nXfYXM12PewOxbMg-w82GSxbiloYopmfrzixcZc-OK8F7gMntNdXn8KYyezjOEPgP1gKeJwIXIbBdfy49zulDH5B-RqxzvvDrl4cYeAYCqwodg8bMutRp3CpKGFOKO6-yvTxNXTvQVNkd3IGmlmxySY?key=DGDKmHGrWfQ52oy6UfpcvpYF\" alt=\"KM2023 nr 15\"\/><\/figure>\n\n\n\n<p><strong>\u00c4gare<\/strong>:&nbsp;Teresa Hentil\u00e4 &nbsp; &nbsp;<br>Se \u00e4ven b\u00e4sta morrh\u00e5r!<\/p>\n<\/div>\n<\/div>\n\n\n\n<div class=\"wp-block-columns alignwide is-layout-flex wp-container-core-columns-is-layout-28f84493 wp-block-columns-is-layout-flex\">\n<div class=\"wp-block-column has-custom-color-1-background-color has-background has-small-font-size is-layout-flow wp-block-column-is-layout-flow\">\n<p>Nr 18<strong>\u00a0 CH SE*Lily&#8217;s lilium nellie white \u00a0\u00a0\u00a0<\/strong>\u00a0\u00a0\u00a0\u00a0NEM a 21, fertil hona \u00a0\u00a0\u00a0\u00a0\u00a0\u00a0 <br>f\u00f6dd:\u00a02020-11-07<br>Far:SE*Sn\u00f6ros sneezy \u00a0 <br>mor:\u00a0SE*Northern cats Patti Scialfa<\/p>\n\n\n\n<figure class=\"wp-block-image is-resized\"><img decoding=\"async\" src=\"https:\/\/lh7-rt.googleusercontent.com\/docsz\/AD_4nXdh0e9fcRk90sAfxGq2Py6T3TDBZYgmwY-mtSJo2G1z5EWxxuF-VWeF-bc1f3C8X_c5Yhty48UUNue4ATGFFTuubYJa0GYLzka6wgs2WFlLUnC1p-Q6Qh054GJTD1v0C_0AwAe3LnqAMXvE6aOJLHo?key=DGDKmHGrWfQ52oy6UfpcvpYF\" alt=\"KM rr 18\" style=\"width:196px;height:auto\"\/><\/figure>\n\n\n\n<p>\u00c4gare: Fredrika J\u00e4rperi<\/p>\n<\/div>\n\n\n\n<div class=\"wp-block-column has-custom-color-1-background-color has-background has-small-font-size is-layout-flow wp-block-column-is-layout-flow\">\n<p>Nr 21<strong>\u00a0 Give Me Lucky Amavi*PL\u00a0\u00a0\u00a0<\/strong>\u00a0\u00a0\u00a0\u00a0<br>SIB ny 24, fertil hane \u00a0\u00a0\u00a0\u00a0\u00a0\u00a0 <br>f\u00f6dd:\u00a02022-08-02<\/p>\n\n\n\n<p>Far:IC YASEN Amavi*PL &nbsp; <br>mor:&nbsp;Winnie Amavi*PL<br>\u00c4gare: Veronica Andersson<\/p>\n<\/div>\n<\/div>\n\n\n\n<h3 class=\"wp-block-heading alignwide\">Hj\u00e4rtligaste<\/h3>\n\n\n\n<div class=\"wp-block-columns alignwide is-layout-flex wp-container-core-columns-is-layout-28f84493 wp-block-columns-is-layout-flex\">\n<div class=\"wp-block-column has-custom-color-1-background-color has-background has-small-font-size is-layout-flow wp-block-column-is-layout-flow\">\n<p>Nr 9<strong>&nbsp; S*Solbibs Yamir Solasov&nbsp;&nbsp;&nbsp;<\/strong>&nbsp;&nbsp;&nbsp;&nbsp; <br>NEM n 09 21, kastrat hane &nbsp;f\u00f6dd:&nbsp;2014-10-11<br>Far:&nbsp;S*Solsibs Solas Barsov &nbsp; <br>mor:&nbsp;S*Starsky&#8217;s Ophelia<\/p>\n\n\n\n<figure class=\"wp-block-image\"><img decoding=\"async\" src=\"https:\/\/lh7-rt.googleusercontent.com\/docsz\/AD_4nXdRPiKk33W-zYdabI-Dfn-l7W74rR8IApNBaglAzv8mqRL2F7G9rL0jBrIXDmw2XW7BxNxoqSl9nQTkMxZQB0-dZmM3ADPoQMMFRztHZKx99HYKD33nTX3_qK2QQ70M58iz2VcVaWyK5XG7JB0CyFw?key=DGDKmHGrWfQ52oy6UfpcvpYF\" alt=\"https:\/\/www.signeringen.se\/images\/thumbnails\/images\/KM-2019\/Solsibs-Jamir2-fill-150x115.jpg\"\/><\/figure>\n\n\n\n<p>\u00c4gare:\u00a0Martina Kerman \u00a0 \u00a0\u00a0Fotograf: Fredrik \u00c5kesson<\/p>\n<\/div>\n\n\n\n<div class=\"wp-block-column has-custom-color-1-background-color has-background has-small-font-size is-layout-flow wp-block-column-is-layout-flow\">\n<p>Nr 23<strong>\u00a0 CH SE*Missmazarin&#8217;s Joxaren\u00a0\u00a0<\/strong>\u00a0\u00a0\u00a0\u00a0\u00a0\u00a0\u00a0\u00a0\u00a0\u00a0\u00a0\u00a0\u00a0\u00a0<br>NEM n 21, fertil hane <br>f\u00f6dd:\u00a02022-10-30<br>Far: IC SE*Vr\u00e5skogen&#8217;s Nemo \u00a0 <br>mor:\u00a0S*Bagareg\u00e5rden&#8217;s Olga<\/p>\n\n\n\n<figure class=\"wp-block-image aligncenter is-resized\"><img decoding=\"async\" src=\"https:\/\/lh7-rt.googleusercontent.com\/docsz\/AD_4nXfBY9r0MC4vE5oDhwt72ThCRzlFa5Z1MBv6UYNR_lMItFGicsrS78g3Tcf4yl33bT9dcae9ujKMYH4t3RBc5y-nF2N46EpgbLaoJ3CVVNNz_bwAOaF_bg4KtcgX1969XKp44HYnFzOiUgvCvflpDw?key=DGDKmHGrWfQ52oy6UfpcvpYF\" alt=\"Nr 23 Joxaren\" style=\"width:203px;height:auto\"\/><\/figure>\n\n\n\n<p>\u00c4gare:\u00a0Fredrika J\u00e4speri \u00a0 Fotograf: Annica Bergstr\u00f6m<\/p>\n<\/div>\n<\/div>\n\n\n\n<p>Klubbm\u00e4staren fick \u00e4nnu fler fina priser fr\u00e5n Royal Canin, Agria, Irene\u00b4s Burskynken, Hund &amp; Kattspecialisten och SIgNEringen.<\/p>\n\n\n\n<h4 class=\"wp-block-heading\"><em>SPONSORER:<\/em><\/h4>\n\n\n\n<figure class=\"wp-block-image\"><img decoding=\"async\" src=\"https:\/\/lh7-rt.googleusercontent.com\/docsz\/AD_4nXcXH_WdZvsgqLxd0F2MRR6GW-R_3WjWloYd16J0qwtbCKGOjIH1wwhpsqwEbu5MAOq1fi69wSxikuRfDzj9p8C7as1FDGz4BFvE0JAM5BXDsMh0w2ntiw9mhrn3bmDx7dfQy054xtxvHsVfn63rASY?key=DGDKmHGrWfQ52oy6UfpcvpYF\" alt=\"https:\/\/www.signeringen.se\/images\/thumbnails\/images\/Agria_250-fill-85x44.jpg\"\/><\/figure>\n\n\n\n<figure class=\"wp-block-image\"><img decoding=\"async\" src=\"https:\/\/lh7-rt.googleusercontent.com\/docsz\/AD_4nXdEqv3dATnNrkJpQ9OGy9QubNap5M6Jsh8ad8uxtfxe6nZfvl2-L55pwBE7d0t9GI6pW_lmIn_PbNAeNJfMmPesf9NmRq-mbKzyBvmmfkubT7n1fKI0Yb1YTQuRFhJceTOS-2PxpCxflnP9cV62qeg?key=DGDKmHGrWfQ52oy6UfpcvpYF\" alt=\"https:\/\/www.signeringen.se\/images\/thumbnails\/images\/hund-kattspecialisten-fill-117x47.jpg\"\/><\/figure>\n\n\n\n<figure class=\"wp-block-image\"><img decoding=\"async\" src=\"https:\/\/lh7-rt.googleusercontent.com\/docsz\/AD_4nXc2YSQPrNNiA8Y8fNy_Zsf-AIUkTQJMQ9i1U5-xgSaxUurHMKL-K_QOG44ohY0yAgKv5ElpGktWkly0qS2j9pCO0Qwlm7HWARfK-a9FjtOORORb5Oxduww1kDzAnHZH1pni6MyWtgB2f0ofAryTlKw?key=DGDKmHGrWfQ52oy6UfpcvpYF\" alt=\"https:\/\/www.signeringen.se\/images\/thumbnails\/images\/KM_Arboga\/Irenes_2-fill-83x83.jpg\"\/><\/figure>\n\n\n\n<p><strong>SE* Glomra&#8217;s kattpyssel<\/strong><\/p>\n\n\n\n<figure class=\"wp-block-image\"><a href=\"https:\/\/www.facebook.com\/groups\/730116794373684\/?ref=share_group_link\"><img decoding=\"async\" src=\"https:\/\/lh7-rt.googleusercontent.com\/docsz\/AD_4nXdIOdqpbZ6QqZjAsBxF-3bD3bU1ioo8jXjvkkqckh-wv9Hzvk4eRGwnWGztc_AI5Sh-QCTBPXH9A_qgQgg3KY4Tk7xSvMUKkL6qri-bLXddXGs0jCWPcsRq0Vdxg1UTjJMs6zPFZiat6pOXjB1UdQ?key=DGDKmHGrWfQ52oy6UfpcvpYF\" alt=\"Glimras vippor\"\/><\/a><\/figure>\n\n\n\n<p>&nbsp;<strong>Solsibs, Airi Andersson<\/strong><\/p>\n","protected":false},"excerpt":{"rendered":"<p>&nbsp;Resultat KM 2023 Resultat fr\u00e5n klubbm\u00e4sterskapet i Med\u00e5ker, Arboga\u00a0 2023 Klubbm\u00e4stare 2023 SE*Millantorps Anastasia, NEM n 21&nbsp; Publikfavorit 2023 Gedminas Freja, NEM as 09 21\u00c4gare: Lena Gedminas, visas h\u00e4r av barnbarnet. Vinnare b\u00e4sta huvud Nr 14\u00a0 SE*Millantorps Anastasia\u00a0 \u00a0 \u00a0 \u00a0 \u00a0 \u00a0 \u00a0 NEM n 21 (fertil hona) \u00a0\u00a0\u00a0 f\u00f6dd: 2020-10-31Far:\u00a0Niko Kubaland*PL\u00a0\u00a0\u00a0\u00a0 mor:\u00a0SE*Bergsgl\u00e4ntans Amazing [&hellip;]<\/p>\n","protected":false},"author":2,"featured_media":0,"parent":0,"menu_order":0,"comment_status":"closed","ping_status":"closed","template":"","meta":{"inline_featured_image":false,"footnotes":""},"class_list":["post-885","page","type-page","status-publish","hentry"],"_links":{"self":[{"href":"https:\/\/signeringen.se\/index.php\/wp-json\/wp\/v2\/pages\/885","targetHints":{"allow":["GET"]}}],"collection":[{"href":"https:\/\/signeringen.se\/index.php\/wp-json\/wp\/v2\/pages"}],"about":[{"href":"https:\/\/signeringen.se\/index.php\/wp-json\/wp\/v2\/types\/page"}],"author":[{"embeddable":true,"href":"https:\/\/signeringen.se\/index.php\/wp-json\/wp\/v2\/users\/2"}],"replies":[{"embeddable":true,"href":"https:\/\/signeringen.se\/index.php\/wp-json\/wp\/v2\/comments?post=885"}],"version-history":[{"count":1,"href":"https:\/\/signeringen.se\/index.php\/wp-json\/wp\/v2\/pages\/885\/revisions"}],"predecessor-version":[{"id":886,"href":"https:\/\/signeringen.se\/index.php\/wp-json\/wp\/v2\/pages\/885\/revisions\/886"}],"wp:attachment":[{"href":"https:\/\/signeringen.se\/index.php\/wp-json\/wp\/v2\/media?parent=885"}],"curies":[{"name":"wp","href":"https:\/\/api.w.org\/{rel}","templated":true}]}}